{"id":740,"date":"2024-02-26T18:31:34","date_gmt":"2024-02-26T17:31:34","guid":{"rendered":"https:\/\/davidtrotzig.com\/qui-soc\/"},"modified":"2024-06-12T16:37:58","modified_gmt":"2024-06-12T14:37:58","slug":"qui-soc","status":"publish","type":"page","link":"https:\/\/davidtrotzig.com\/ca\/qui-soc\/","title":{"rendered":"Qui s\u00f3c"},"content":{"rendered":"\t\t<div data-elementor-type=\"wp-post\" data-elementor-id=\"740\" class=\"elementor elementor-740 elementor-13\" data-elementor-post-type=\"page\">\n\t\t\t\t<div class=\"elementor-element elementor-element-065043c e-con-full e-flex e-con e-parent\" data-id=\"065043c\" data-element_type=\"container\">\n\t\t<div class=\"elementor-element elementor-element-55005b0 e-con-full e-flex e-con e-child\" data-id=\"55005b0\" data-element_type=\"container\" data-settings=\"{&quot;background_background&quot;:&quot;classic&quot;}\">\n\t\t\t\t<\/div>\n\t\t<div class=\"elementor-element elementor-element-830e27a e-con-full e-flex e-con e-child\" data-id=\"830e27a\" data-element_type=\"container\">\n\t\t\t\t<div class=\"elementor-element elementor-element-4fb6fe6 elementor-widget elementor-widget-heading\" data-id=\"4fb6fe6\" data-element_type=\"widget\" data-widget_type=\"heading.default\">\n\t\t\t\t<div class=\"elementor-widget-container\">\n\t\t\t<style>\/*! elementor - v3.21.0 - 08-05-2024 *\/\n.elementor-heading-title{padding:0;margin:0;line-height:1}.elementor-widget-heading .elementor-heading-title[class*=elementor-size-]>a{color:inherit;font-size:inherit;line-height:inherit}.elementor-widget-heading .elementor-heading-title.elementor-size-small{font-size:15px}.elementor-widget-heading .elementor-heading-title.elementor-size-medium{font-size:19px}.elementor-widget-heading .elementor-heading-title.elementor-size-large{font-size:29px}.elementor-widget-heading .elementor-heading-title.elementor-size-xl{font-size:39px}.elementor-widget-heading .elementor-heading-title.elementor-size-xxl{font-size:59px}<\/style><h1 class=\"elementor-heading-title elementor-size-default\">David Trotzig<\/h1>\t\t<\/div>\n\t\t\t\t<\/div>\n\t\t\t\t<div class=\"elementor-element elementor-element-807b4a6 elementor-widget elementor-widget-heading\" data-id=\"807b4a6\" data-element_type=\"widget\" data-widget_type=\"heading.default\">\n\t\t\t\t<div class=\"elementor-widget-container\">\n\t\t\t<h2 class=\"elementor-heading-title elementor-size-default\">PSICOTERAPEUTA<\/h2>\t\t<\/div>\n\t\t\t\t<\/div>\n\t\t\t\t<div class=\"elementor-element elementor-element-9bfe3a3 elementor-widget elementor-widget-text-editor\" data-id=\"9bfe3a3\" data-element_type=\"widget\" data-widget_type=\"text-editor.default\">\n\t\t\t\t<div class=\"elementor-widget-container\">\n\t\t\t<style>\/*! elementor - v3.21.0 - 08-05-2024 *\/\n.elementor-widget-text-editor.elementor-drop-cap-view-stacked .elementor-drop-cap{background-color:#69727d;color:#fff}.elementor-widget-text-editor.elementor-drop-cap-view-framed .elementor-drop-cap{color:#69727d;border:3px solid;background-color:transparent}.elementor-widget-text-editor:not(.elementor-drop-cap-view-default) .elementor-drop-cap{margin-top:8px}.elementor-widget-text-editor:not(.elementor-drop-cap-view-default) .elementor-drop-cap-letter{width:1em;height:1em}.elementor-widget-text-editor .elementor-drop-cap{float:left;text-align:center;line-height:1;font-size:50px}.elementor-widget-text-editor .elementor-drop-cap-letter{display:inline-block}<\/style>\t\t\t\t<p>Ser psicoterapeuta corporal vol dir que, en el meu treball psicoterap\u00e8utic, tinc en compte tant el cos com la ment del pacient. Durant la nostra inf\u00e0ncia, els efectes de les experi\u00e8ncies negatives com els traumes, les mancances emocionals, etc., es van fixant a la musculatura del cos creant des de tensions cr\u00f2niques fins a malalties psicosom\u00e0tiques.<\/p>\n<p>Per poder atendre de la millor manera possible les persones he anat incorporant les t\u00e8cniques psicoterap\u00e8utiques d&#8217;\u00faltima generaci\u00f3 com l&#8217;EMDR, la ter\u00e0pia basada en la mentalitzaci\u00f3 (MBT) i la ter\u00e0pia dels estats del jo.<\/p>\n\t\t\t\t\t\t<\/div>\n\t\t\t\t<\/div>\n\t\t\t\t<\/div>\n\t\t\t\t<\/div>\n\t\t<div class=\"elementor-element elementor-element-b4b826a e-flex e-con-boxed e-con e-parent\" data-id=\"b4b826a\" data-element_type=\"container\">\n\t\t\t\t\t<div class=\"e-con-inner\">\n\t\t\t\t<div class=\"elementor-element elementor-element-602c352 elementor-widget elementor-widget-heading\" data-id=\"602c352\" data-element_type=\"widget\" data-widget_type=\"heading.default\">\n\t\t\t\t<div class=\"elementor-widget-container\">\n\t\t\t<h2 class=\"elementor-heading-title elementor-size-default\">Formaci\u00f3 i Afiliacions<\/h2>\t\t<\/div>\n\t\t\t\t<\/div>\n\t\t<div class=\"elementor-element elementor-element-fc6b80f e-flex e-con-boxed e-con e-child\" data-id=\"fc6b80f\" data-element_type=\"container\">\n\t\t\t\t\t<div class=\"e-con-inner\">\n\t\t<div class=\"elementor-element elementor-element-4240996 e-flex e-con-boxed e-con e-child\" data-id=\"4240996\" data-element_type=\"container\">\n\t\t\t\t\t<div class=\"e-con-inner\">\n\t\t\t\t<div class=\"elementor-element elementor-element-60675e7 elementor-widget elementor-widget-heading\" data-id=\"60675e7\" data-element_type=\"widget\" data-widget_type=\"heading.default\">\n\t\t\t\t<div class=\"elementor-widget-container\">\n\t\t\t<h3 class=\"elementor-heading-title elementor-size-default\">Afiliacions<\/h3>\t\t<\/div>\n\t\t\t\t<\/div>\n\t\t\t\t<div class=\"elementor-element elementor-element-50a52cd elementor-widget elementor-widget-text-editor\" data-id=\"50a52cd\" data-element_type=\"widget\" data-widget_type=\"text-editor.default\">\n\t\t\t\t<div class=\"elementor-widget-container\">\n\t\t\t\t\t\t\t<ul>\n<li>Certificat Europeu de Psicoter\u00e0pia (<a href=\"https:\/\/ecp.europsyche.org\/wstore\/memberServlet\" target=\"_blank\" rel=\"noopener\">ECP<\/a>)<\/li>\n<li>Membre acreditat de l&#8217;European Association for Body-Psychotherapy (<a href=\"https:\/\/eabp.org\/\">EABP<\/a>)<\/li>\n<li>Assessor del Comit\u00e8 \u00c8tic de l&#8217;European Association for Body-Psychotherapy (<a href=\"https:\/\/eabp.org\/\">EABP<\/a>)<\/li>\n<li>Acreditat per la Federaci\u00f3 Espanyola d&#8217;Associacions de Psicoter\u00e0pia <a href=\"https:\/\/www.feap.es\/tramites\/requisitos-y-procedimiento\">(F.E.A.P.)<\/a><\/li>\n<li>Membre de l&#8217;Associaci\u00f3 <a href=\"https:\/\/www.emdr-es.org\/\">EMDR Espa\u00f1a<\/a><\/li>\n<li>Membre de <a href=\"http:\/\/orgocentreclinic.cat\/\">Org\u00f3<\/a>, Centre de Psicoter\u00e0pia Reichiana<\/li>\n<\/ul>\n\t\t\t\t\t\t<\/div>\n\t\t\t\t<\/div>\n\t\t\t\t\t<\/div>\n\t\t\t\t<\/div>\n\t\t<div class=\"elementor-element elementor-element-1d8f0d1 e-flex e-con-boxed e-con e-child\" data-id=\"1d8f0d1\" data-element_type=\"container\">\n\t\t\t\t\t<div class=\"e-con-inner\">\n\t\t\t\t<div class=\"elementor-element elementor-element-93403bb elementor-widget elementor-widget-heading\" data-id=\"93403bb\" data-element_type=\"widget\" data-widget_type=\"heading.default\">\n\t\t\t\t<div class=\"elementor-widget-container\">\n\t\t\t<h3 class=\"elementor-heading-title elementor-size-default\">Formaci\u00f3<\/h3>\t\t<\/div>\n\t\t\t\t<\/div>\n\t\t\t\t<div class=\"elementor-element elementor-element-e1a29c5 elementor-widget elementor-widget-text-editor\" data-id=\"e1a29c5\" data-element_type=\"widget\" data-widget_type=\"text-editor.default\">\n\t\t\t\t<div class=\"elementor-widget-container\">\n\t\t\t\t\t\t\t<ul>\r\n<li>Formaci\u00f3 com a psicoterapeuta psicocorporal i orgonomista a l&#8217;Escola Espanyola de Ter\u00e0pia Reichiana (<a href=\"https:\/\/www.esternet.org\/\">ES.TE.R<\/a>).<\/li>\r\n<li>Formaci\u00f3 en&nbsp;EMDR&nbsp;(LI i LII aix\u00ed com formaci\u00f3 avan\u00e7ada Dissociaci\u00f3 I i II&nbsp; per l&#8217;Associaci\u00f3 Espanyola d&#8217;&nbsp;<a href=\"https:\/\/www.emdr-es.org\/\">EMDR<\/a>).<\/li>\r\n<li>Formaci\u00f3 en Psicoter\u00e0pia basada en la mentalizaci\u00f3 (MBT) &nbsp;per la&nbsp;<a href=\"https:\/\/www.annafreud.org\/\">Ana Freud National Center for Children and Families.<\/a><\/li>\r\n<\/ul>\t\t\t\t\t\t<\/div>\n\t\t\t\t<\/div>\n\t\t\t\t\t<\/div>\n\t\t\t\t<\/div>\n\t\t<div class=\"elementor-element elementor-element-43f8e50 e-flex e-con-boxed e-con e-child\" data-id=\"43f8e50\" data-element_type=\"container\">\n\t\t\t\t\t<div class=\"e-con-inner\">\n\t\t\t\t<div class=\"elementor-element elementor-element-287a905 elementor-widget elementor-widget-heading\" data-id=\"287a905\" data-element_type=\"widget\" data-widget_type=\"heading.default\">\n\t\t\t\t<div class=\"elementor-widget-container\">\n\t\t\t<h3 class=\"elementor-heading-title elementor-size-default\">Activitats Professionals<\/h3>\t\t<\/div>\n\t\t\t\t<\/div>\n\t\t\t\t<div class=\"elementor-element elementor-element-6746b71 elementor-widget elementor-widget-text-editor\" data-id=\"6746b71\" data-element_type=\"widget\" data-widget_type=\"text-editor.default\">\n\t\t\t\t<div class=\"elementor-widget-container\">\n\t\t\t\t\t\t\t<ul>\n<li>Piscoter\u00e0pia individual per a adults i adolescents<\/li>\n<li>Psicoter\u00e0pia espec\u00edfica per a traumes i trastorns dissociatius, especialment abusos f\u00edsics i\/o sexuals a la inf\u00e0ncia aix\u00ed com estats traum\u00e0tics post-part<\/li>\n<li>Ter\u00e0pia de parella<\/li>\n<li>Assessoria espec\u00edfica per a adoptats i adoptants<\/li>\n<li>Diagn\u00f2stic Inicial Diferencial Estructural (<em>DIDE<\/em>) <\/li>\n<\/ul>\n\t\t\t\t\t\t<\/div>\n\t\t\t\t<\/div>\n\t\t\t\t\t<\/div>\n\t\t\t\t<\/div>\n\t\t\t\t\t<\/div>\n\t\t\t\t<\/div>\n\t\t\t\t\t<\/div>\n\t\t\t\t<\/div>\n\t\t\t\t<\/div>\n\t\t","protected":false},"excerpt":{"rendered":"<p>David Trotzig PSICOTERAPEUTA Ser psicoterapeuta corporal vol dir que, en el meu treball psicoterap\u00e8utic, tinc en compte tant el cos com la ment del pacient. Durant la nostra inf\u00e0ncia, els efectes de les experi\u00e8ncies negatives com els traumes, les mancances emocionals, etc., es van fixant a la musculatura del cos creant des de tensions cr\u00f2niques [&hellip;]<\/p>\n","protected":false},"author":1,"featured_media":616,"parent":0,"menu_order":0,"comment_status":"closed","ping_status":"closed","template":"","meta":{"_monsterinsights_skip_tracking":false,"_monsterinsights_sitenote_active":false,"_monsterinsights_sitenote_note":"","_monsterinsights_sitenote_category":0,"footnotes":""},"class_list":["post-740","page","type-page","status-publish","has-post-thumbnail","hentry"],"yoast_head":"<!-- This site is optimized with the Yoast SEO plugin v22.6 - https:\/\/yoast.com\/wordpress\/plugins\/seo\/ -->\n<title>Qui s\u00f3c - David Trotzig<\/title>\n<meta name=\"description\" content=\"S\u00f3c psicoterapeuta corporal. El cos i la ment s\u00f3n dos aspectes d&#039;una entitat i per aix\u00f2 tinc en compte totes dues durant el treball terap\u00e8utic aplicant t\u00e8cniques espec\u00edfiques per a cada necessitat.\" \/>\n<meta name=\"robots\" content=\"index, follow, max-snippet:-1, max-image-preview:large, max-video-preview:-1\" \/>\n<link rel=\"canonical\" href=\"https:\/\/davidtrotzig.com\/ca\/qui-soc\/\" \/>\n<meta property=\"og:locale\" content=\"ca_ES\" \/>\n<meta property=\"og:type\" content=\"article\" \/>\n<meta property=\"og:title\" content=\"Qui s\u00f3c - David Trotzig\" \/>\n<meta property=\"og:description\" content=\"S\u00f3c psicoterapeuta corporal. El cos i la ment s\u00f3n dos aspectes d&#039;una entitat i per aix\u00f2 tinc en compte totes dues durant el treball terap\u00e8utic aplicant t\u00e8cniques espec\u00edfiques per a cada necessitat.\" \/>\n<meta property=\"og:url\" content=\"https:\/\/davidtrotzig.com\/ca\/qui-soc\/\" \/>\n<meta property=\"og:site_name\" content=\"David Trotzig\" \/>\n<meta property=\"article:modified_time\" content=\"2024-06-12T14:37:58+00:00\" \/>\n<meta property=\"og:image\" content=\"https:\/\/davidtrotzig.com\/wp-content\/uploads\/2024\/02\/david-trotzig_psicoterapeuta.jpg\" \/>\n\t<meta property=\"og:image:width\" content=\"914\" \/>\n\t<meta property=\"og:image:height\" content=\"834\" \/>\n\t<meta property=\"og:image:type\" content=\"image\/jpeg\" \/>\n<meta name=\"twitter:card\" content=\"summary_large_image\" \/>\n<meta name=\"twitter:label1\" content=\"Temps estimat de lectura\" \/>\n\t<meta name=\"twitter:data1\" content=\"1 minut\" \/>\n<script type=\"application\/ld+json\" class=\"yoast-schema-graph\">{\"@context\":\"https:\/\/schema.org\",\"@graph\":[{\"@type\":\"WebPage\",\"@id\":\"https:\/\/davidtrotzig.com\/ca\/qui-soc\/\",\"url\":\"https:\/\/davidtrotzig.com\/ca\/qui-soc\/\",\"name\":\"Qui s\u00f3c - David Trotzig\",\"isPartOf\":{\"@id\":\"https:\/\/davidtrotzig.com\/ca\/#website\"},\"primaryImageOfPage\":{\"@id\":\"https:\/\/davidtrotzig.com\/ca\/qui-soc\/#primaryimage\"},\"image\":{\"@id\":\"https:\/\/davidtrotzig.com\/ca\/qui-soc\/#primaryimage\"},\"thumbnailUrl\":\"https:\/\/davidtrotzig.com\/wp-content\/uploads\/2024\/02\/david-trotzig_psicoterapeuta.jpg\",\"datePublished\":\"2024-02-26T17:31:34+00:00\",\"dateModified\":\"2024-06-12T14:37:58+00:00\",\"description\":\"S\u00f3c psicoterapeuta corporal. El cos i la ment s\u00f3n dos aspectes d'una entitat i per aix\u00f2 tinc en compte totes dues durant el treball terap\u00e8utic aplicant t\u00e8cniques espec\u00edfiques per a cada necessitat.\",\"breadcrumb\":{\"@id\":\"https:\/\/davidtrotzig.com\/ca\/qui-soc\/#breadcrumb\"},\"inLanguage\":\"ca\",\"potentialAction\":[{\"@type\":\"ReadAction\",\"target\":[\"https:\/\/davidtrotzig.com\/ca\/qui-soc\/\"]}]},{\"@type\":\"ImageObject\",\"inLanguage\":\"ca\",\"@id\":\"https:\/\/davidtrotzig.com\/ca\/qui-soc\/#primaryimage\",\"url\":\"https:\/\/davidtrotzig.com\/wp-content\/uploads\/2024\/02\/david-trotzig_psicoterapeuta.jpg\",\"contentUrl\":\"https:\/\/davidtrotzig.com\/wp-content\/uploads\/2024\/02\/david-trotzig_psicoterapeuta.jpg\",\"width\":914,\"height\":834},{\"@type\":\"BreadcrumbList\",\"@id\":\"https:\/\/davidtrotzig.com\/ca\/qui-soc\/#breadcrumb\",\"itemListElement\":[{\"@type\":\"ListItem\",\"position\":1,\"name\":\"Portada\",\"item\":\"https:\/\/davidtrotzig.com\/ca\/\"},{\"@type\":\"ListItem\",\"position\":2,\"name\":\"Qui s\u00f3c\"}]},{\"@type\":\"WebSite\",\"@id\":\"https:\/\/davidtrotzig.com\/ca\/#website\",\"url\":\"https:\/\/davidtrotzig.com\/ca\/\",\"name\":\"David Trotzig\",\"description\":\"Psicoterapeuta especializado en terapia del trauma y terapia psicocorporal\",\"potentialAction\":[{\"@type\":\"SearchAction\",\"target\":{\"@type\":\"EntryPoint\",\"urlTemplate\":\"https:\/\/davidtrotzig.com\/ca\/?s={search_term_string}\"},\"query-input\":\"required name=search_term_string\"}],\"inLanguage\":\"ca\"}]}<\/script>\n<!-- \/ Yoast SEO plugin. -->","yoast_head_json":{"title":"Qui s\u00f3c - David Trotzig","description":"S\u00f3c psicoterapeuta corporal. El cos i la ment s\u00f3n dos aspectes d'una entitat i per aix\u00f2 tinc en compte totes dues durant el treball terap\u00e8utic aplicant t\u00e8cniques espec\u00edfiques per a cada necessitat.","robots":{"index":"index","follow":"follow","max-snippet":"max-snippet:-1","max-image-preview":"max-image-preview:large","max-video-preview":"max-video-preview:-1"},"canonical":"https:\/\/davidtrotzig.com\/ca\/qui-soc\/","og_locale":"ca_ES","og_type":"article","og_title":"Qui s\u00f3c - David Trotzig","og_description":"S\u00f3c psicoterapeuta corporal. El cos i la ment s\u00f3n dos aspectes d'una entitat i per aix\u00f2 tinc en compte totes dues durant el treball terap\u00e8utic aplicant t\u00e8cniques espec\u00edfiques per a cada necessitat.","og_url":"https:\/\/davidtrotzig.com\/ca\/qui-soc\/","og_site_name":"David Trotzig","article_modified_time":"2024-06-12T14:37:58+00:00","og_image":[{"width":914,"height":834,"url":"https:\/\/davidtrotzig.com\/wp-content\/uploads\/2024\/02\/david-trotzig_psicoterapeuta.jpg","type":"image\/jpeg"}],"twitter_card":"summary_large_image","twitter_misc":{"Temps estimat de lectura":"1 minut"},"schema":{"@context":"https:\/\/schema.org","@graph":[{"@type":"WebPage","@id":"https:\/\/davidtrotzig.com\/ca\/qui-soc\/","url":"https:\/\/davidtrotzig.com\/ca\/qui-soc\/","name":"Qui s\u00f3c - David Trotzig","isPartOf":{"@id":"https:\/\/davidtrotzig.com\/ca\/#website"},"primaryImageOfPage":{"@id":"https:\/\/davidtrotzig.com\/ca\/qui-soc\/#primaryimage"},"image":{"@id":"https:\/\/davidtrotzig.com\/ca\/qui-soc\/#primaryimage"},"thumbnailUrl":"https:\/\/davidtrotzig.com\/wp-content\/uploads\/2024\/02\/david-trotzig_psicoterapeuta.jpg","datePublished":"2024-02-26T17:31:34+00:00","dateModified":"2024-06-12T14:37:58+00:00","description":"S\u00f3c psicoterapeuta corporal. El cos i la ment s\u00f3n dos aspectes d'una entitat i per aix\u00f2 tinc en compte totes dues durant el treball terap\u00e8utic aplicant t\u00e8cniques espec\u00edfiques per a cada necessitat.","breadcrumb":{"@id":"https:\/\/davidtrotzig.com\/ca\/qui-soc\/#breadcrumb"},"inLanguage":"ca","potentialAction":[{"@type":"ReadAction","target":["https:\/\/davidtrotzig.com\/ca\/qui-soc\/"]}]},{"@type":"ImageObject","inLanguage":"ca","@id":"https:\/\/davidtrotzig.com\/ca\/qui-soc\/#primaryimage","url":"https:\/\/davidtrotzig.com\/wp-content\/uploads\/2024\/02\/david-trotzig_psicoterapeuta.jpg","contentUrl":"https:\/\/davidtrotzig.com\/wp-content\/uploads\/2024\/02\/david-trotzig_psicoterapeuta.jpg","width":914,"height":834},{"@type":"BreadcrumbList","@id":"https:\/\/davidtrotzig.com\/ca\/qui-soc\/#breadcrumb","itemListElement":[{"@type":"ListItem","position":1,"name":"Portada","item":"https:\/\/davidtrotzig.com\/ca\/"},{"@type":"ListItem","position":2,"name":"Qui s\u00f3c"}]},{"@type":"WebSite","@id":"https:\/\/davidtrotzig.com\/ca\/#website","url":"https:\/\/davidtrotzig.com\/ca\/","name":"David Trotzig","description":"Psicoterapeuta especializado en terapia del trauma y terapia psicocorporal","potentialAction":[{"@type":"SearchAction","target":{"@type":"EntryPoint","urlTemplate":"https:\/\/davidtrotzig.com\/ca\/?s={search_term_string}"},"query-input":"required name=search_term_string"}],"inLanguage":"ca"}]}},"_links":{"self":[{"href":"https:\/\/davidtrotzig.com\/ca\/wp-json\/wp\/v2\/pages\/740","targetHints":{"allow":["GET"]}}],"collection":[{"href":"https:\/\/davidtrotzig.com\/ca\/wp-json\/wp\/v2\/pages"}],"about":[{"href":"https:\/\/davidtrotzig.com\/ca\/wp-json\/wp\/v2\/types\/page"}],"author":[{"embeddable":true,"href":"https:\/\/davidtrotzig.com\/ca\/wp-json\/wp\/v2\/users\/1"}],"replies":[{"embeddable":true,"href":"https:\/\/davidtrotzig.com\/ca\/wp-json\/wp\/v2\/comments?post=740"}],"version-history":[{"count":4,"href":"https:\/\/davidtrotzig.com\/ca\/wp-json\/wp\/v2\/pages\/740\/revisions"}],"predecessor-version":[{"id":1255,"href":"https:\/\/davidtrotzig.com\/ca\/wp-json\/wp\/v2\/pages\/740\/revisions\/1255"}],"wp:featuredmedia":[{"embeddable":true,"href":"https:\/\/davidtrotzig.com\/ca\/wp-json\/wp\/v2\/media\/616"}],"wp:attachment":[{"href":"https:\/\/davidtrotzig.com\/ca\/wp-json\/wp\/v2\/media?parent=740"}],"curies":[{"name":"wp","href":"https:\/\/api.w.org\/{rel}","templated":true}]}}