{"id":753,"date":"2024-03-05T16:01:08","date_gmt":"2024-03-05T15:01:08","guid":{"rendered":"https:\/\/davidtrotzig.com\/problemas-y-trastornos\/trastorns-dansietat-panic\/"},"modified":"2024-06-21T12:36:12","modified_gmt":"2024-06-21T10:36:12","slug":"trastorns-dansietat-panic","status":"publish","type":"trastornos","link":"https:\/\/davidtrotzig.com\/ca\/problemes-transtorns\/trastorns-dansietat-panic\/","title":{"rendered":"Trastorns d&#8217;ansietat\/p\u00e0nic"},"content":{"rendered":"\n<h3 class=\"wp-block-heading\">Construcci\u00f3 de Defenses des de la Inf\u00e0ncia<\/h3>\n\n<p>Des de la inf\u00e0ncia, hem constru\u00eft defenses per adaptar-nos al nostre entorn. Aquestes defenses ens permeten mantenir un equilibri vital i fer una vida que volem o necessitem.<\/p>\n\n<h3 class=\"wp-block-heading\">Ruptura de l&#8217;Equilibri Vital<\/h3>\n\n<p>Factors vitals poden trencar aquest equilibri i la nostra estructura defensiva, deixant-nos exposats. Un atac d&#8217;ansietat \u00e9s un s\u00edmptoma que aix\u00f2 ha passat.<\/p>\n\n<h3 class=\"wp-block-heading\">Impacte de l&#8217;atac d&#8217;ansietat<\/h3>\n\n<p>L&#8217;impacte d&#8217;un atac d&#8217;ansietat a l&#8217;organisme \u00e9s fort i es registra com un trauma m\u00e9s gran. Qualsevol cosa que ens recordi aquest moment pot desencadenar sensacions semblants o fins i tot un altre atac d&#8217;ansietat.<\/p>\n\n<h3 class=\"wp-block-heading\">Sensibilitat i Vigil\u00e0ncia Corporal<\/h3>\n\n<p>Com a resultat, la persona es torna molt sensible i atenta a sensacions corporals com la respiraci\u00f3, ritme card\u00edac, tensi\u00f3 i dolors. Durant un atac d&#8217;ansietat, \u00e9s com\u00fa sentir una intensa i angoixant sensaci\u00f3 de mort imminent.<\/p>\n\n<h3 class=\"wp-block-heading\">Sensacions de Perill<\/h3>\n\n<p>Qualsevol sensaci\u00f3 que recordi l&#8217;atac pot provocar la mateixa por intensa. Encara que la persona estigui segura, pot sentir un perill agut, fins i tot de mort, cosa que la pot retraumatitzar.<\/p>\n\n<h3 class=\"wp-block-heading\">Fases del Tractament<\/h3>\n\n<p>La ter\u00e0pia per tractar l&#8217;atac d&#8217;ansietat o trastorn de p\u00e0nic es divideix en dues fases.<\/p>\n\n<h4 class=\"wp-block-heading\">Primera Fase: Aminorar Efectes Traum\u00e0tics<\/h4>\n\n<p>La primera fase s&#8217;ha de fer tan aviat com sigui possible despr\u00e9s de l&#8217;atac d&#8217;ansietat. El seu objectiu \u00e9s reduir els efectes traum\u00e0tics de l&#8217;atac i restablir la normalitat a la vida del pacient. Aix\u00f2 s&#8217;aconsegueix amb diverses t\u00e8cniques psicoterap\u00e8utiques, tant cognitives com anal\u00edtiques i simptomatol\u00f2giques.La primera fase s&#8217;ha de fer tan aviat com sigui possible despr\u00e9s de l&#8217;atac d&#8217;ansietat. El seu objectiu \u00e9s reduir els efectes traum\u00e0tics de l&#8217;atac i restablir la normalitat a la vida del pacient. Aix\u00f2 s&#8217;aconsegueix amb diverses t\u00e8cniques psicoterap\u00e8utiques, tant cognitives com anal\u00edtiques i simptomatol\u00f2giques.<\/p>\n\n<h4 class=\"wp-block-heading\">Segona Fase: Resoluci\u00f3 de Conflictes Profunds<\/h4>\n\n<p>La segona fase comen\u00e7a quan el pacient ja ha tornat m\u00e9s o menys a la normalitat, amb una sintomatologia m\u00e9s suau, i que hagi recobrat certa sensaci\u00f3 de seguretat. Aleshores es treballa per resoldre els conflictes profunds que ha portat la persona a aquesta situaci\u00f3, a aquest estat d&#8217;estr\u00e8s tan fort que se li han trencat les defensas emocionals. S&#8217;hi apliquin t\u00e8cniques de ter\u00e0pia m\u00e9s profunda, que poden anar des d&#8217;una psicoter\u00e0pia breu, \u00e9s a dir, per abordar aquest problema en concret, o una psicoter\u00e0pia profunda, l&#8217;objectiu de la qual \u00e9s un canvi estructural profund i durador de la personalitat.&#13;\n&#13;\n<\/p>\n","protected":false},"excerpt":{"rendered":"<p>Des de la inf\u00e0ncia hem constru\u00eft unes defenses per poder adaptar-nos al nostre entorn. Amb aquestes defenses podem arribar a tindre un equilibri vital que ens permet tirar endavant i fer la vida que volem o hem de portar. No obstant aix\u00f2, hi ha factors vitals que poden trencar aquest equilibri, trencar la nostra estructura defensiva i deixar-nos totalment exposats. Un dels s\u00edmptomes que ha passat aix\u00f2 \u00e9s quan tenim un atac d&#8217;ansietat.<\/p>\n","protected":false},"featured_media":672,"template":"","class_list":["post-753","trastornos","type-trastornos","status-publish","has-post-thumbnail","hentry"],"yoast_head":"<!-- This site is optimized with the Yoast SEO plugin v22.6 - https:\/\/yoast.com\/wordpress\/plugins\/seo\/ -->\n<title>Trastorns d&#039;ansietat\/p\u00e0nic - David Trotzig<\/title>\n<meta name=\"description\" content=\"Restablir l&#039;equilibri emocional i resoldre conflictes profunds despr\u00e9s d&#039;un atac d&#039;ansietat o p\u00e0nic. Descobreix com la ter\u00e0pia psicol\u00f2gica en dues fases aborda els efectes traum\u00e0tics de l&#039;atac d&#039;ansietat, tot restaurant l&#039;estabilitat emocional i resolent conflictes profunds per promoure un canvi durador en la personalitat.\" \/>\n<meta name=\"robots\" content=\"index, follow, max-snippet:-1, max-image-preview:large, max-video-preview:-1\" \/>\n<link rel=\"canonical\" href=\"https:\/\/davidtrotzig.com\/ca\/problemes-transtorns\/trastorns-dansietat-panic\/\" \/>\n<meta property=\"og:locale\" content=\"ca_ES\" \/>\n<meta property=\"og:type\" content=\"article\" \/>\n<meta property=\"og:title\" content=\"Trastorns d&#039;ansietat\/p\u00e0nic - David Trotzig\" \/>\n<meta property=\"og:description\" content=\"Restablir l&#039;equilibri emocional i resoldre conflictes profunds despr\u00e9s d&#039;un atac d&#039;ansietat o p\u00e0nic. Descobreix com la ter\u00e0pia psicol\u00f2gica en dues fases aborda els efectes traum\u00e0tics de l&#039;atac d&#039;ansietat, tot restaurant l&#039;estabilitat emocional i resolent conflictes profunds per promoure un canvi durador en la personalitat.\" \/>\n<meta property=\"og:url\" content=\"https:\/\/davidtrotzig.com\/ca\/problemes-transtorns\/trastorns-dansietat-panic\/\" \/>\n<meta property=\"og:site_name\" content=\"David Trotzig\" \/>\n<meta property=\"article:modified_time\" content=\"2024-06-21T10:36:12+00:00\" \/>\n<meta property=\"og:image\" content=\"https:\/\/davidtrotzig.com\/wp-content\/uploads\/2024\/03\/david-trotzig_trastornos-ansiedad-panico.jpeg\" \/>\n\t<meta property=\"og:image:width\" content=\"539\" \/>\n\t<meta property=\"og:image:height\" content=\"495\" \/>\n\t<meta property=\"og:image:type\" content=\"image\/jpeg\" \/>\n<meta name=\"twitter:card\" content=\"summary_large_image\" \/>\n<meta name=\"twitter:label1\" content=\"Temps estimat de lectura\" \/>\n\t<meta name=\"twitter:data1\" content=\"2 minuts\" \/>\n<script type=\"application\/ld+json\" class=\"yoast-schema-graph\">{\"@context\":\"https:\/\/schema.org\",\"@graph\":[{\"@type\":\"WebPage\",\"@id\":\"https:\/\/davidtrotzig.com\/ca\/problemes-transtorns\/trastorns-dansietat-panic\/\",\"url\":\"https:\/\/davidtrotzig.com\/ca\/problemes-transtorns\/trastorns-dansietat-panic\/\",\"name\":\"Trastorns d'ansietat\/p\u00e0nic - David Trotzig\",\"isPartOf\":{\"@id\":\"https:\/\/davidtrotzig.com\/ca\/#website\"},\"primaryImageOfPage\":{\"@id\":\"https:\/\/davidtrotzig.com\/ca\/problemes-transtorns\/trastorns-dansietat-panic\/#primaryimage\"},\"image\":{\"@id\":\"https:\/\/davidtrotzig.com\/ca\/problemes-transtorns\/trastorns-dansietat-panic\/#primaryimage\"},\"thumbnailUrl\":\"https:\/\/davidtrotzig.com\/wp-content\/uploads\/2024\/03\/david-trotzig_trastornos-ansiedad-panico.jpeg\",\"datePublished\":\"2024-03-05T15:01:08+00:00\",\"dateModified\":\"2024-06-21T10:36:12+00:00\",\"description\":\"Restablir l'equilibri emocional i resoldre conflictes profunds despr\u00e9s d'un atac d'ansietat o p\u00e0nic. Descobreix com la ter\u00e0pia psicol\u00f2gica en dues fases aborda els efectes traum\u00e0tics de l'atac d'ansietat, tot restaurant l'estabilitat emocional i resolent conflictes profunds per promoure un canvi durador en la personalitat.\",\"breadcrumb\":{\"@id\":\"https:\/\/davidtrotzig.com\/ca\/problemes-transtorns\/trastorns-dansietat-panic\/#breadcrumb\"},\"inLanguage\":\"ca\",\"potentialAction\":[{\"@type\":\"ReadAction\",\"target\":[\"https:\/\/davidtrotzig.com\/ca\/problemes-transtorns\/trastorns-dansietat-panic\/\"]}]},{\"@type\":\"ImageObject\",\"inLanguage\":\"ca\",\"@id\":\"https:\/\/davidtrotzig.com\/ca\/problemes-transtorns\/trastorns-dansietat-panic\/#primaryimage\",\"url\":\"https:\/\/davidtrotzig.com\/wp-content\/uploads\/2024\/03\/david-trotzig_trastornos-ansiedad-panico.jpeg\",\"contentUrl\":\"https:\/\/davidtrotzig.com\/wp-content\/uploads\/2024\/03\/david-trotzig_trastornos-ansiedad-panico.jpeg\",\"width\":539,\"height\":495},{\"@type\":\"BreadcrumbList\",\"@id\":\"https:\/\/davidtrotzig.com\/ca\/problemes-transtorns\/trastorns-dansietat-panic\/#breadcrumb\",\"itemListElement\":[{\"@type\":\"ListItem\",\"position\":1,\"name\":\"Portada\",\"item\":\"https:\/\/davidtrotzig.com\/ca\/\"},{\"@type\":\"ListItem\",\"position\":2,\"name\":\"Transtorns\",\"item\":\"https:\/\/davidtrotzig.com\/ca\/problemes-transtorns\/\"},{\"@type\":\"ListItem\",\"position\":3,\"name\":\"Trastorns d&#8217;ansietat\/p\u00e0nic\"}]},{\"@type\":\"WebSite\",\"@id\":\"https:\/\/davidtrotzig.com\/ca\/#website\",\"url\":\"https:\/\/davidtrotzig.com\/ca\/\",\"name\":\"David Trotzig\",\"description\":\"Psicoterapeuta especializado en terapia del trauma y terapia psicocorporal\",\"potentialAction\":[{\"@type\":\"SearchAction\",\"target\":{\"@type\":\"EntryPoint\",\"urlTemplate\":\"https:\/\/davidtrotzig.com\/ca\/?s={search_term_string}\"},\"query-input\":\"required name=search_term_string\"}],\"inLanguage\":\"ca\"}]}<\/script>\n<!-- \/ Yoast SEO plugin. -->","yoast_head_json":{"title":"Trastorns d'ansietat\/p\u00e0nic - David Trotzig","description":"Restablir l'equilibri emocional i resoldre conflictes profunds despr\u00e9s d'un atac d'ansietat o p\u00e0nic. Descobreix com la ter\u00e0pia psicol\u00f2gica en dues fases aborda els efectes traum\u00e0tics de l'atac d'ansietat, tot restaurant l'estabilitat emocional i resolent conflictes profunds per promoure un canvi durador en la personalitat.","robots":{"index":"index","follow":"follow","max-snippet":"max-snippet:-1","max-image-preview":"max-image-preview:large","max-video-preview":"max-video-preview:-1"},"canonical":"https:\/\/davidtrotzig.com\/ca\/problemes-transtorns\/trastorns-dansietat-panic\/","og_locale":"ca_ES","og_type":"article","og_title":"Trastorns d'ansietat\/p\u00e0nic - David Trotzig","og_description":"Restablir l'equilibri emocional i resoldre conflictes profunds despr\u00e9s d'un atac d'ansietat o p\u00e0nic. Descobreix com la ter\u00e0pia psicol\u00f2gica en dues fases aborda els efectes traum\u00e0tics de l'atac d'ansietat, tot restaurant l'estabilitat emocional i resolent conflictes profunds per promoure un canvi durador en la personalitat.","og_url":"https:\/\/davidtrotzig.com\/ca\/problemes-transtorns\/trastorns-dansietat-panic\/","og_site_name":"David Trotzig","article_modified_time":"2024-06-21T10:36:12+00:00","og_image":[{"width":539,"height":495,"url":"https:\/\/davidtrotzig.com\/wp-content\/uploads\/2024\/03\/david-trotzig_trastornos-ansiedad-panico.jpeg","type":"image\/jpeg"}],"twitter_card":"summary_large_image","twitter_misc":{"Temps estimat de lectura":"2 minuts"},"schema":{"@context":"https:\/\/schema.org","@graph":[{"@type":"WebPage","@id":"https:\/\/davidtrotzig.com\/ca\/problemes-transtorns\/trastorns-dansietat-panic\/","url":"https:\/\/davidtrotzig.com\/ca\/problemes-transtorns\/trastorns-dansietat-panic\/","name":"Trastorns d'ansietat\/p\u00e0nic - David Trotzig","isPartOf":{"@id":"https:\/\/davidtrotzig.com\/ca\/#website"},"primaryImageOfPage":{"@id":"https:\/\/davidtrotzig.com\/ca\/problemes-transtorns\/trastorns-dansietat-panic\/#primaryimage"},"image":{"@id":"https:\/\/davidtrotzig.com\/ca\/problemes-transtorns\/trastorns-dansietat-panic\/#primaryimage"},"thumbnailUrl":"https:\/\/davidtrotzig.com\/wp-content\/uploads\/2024\/03\/david-trotzig_trastornos-ansiedad-panico.jpeg","datePublished":"2024-03-05T15:01:08+00:00","dateModified":"2024-06-21T10:36:12+00:00","description":"Restablir l'equilibri emocional i resoldre conflictes profunds despr\u00e9s d'un atac d'ansietat o p\u00e0nic. Descobreix com la ter\u00e0pia psicol\u00f2gica en dues fases aborda els efectes traum\u00e0tics de l'atac d'ansietat, tot restaurant l'estabilitat emocional i resolent conflictes profunds per promoure un canvi durador en la personalitat.","breadcrumb":{"@id":"https:\/\/davidtrotzig.com\/ca\/problemes-transtorns\/trastorns-dansietat-panic\/#breadcrumb"},"inLanguage":"ca","potentialAction":[{"@type":"ReadAction","target":["https:\/\/davidtrotzig.com\/ca\/problemes-transtorns\/trastorns-dansietat-panic\/"]}]},{"@type":"ImageObject","inLanguage":"ca","@id":"https:\/\/davidtrotzig.com\/ca\/problemes-transtorns\/trastorns-dansietat-panic\/#primaryimage","url":"https:\/\/davidtrotzig.com\/wp-content\/uploads\/2024\/03\/david-trotzig_trastornos-ansiedad-panico.jpeg","contentUrl":"https:\/\/davidtrotzig.com\/wp-content\/uploads\/2024\/03\/david-trotzig_trastornos-ansiedad-panico.jpeg","width":539,"height":495},{"@type":"BreadcrumbList","@id":"https:\/\/davidtrotzig.com\/ca\/problemes-transtorns\/trastorns-dansietat-panic\/#breadcrumb","itemListElement":[{"@type":"ListItem","position":1,"name":"Portada","item":"https:\/\/davidtrotzig.com\/ca\/"},{"@type":"ListItem","position":2,"name":"Transtorns","item":"https:\/\/davidtrotzig.com\/ca\/problemes-transtorns\/"},{"@type":"ListItem","position":3,"name":"Trastorns d&#8217;ansietat\/p\u00e0nic"}]},{"@type":"WebSite","@id":"https:\/\/davidtrotzig.com\/ca\/#website","url":"https:\/\/davidtrotzig.com\/ca\/","name":"David Trotzig","description":"Psicoterapeuta especializado en terapia del trauma y terapia psicocorporal","potentialAction":[{"@type":"SearchAction","target":{"@type":"EntryPoint","urlTemplate":"https:\/\/davidtrotzig.com\/ca\/?s={search_term_string}"},"query-input":"required name=search_term_string"}],"inLanguage":"ca"}]}},"_links":{"self":[{"href":"https:\/\/davidtrotzig.com\/ca\/wp-json\/wp\/v2\/trastornos\/753","targetHints":{"allow":["GET"]}}],"collection":[{"href":"https:\/\/davidtrotzig.com\/ca\/wp-json\/wp\/v2\/trastornos"}],"about":[{"href":"https:\/\/davidtrotzig.com\/ca\/wp-json\/wp\/v2\/types\/trastornos"}],"wp:featuredmedia":[{"embeddable":true,"href":"https:\/\/davidtrotzig.com\/ca\/wp-json\/wp\/v2\/media\/672"}],"wp:attachment":[{"href":"https:\/\/davidtrotzig.com\/ca\/wp-json\/wp\/v2\/media?parent=753"}],"curies":[{"name":"wp","href":"https:\/\/api.w.org\/{rel}","templated":true}]}}