{"id":758,"date":"2024-03-05T16:09:43","date_gmt":"2024-03-05T15:09:43","guid":{"rendered":"https:\/\/davidtrotzig.com\/problemas-y-trastornos\/enuig-desproporcionat-agressivitat-i-rabia\/"},"modified":"2024-06-12T17:06:58","modified_gmt":"2024-06-12T15:06:58","slug":"enuig-desproporcionat-agressivitat-i-rabia","status":"publish","type":"trastornos","link":"https:\/\/davidtrotzig.com\/ca\/problemes-transtorns\/enuig-desproporcionat-agressivitat-i-rabia\/","title":{"rendered":"Enfado desproporcionat, agressivitat i r\u00e0bia"},"content":{"rendered":"\n<p>Hi ha persones que, malgrat tenir por del conflicte i de considerar-se poc violentes, de vegades s&#8217;enfaden molt m\u00e9s del que pugui semblar raonable, fins i tot fins a perdre el control sobre la seva r\u00e0bia i fer coses de les que despr\u00e9s se&#8217;n penedeixen.&#13;\n<\/p>\n\n<p>Tamb\u00e9 hi ha persones que de vegades tenen flaixos, imatges o fantasies d&#8217;escenes violentes, o de tipus sexual que poden sorgir de sobte, sense av\u00eds previ, i que la persona no que ent\u00e9n d&#8217;on v\u00e9nen.&#13;\n<\/p>\n\n<p>Totes les emocions tenen una forma natural d&#8217;expressar-se i quan aquesta forma queda obstru\u00efda a causa de la inhibici\u00f3 o de prohibicions externes o internes, l&#8217;organisme ha de trobar noves maneres d&#8217;expressar-les.&#13;\n<\/p>\n\n<p>Els s\u00edmptomes anteriors s\u00f3n algunes maneres que l&#8217;organisme t\u00e9 d&#8217;expressar una emoci\u00f3 prohibida, en aquests casos l&#8217;emoci\u00f3 \u00e9s sovint la ira o la r\u00e0bia. &#13;\n<\/p>\n\n<p>Durant anys he estat usant una t\u00e8cnica de ter\u00e0pia espec\u00edfica per treballar amb el problema de la ira i la r\u00e0bia inhibides. Basada en una combinaci\u00f3 d&#8217;imatges, treball corporal i EMDR, ha demostrat ser molt efica\u00e7 per resoldre els conflictes subjacents profunds responsables del problema, i ha perm\u00e8s al client redescobrir l&#8217;expressi\u00f3 natural dels seus sentiments inhibits.&#13;\n&#13;\n<\/p>\n","protected":false},"excerpt":{"rendered":"<p>Hi ha persones que, malgrat tenir por del conflicte i de considerar-se poc violentes, de vegades s&#8217;enfaden molt m\u00e9s del que pugui semblar raonable, fins i tot fins a perdre el control sobre la seva r\u00e0bia i fer coses de les que despr\u00e9s se&#8217;n penedeixen.<\/p>\n","protected":false},"featured_media":660,"template":"","class_list":["post-758","trastornos","type-trastornos","status-publish","has-post-thumbnail","hentry"],"yoast_head":"<!-- This site is optimized with the Yoast SEO plugin v22.6 - https:\/\/yoast.com\/wordpress\/plugins\/seo\/ -->\n<title>Enfado desproporcionat, agressivitat i r\u00e0bia - David Trotzig<\/title>\n<meta name=\"description\" content=\"Gesti\u00f3 de la ira, de la r\u00e0bia i de l&#039;agressivitat sigui en fam\u00edlia o en altres \u00e0mbits\" \/>\n<meta name=\"robots\" content=\"index, follow, max-snippet:-1, max-image-preview:large, max-video-preview:-1\" \/>\n<link rel=\"canonical\" href=\"https:\/\/davidtrotzig.com\/ca\/problemes-transtorns\/enuig-desproporcionat-agressivitat-i-rabia\/\" \/>\n<meta property=\"og:locale\" content=\"ca_ES\" \/>\n<meta property=\"og:type\" content=\"article\" \/>\n<meta property=\"og:title\" content=\"Enfado desproporcionat, agressivitat i r\u00e0bia - David Trotzig\" \/>\n<meta property=\"og:description\" content=\"Gesti\u00f3 de la ira, de la r\u00e0bia i de l&#039;agressivitat sigui en fam\u00edlia o en altres \u00e0mbits\" \/>\n<meta property=\"og:url\" content=\"https:\/\/davidtrotzig.com\/ca\/problemes-transtorns\/enuig-desproporcionat-agressivitat-i-rabia\/\" \/>\n<meta property=\"og:site_name\" content=\"David Trotzig\" \/>\n<meta property=\"article:modified_time\" content=\"2024-06-12T15:06:58+00:00\" \/>\n<meta property=\"og:image\" content=\"https:\/\/davidtrotzig.com\/wp-content\/uploads\/2024\/03\/david-trotzig_enfado-desproporcionado.jpeg\" \/>\n\t<meta property=\"og:image:width\" content=\"1540\" \/>\n\t<meta property=\"og:image:height\" content=\"1180\" \/>\n\t<meta property=\"og:image:type\" content=\"image\/jpeg\" \/>\n<meta name=\"twitter:card\" content=\"summary_large_image\" \/>\n<meta name=\"twitter:label1\" content=\"Temps estimat de lectura\" \/>\n\t<meta name=\"twitter:data1\" content=\"1 minut\" \/>\n<script type=\"application\/ld+json\" class=\"yoast-schema-graph\">{\"@context\":\"https:\/\/schema.org\",\"@graph\":[{\"@type\":\"WebPage\",\"@id\":\"https:\/\/davidtrotzig.com\/ca\/problemes-transtorns\/enuig-desproporcionat-agressivitat-i-rabia\/\",\"url\":\"https:\/\/davidtrotzig.com\/ca\/problemes-transtorns\/enuig-desproporcionat-agressivitat-i-rabia\/\",\"name\":\"Enfado desproporcionat, agressivitat i r\u00e0bia - David Trotzig\",\"isPartOf\":{\"@id\":\"https:\/\/davidtrotzig.com\/ca\/#website\"},\"primaryImageOfPage\":{\"@id\":\"https:\/\/davidtrotzig.com\/ca\/problemes-transtorns\/enuig-desproporcionat-agressivitat-i-rabia\/#primaryimage\"},\"image\":{\"@id\":\"https:\/\/davidtrotzig.com\/ca\/problemes-transtorns\/enuig-desproporcionat-agressivitat-i-rabia\/#primaryimage\"},\"thumbnailUrl\":\"https:\/\/davidtrotzig.com\/wp-content\/uploads\/2024\/03\/david-trotzig_enfado-desproporcionado.jpeg\",\"datePublished\":\"2024-03-05T15:09:43+00:00\",\"dateModified\":\"2024-06-12T15:06:58+00:00\",\"description\":\"Gesti\u00f3 de la ira, de la r\u00e0bia i de l'agressivitat sigui en fam\u00edlia o en altres \u00e0mbits\",\"breadcrumb\":{\"@id\":\"https:\/\/davidtrotzig.com\/ca\/problemes-transtorns\/enuig-desproporcionat-agressivitat-i-rabia\/#breadcrumb\"},\"inLanguage\":\"ca\",\"potentialAction\":[{\"@type\":\"ReadAction\",\"target\":[\"https:\/\/davidtrotzig.com\/ca\/problemes-transtorns\/enuig-desproporcionat-agressivitat-i-rabia\/\"]}]},{\"@type\":\"ImageObject\",\"inLanguage\":\"ca\",\"@id\":\"https:\/\/davidtrotzig.com\/ca\/problemes-transtorns\/enuig-desproporcionat-agressivitat-i-rabia\/#primaryimage\",\"url\":\"https:\/\/davidtrotzig.com\/wp-content\/uploads\/2024\/03\/david-trotzig_enfado-desproporcionado.jpeg\",\"contentUrl\":\"https:\/\/davidtrotzig.com\/wp-content\/uploads\/2024\/03\/david-trotzig_enfado-desproporcionado.jpeg\",\"width\":1540,\"height\":1180},{\"@type\":\"BreadcrumbList\",\"@id\":\"https:\/\/davidtrotzig.com\/ca\/problemes-transtorns\/enuig-desproporcionat-agressivitat-i-rabia\/#breadcrumb\",\"itemListElement\":[{\"@type\":\"ListItem\",\"position\":1,\"name\":\"Portada\",\"item\":\"https:\/\/davidtrotzig.com\/ca\/\"},{\"@type\":\"ListItem\",\"position\":2,\"name\":\"Transtorns\",\"item\":\"https:\/\/davidtrotzig.com\/ca\/problemes-transtorns\/\"},{\"@type\":\"ListItem\",\"position\":3,\"name\":\"Enfado desproporcionat, agressivitat i r\u00e0bia\"}]},{\"@type\":\"WebSite\",\"@id\":\"https:\/\/davidtrotzig.com\/ca\/#website\",\"url\":\"https:\/\/davidtrotzig.com\/ca\/\",\"name\":\"David Trotzig\",\"description\":\"Psicoterapeuta especializado en terapia del trauma y terapia psicocorporal\",\"potentialAction\":[{\"@type\":\"SearchAction\",\"target\":{\"@type\":\"EntryPoint\",\"urlTemplate\":\"https:\/\/davidtrotzig.com\/ca\/?s={search_term_string}\"},\"query-input\":\"required name=search_term_string\"}],\"inLanguage\":\"ca\"}]}<\/script>\n<!-- \/ Yoast SEO plugin. -->","yoast_head_json":{"title":"Enfado desproporcionat, agressivitat i r\u00e0bia - David Trotzig","description":"Gesti\u00f3 de la ira, de la r\u00e0bia i de l'agressivitat sigui en fam\u00edlia o en altres \u00e0mbits","robots":{"index":"index","follow":"follow","max-snippet":"max-snippet:-1","max-image-preview":"max-image-preview:large","max-video-preview":"max-video-preview:-1"},"canonical":"https:\/\/davidtrotzig.com\/ca\/problemes-transtorns\/enuig-desproporcionat-agressivitat-i-rabia\/","og_locale":"ca_ES","og_type":"article","og_title":"Enfado desproporcionat, agressivitat i r\u00e0bia - David Trotzig","og_description":"Gesti\u00f3 de la ira, de la r\u00e0bia i de l'agressivitat sigui en fam\u00edlia o en altres \u00e0mbits","og_url":"https:\/\/davidtrotzig.com\/ca\/problemes-transtorns\/enuig-desproporcionat-agressivitat-i-rabia\/","og_site_name":"David Trotzig","article_modified_time":"2024-06-12T15:06:58+00:00","og_image":[{"width":1540,"height":1180,"url":"https:\/\/davidtrotzig.com\/wp-content\/uploads\/2024\/03\/david-trotzig_enfado-desproporcionado.jpeg","type":"image\/jpeg"}],"twitter_card":"summary_large_image","twitter_misc":{"Temps estimat de lectura":"1 minut"},"schema":{"@context":"https:\/\/schema.org","@graph":[{"@type":"WebPage","@id":"https:\/\/davidtrotzig.com\/ca\/problemes-transtorns\/enuig-desproporcionat-agressivitat-i-rabia\/","url":"https:\/\/davidtrotzig.com\/ca\/problemes-transtorns\/enuig-desproporcionat-agressivitat-i-rabia\/","name":"Enfado desproporcionat, agressivitat i r\u00e0bia - David Trotzig","isPartOf":{"@id":"https:\/\/davidtrotzig.com\/ca\/#website"},"primaryImageOfPage":{"@id":"https:\/\/davidtrotzig.com\/ca\/problemes-transtorns\/enuig-desproporcionat-agressivitat-i-rabia\/#primaryimage"},"image":{"@id":"https:\/\/davidtrotzig.com\/ca\/problemes-transtorns\/enuig-desproporcionat-agressivitat-i-rabia\/#primaryimage"},"thumbnailUrl":"https:\/\/davidtrotzig.com\/wp-content\/uploads\/2024\/03\/david-trotzig_enfado-desproporcionado.jpeg","datePublished":"2024-03-05T15:09:43+00:00","dateModified":"2024-06-12T15:06:58+00:00","description":"Gesti\u00f3 de la ira, de la r\u00e0bia i de l'agressivitat sigui en fam\u00edlia o en altres \u00e0mbits","breadcrumb":{"@id":"https:\/\/davidtrotzig.com\/ca\/problemes-transtorns\/enuig-desproporcionat-agressivitat-i-rabia\/#breadcrumb"},"inLanguage":"ca","potentialAction":[{"@type":"ReadAction","target":["https:\/\/davidtrotzig.com\/ca\/problemes-transtorns\/enuig-desproporcionat-agressivitat-i-rabia\/"]}]},{"@type":"ImageObject","inLanguage":"ca","@id":"https:\/\/davidtrotzig.com\/ca\/problemes-transtorns\/enuig-desproporcionat-agressivitat-i-rabia\/#primaryimage","url":"https:\/\/davidtrotzig.com\/wp-content\/uploads\/2024\/03\/david-trotzig_enfado-desproporcionado.jpeg","contentUrl":"https:\/\/davidtrotzig.com\/wp-content\/uploads\/2024\/03\/david-trotzig_enfado-desproporcionado.jpeg","width":1540,"height":1180},{"@type":"BreadcrumbList","@id":"https:\/\/davidtrotzig.com\/ca\/problemes-transtorns\/enuig-desproporcionat-agressivitat-i-rabia\/#breadcrumb","itemListElement":[{"@type":"ListItem","position":1,"name":"Portada","item":"https:\/\/davidtrotzig.com\/ca\/"},{"@type":"ListItem","position":2,"name":"Transtorns","item":"https:\/\/davidtrotzig.com\/ca\/problemes-transtorns\/"},{"@type":"ListItem","position":3,"name":"Enfado desproporcionat, agressivitat i r\u00e0bia"}]},{"@type":"WebSite","@id":"https:\/\/davidtrotzig.com\/ca\/#website","url":"https:\/\/davidtrotzig.com\/ca\/","name":"David Trotzig","description":"Psicoterapeuta especializado en terapia del trauma y terapia psicocorporal","potentialAction":[{"@type":"SearchAction","target":{"@type":"EntryPoint","urlTemplate":"https:\/\/davidtrotzig.com\/ca\/?s={search_term_string}"},"query-input":"required name=search_term_string"}],"inLanguage":"ca"}]}},"_links":{"self":[{"href":"https:\/\/davidtrotzig.com\/ca\/wp-json\/wp\/v2\/trastornos\/758","targetHints":{"allow":["GET"]}}],"collection":[{"href":"https:\/\/davidtrotzig.com\/ca\/wp-json\/wp\/v2\/trastornos"}],"about":[{"href":"https:\/\/davidtrotzig.com\/ca\/wp-json\/wp\/v2\/types\/trastornos"}],"wp:featuredmedia":[{"embeddable":true,"href":"https:\/\/davidtrotzig.com\/ca\/wp-json\/wp\/v2\/media\/660"}],"wp:attachment":[{"href":"https:\/\/davidtrotzig.com\/ca\/wp-json\/wp\/v2\/media?parent=758"}],"curies":[{"name":"wp","href":"https:\/\/api.w.org\/{rel}","templated":true}]}}