{"id":980,"date":"2024-03-05T16:02:01","date_gmt":"2024-03-05T15:02:01","guid":{"rendered":"https:\/\/davidtrotzig.com\/problemas-y-trastornos\/depression\/"},"modified":"2024-06-20T17:37:27","modified_gmt":"2024-06-20T15:37:27","slug":"depression","status":"publish","type":"trastornos","link":"https:\/\/davidtrotzig.com\/fr\/problemes-troubles\/depression\/","title":{"rendered":"D\u00e9pression"},"content":{"rendered":"\n<h3 class=\"wp-block-heading\">Perspective m\u00e9dicale vs. Th\u00e9ories psychologiques<\/h3>\n\n<p>En m\u00e9decine traditionnelle, la d\u00e9pression est consid\u00e9r\u00e9e comme un probl\u00e8me li\u00e9 \u00e0 la chimie interne du cerveau, traitable uniquement par des m\u00e9dicaments. Cependant, il existe des th\u00e9ories psychologiques qui expliquent le ph\u00e9nom\u00e8ne et comment il peut \u00eatre gu\u00e9ri. D\u2019apr\u00e8s mon exp\u00e9rience, la cause principale de la d\u00e9pression r\u00e9side dans les conflits internes et inconscients que la personne ne sait pas r\u00e9soudre.<\/p>\n\n<h3 class=\"wp-block-heading\">La structure d\u00e9fensive adaptative<\/h3>\n\n<p>D\u00e8s le plus jeune \u00e2ge, nous construisons une structure d\u00e9fensive adaptative. Cette \u00ab armure \u00bb nous prot\u00e8ge des dangers internes (peurs et compulsions) et des dangers externes. Cette structure nous apporte de la stabilit\u00e9, mais elle peut se d\u00e9compenser dans des situations de stress prolong\u00e9 ou d&rsquo;\u00e9v\u00e9nements traumatisants.<\/p>\n\n<h3 class=\"wp-block-heading\">Conflits internes dans la d\u00e9pression<\/h3>\n\n<p>Lorsque la structure est d\u00e9compens\u00e9e, des conflits internes apparaissent. Dans la d\u00e9pression, la lutte entre la partie impulsive (col\u00e8re refoul\u00e9e) et la partie r\u00e9gulatrice de la personnalit\u00e9 est fr\u00e9quente. L&rsquo;impulsion est inhib\u00e9e parce que la personne croit inconsciemment qu&rsquo;agir est dangereux ou interdit. Cela peut entra\u00eener une paralysie des motivations, des sentiments de vide, de l\u2019anxi\u00e9t\u00e9 et de l\u2019angoisse. D\u2019autres causes profondes peuvent inclure la peur de l\u2019abandon et une faible estime de soi.<\/p>\n\n<h3 class=\"wp-block-heading\">Approche th\u00e9rapeutique<\/h3>\n\n<p>La th\u00e9rapie repose sur l&rsquo;identification des sources de conflits inconscients, survenant g\u00e9n\u00e9ralement dans l&rsquo;enfance, et sur l&rsquo;application de techniques psychoth\u00e9rapeutiques pour les r\u00e9soudre. Les m\u00e9dicaments ne sont pas incompatibles avec la psychoth\u00e9rapie et sont parfois n\u00e9cessaires pour que le patient ait suffisamment d&rsquo;\u00e9nergie pour la th\u00e9rapie et une vie quotidienne supportable.<\/p>\n\n<h3 class=\"wp-block-heading\">Processus de r\u00e9cup\u00e9ration<\/h3>\n\n<p>\u00c0 mesure que les sympt\u00f4mes diminuent, le m\u00e9dicament est r\u00e9duit jusqu\u2019\u00e0 ce qu\u2019il ne soit plus n\u00e9cessaire. Le but est que la personne vive en libert\u00e9 et en tranquillit\u00e9.<\/p>\n","protected":false},"excerpt":{"rendered":"<p>Le sympt\u00f4me le plus caract\u00e9ristique de la d\u00e9pression est qu&rsquo;une personne se sent d\u00e9prim\u00e9e, paralys\u00e9e, comme si elle avait un poids \u00e9crasant qui inhibait sa vitalit\u00e9, l&#8217;emp\u00eachant de vivre pleinement.<\/p>\n","protected":false},"featured_media":658,"template":"","class_list":["post-980","trastornos","type-trastornos","status-publish","has-post-thumbnail","hentry"],"yoast_head":"<!-- This site is optimized with the Yoast SEO plugin v22.6 - https:\/\/yoast.com\/wordpress\/plugins\/seo\/ -->\n<title>D\u00e9pression - David Trotzig<\/title>\n<meta name=\"description\" content=\"Identifier et r\u00e9soudre les conflits inconscients sont essentiels pour surmonter la d\u00e9pression et atteindre la stabilit\u00e9 \u00e9motionnelle. D\u00e9couvrir comment les conflits internes et inconscients peuvent \u00eatre la principale cause de la d\u00e9pression et comment une th\u00e9rapie psychoth\u00e9rapeutique, parfois compl\u00e9t\u00e9e par des m\u00e9dicaments, peut aider \u00e0 r\u00e9soudre ces conflits et \u00e0 atteindre une stabilit\u00e9 \u00e9motionnelle.\" \/>\n<meta name=\"robots\" content=\"index, follow, max-snippet:-1, max-image-preview:large, max-video-preview:-1\" \/>\n<link rel=\"canonical\" href=\"https:\/\/davidtrotzig.com\/fr\/problemes-troubles\/depression\/\" \/>\n<meta property=\"og:locale\" content=\"fr_FR\" \/>\n<meta property=\"og:type\" content=\"article\" \/>\n<meta property=\"og:title\" content=\"D\u00e9pression - David Trotzig\" \/>\n<meta property=\"og:description\" content=\"Identifier et r\u00e9soudre les conflits inconscients sont essentiels pour surmonter la d\u00e9pression et atteindre la stabilit\u00e9 \u00e9motionnelle. D\u00e9couvrir comment les conflits internes et inconscients peuvent \u00eatre la principale cause de la d\u00e9pression et comment une th\u00e9rapie psychoth\u00e9rapeutique, parfois compl\u00e9t\u00e9e par des m\u00e9dicaments, peut aider \u00e0 r\u00e9soudre ces conflits et \u00e0 atteindre une stabilit\u00e9 \u00e9motionnelle.\" \/>\n<meta property=\"og:url\" content=\"https:\/\/davidtrotzig.com\/fr\/problemes-troubles\/depression\/\" \/>\n<meta property=\"og:site_name\" content=\"David Trotzig\" \/>\n<meta property=\"article:modified_time\" content=\"2024-06-20T15:37:27+00:00\" \/>\n<meta property=\"og:image\" content=\"https:\/\/davidtrotzig.com\/wp-content\/uploads\/2024\/03\/david-trotzig_depresion.jpeg\" \/>\n\t<meta property=\"og:image:width\" content=\"538\" \/>\n\t<meta property=\"og:image:height\" content=\"495\" \/>\n\t<meta property=\"og:image:type\" content=\"image\/jpeg\" \/>\n<meta name=\"twitter:card\" content=\"summary_large_image\" \/>\n<meta name=\"twitter:label1\" content=\"Dur\u00e9e de lecture estim\u00e9e\" \/>\n\t<meta name=\"twitter:data1\" content=\"2 minutes\" \/>\n<script type=\"application\/ld+json\" class=\"yoast-schema-graph\">{\"@context\":\"https:\/\/schema.org\",\"@graph\":[{\"@type\":\"WebPage\",\"@id\":\"https:\/\/davidtrotzig.com\/fr\/problemes-troubles\/depression\/\",\"url\":\"https:\/\/davidtrotzig.com\/fr\/problemes-troubles\/depression\/\",\"name\":\"D\u00e9pression - David Trotzig\",\"isPartOf\":{\"@id\":\"https:\/\/davidtrotzig.com\/fr\/#website\"},\"primaryImageOfPage\":{\"@id\":\"https:\/\/davidtrotzig.com\/fr\/problemes-troubles\/depression\/#primaryimage\"},\"image\":{\"@id\":\"https:\/\/davidtrotzig.com\/fr\/problemes-troubles\/depression\/#primaryimage\"},\"thumbnailUrl\":\"https:\/\/davidtrotzig.com\/wp-content\/uploads\/2024\/03\/david-trotzig_depresion.jpeg\",\"datePublished\":\"2024-03-05T15:02:01+00:00\",\"dateModified\":\"2024-06-20T15:37:27+00:00\",\"description\":\"Identifier et r\u00e9soudre les conflits inconscients sont essentiels pour surmonter la d\u00e9pression et atteindre la stabilit\u00e9 \u00e9motionnelle. D\u00e9couvrir comment les conflits internes et inconscients peuvent \u00eatre la principale cause de la d\u00e9pression et comment une th\u00e9rapie psychoth\u00e9rapeutique, parfois compl\u00e9t\u00e9e par des m\u00e9dicaments, peut aider \u00e0 r\u00e9soudre ces conflits et \u00e0 atteindre une stabilit\u00e9 \u00e9motionnelle.\",\"breadcrumb\":{\"@id\":\"https:\/\/davidtrotzig.com\/fr\/problemes-troubles\/depression\/#breadcrumb\"},\"inLanguage\":\"fr-FR\",\"potentialAction\":[{\"@type\":\"ReadAction\",\"target\":[\"https:\/\/davidtrotzig.com\/fr\/problemes-troubles\/depression\/\"]}]},{\"@type\":\"ImageObject\",\"inLanguage\":\"fr-FR\",\"@id\":\"https:\/\/davidtrotzig.com\/fr\/problemes-troubles\/depression\/#primaryimage\",\"url\":\"https:\/\/davidtrotzig.com\/wp-content\/uploads\/2024\/03\/david-trotzig_depresion.jpeg\",\"contentUrl\":\"https:\/\/davidtrotzig.com\/wp-content\/uploads\/2024\/03\/david-trotzig_depresion.jpeg\",\"width\":538,\"height\":495},{\"@type\":\"BreadcrumbList\",\"@id\":\"https:\/\/davidtrotzig.com\/fr\/problemes-troubles\/depression\/#breadcrumb\",\"itemListElement\":[{\"@type\":\"ListItem\",\"position\":1,\"name\":\"Portada\",\"item\":\"https:\/\/davidtrotzig.com\/fr\/\"},{\"@type\":\"ListItem\",\"position\":2,\"name\":\"Troubles\",\"item\":\"https:\/\/davidtrotzig.com\/fr\/problemes-troubles\/\"},{\"@type\":\"ListItem\",\"position\":3,\"name\":\"D\u00e9pression\"}]},{\"@type\":\"WebSite\",\"@id\":\"https:\/\/davidtrotzig.com\/fr\/#website\",\"url\":\"https:\/\/davidtrotzig.com\/fr\/\",\"name\":\"David Trotzig\",\"description\":\"Psicoterapeuta especializado en terapia del trauma y terapia psicocorporal\",\"potentialAction\":[{\"@type\":\"SearchAction\",\"target\":{\"@type\":\"EntryPoint\",\"urlTemplate\":\"https:\/\/davidtrotzig.com\/fr\/?s={search_term_string}\"},\"query-input\":\"required name=search_term_string\"}],\"inLanguage\":\"fr-FR\"}]}<\/script>\n<!-- \/ Yoast SEO plugin. -->","yoast_head_json":{"title":"D\u00e9pression - David Trotzig","description":"Identifier et r\u00e9soudre les conflits inconscients sont essentiels pour surmonter la d\u00e9pression et atteindre la stabilit\u00e9 \u00e9motionnelle. D\u00e9couvrir comment les conflits internes et inconscients peuvent \u00eatre la principale cause de la d\u00e9pression et comment une th\u00e9rapie psychoth\u00e9rapeutique, parfois compl\u00e9t\u00e9e par des m\u00e9dicaments, peut aider \u00e0 r\u00e9soudre ces conflits et \u00e0 atteindre une stabilit\u00e9 \u00e9motionnelle.","robots":{"index":"index","follow":"follow","max-snippet":"max-snippet:-1","max-image-preview":"max-image-preview:large","max-video-preview":"max-video-preview:-1"},"canonical":"https:\/\/davidtrotzig.com\/fr\/problemes-troubles\/depression\/","og_locale":"fr_FR","og_type":"article","og_title":"D\u00e9pression - David Trotzig","og_description":"Identifier et r\u00e9soudre les conflits inconscients sont essentiels pour surmonter la d\u00e9pression et atteindre la stabilit\u00e9 \u00e9motionnelle. D\u00e9couvrir comment les conflits internes et inconscients peuvent \u00eatre la principale cause de la d\u00e9pression et comment une th\u00e9rapie psychoth\u00e9rapeutique, parfois compl\u00e9t\u00e9e par des m\u00e9dicaments, peut aider \u00e0 r\u00e9soudre ces conflits et \u00e0 atteindre une stabilit\u00e9 \u00e9motionnelle.","og_url":"https:\/\/davidtrotzig.com\/fr\/problemes-troubles\/depression\/","og_site_name":"David Trotzig","article_modified_time":"2024-06-20T15:37:27+00:00","og_image":[{"width":538,"height":495,"url":"https:\/\/davidtrotzig.com\/wp-content\/uploads\/2024\/03\/david-trotzig_depresion.jpeg","type":"image\/jpeg"}],"twitter_card":"summary_large_image","twitter_misc":{"Dur\u00e9e de lecture estim\u00e9e":"2 minutes"},"schema":{"@context":"https:\/\/schema.org","@graph":[{"@type":"WebPage","@id":"https:\/\/davidtrotzig.com\/fr\/problemes-troubles\/depression\/","url":"https:\/\/davidtrotzig.com\/fr\/problemes-troubles\/depression\/","name":"D\u00e9pression - David Trotzig","isPartOf":{"@id":"https:\/\/davidtrotzig.com\/fr\/#website"},"primaryImageOfPage":{"@id":"https:\/\/davidtrotzig.com\/fr\/problemes-troubles\/depression\/#primaryimage"},"image":{"@id":"https:\/\/davidtrotzig.com\/fr\/problemes-troubles\/depression\/#primaryimage"},"thumbnailUrl":"https:\/\/davidtrotzig.com\/wp-content\/uploads\/2024\/03\/david-trotzig_depresion.jpeg","datePublished":"2024-03-05T15:02:01+00:00","dateModified":"2024-06-20T15:37:27+00:00","description":"Identifier et r\u00e9soudre les conflits inconscients sont essentiels pour surmonter la d\u00e9pression et atteindre la stabilit\u00e9 \u00e9motionnelle. D\u00e9couvrir comment les conflits internes et inconscients peuvent \u00eatre la principale cause de la d\u00e9pression et comment une th\u00e9rapie psychoth\u00e9rapeutique, parfois compl\u00e9t\u00e9e par des m\u00e9dicaments, peut aider \u00e0 r\u00e9soudre ces conflits et \u00e0 atteindre une stabilit\u00e9 \u00e9motionnelle.","breadcrumb":{"@id":"https:\/\/davidtrotzig.com\/fr\/problemes-troubles\/depression\/#breadcrumb"},"inLanguage":"fr-FR","potentialAction":[{"@type":"ReadAction","target":["https:\/\/davidtrotzig.com\/fr\/problemes-troubles\/depression\/"]}]},{"@type":"ImageObject","inLanguage":"fr-FR","@id":"https:\/\/davidtrotzig.com\/fr\/problemes-troubles\/depression\/#primaryimage","url":"https:\/\/davidtrotzig.com\/wp-content\/uploads\/2024\/03\/david-trotzig_depresion.jpeg","contentUrl":"https:\/\/davidtrotzig.com\/wp-content\/uploads\/2024\/03\/david-trotzig_depresion.jpeg","width":538,"height":495},{"@type":"BreadcrumbList","@id":"https:\/\/davidtrotzig.com\/fr\/problemes-troubles\/depression\/#breadcrumb","itemListElement":[{"@type":"ListItem","position":1,"name":"Portada","item":"https:\/\/davidtrotzig.com\/fr\/"},{"@type":"ListItem","position":2,"name":"Troubles","item":"https:\/\/davidtrotzig.com\/fr\/problemes-troubles\/"},{"@type":"ListItem","position":3,"name":"D\u00e9pression"}]},{"@type":"WebSite","@id":"https:\/\/davidtrotzig.com\/fr\/#website","url":"https:\/\/davidtrotzig.com\/fr\/","name":"David Trotzig","description":"Psicoterapeuta especializado en terapia del trauma y terapia psicocorporal","potentialAction":[{"@type":"SearchAction","target":{"@type":"EntryPoint","urlTemplate":"https:\/\/davidtrotzig.com\/fr\/?s={search_term_string}"},"query-input":"required name=search_term_string"}],"inLanguage":"fr-FR"}]}},"_links":{"self":[{"href":"https:\/\/davidtrotzig.com\/fr\/wp-json\/wp\/v2\/trastornos\/980","targetHints":{"allow":["GET"]}}],"collection":[{"href":"https:\/\/davidtrotzig.com\/fr\/wp-json\/wp\/v2\/trastornos"}],"about":[{"href":"https:\/\/davidtrotzig.com\/fr\/wp-json\/wp\/v2\/types\/trastornos"}],"wp:featuredmedia":[{"embeddable":true,"href":"https:\/\/davidtrotzig.com\/fr\/wp-json\/wp\/v2\/media\/658"}],"wp:attachment":[{"href":"https:\/\/davidtrotzig.com\/fr\/wp-json\/wp\/v2\/media?parent=980"}],"curies":[{"name":"wp","href":"https:\/\/api.w.org\/{rel}","templated":true}]}}