{"id":981,"date":"2024-03-05T16:01:08","date_gmt":"2024-03-05T15:01:08","guid":{"rendered":"https:\/\/davidtrotzig.com\/problemas-y-trastornos\/troubles-danxiete-panique\/"},"modified":"2024-06-21T13:12:25","modified_gmt":"2024-06-21T11:12:25","slug":"troubles-danxiete-panique","status":"publish","type":"trastornos","link":"https:\/\/davidtrotzig.com\/fr\/problemes-troubles\/troubles-danxiete-panique\/","title":{"rendered":"Troubles d&rsquo;anxi\u00e9t\u00e9\/panique"},"content":{"rendered":"\n<h3 class=\"wp-block-heading\">Construction des d\u00e9fenses d\u00e8s l\u2019enfance<\/h3>\n\n<p>Depuis l&rsquo;enfance, nous avons construit des d\u00e9fenses pour nous adapter \u00e0 notre environnement. Ces d\u00e9fenses nous permettent de maintenir un \u00e9quilibre vital et de mener la vie que nous souhaitons ou dont nous avons besoin.<\/p>\n\n<h3 class=\"wp-block-heading\">Rupture de l&rsquo;\u00c9quilibre Vital<\/h3>\n\n<p>Des facteurs vitaux peuvent briser cet \u00e9quilibre et notre structure d\u00e9fensive, nous exposant ainsi. Une crise d\u2019angoisse est un sympt\u00f4me de ce qui s\u2019est produit.<\/p>\n\n<h3 class=\"wp-block-heading\">Impact de la crise d&rsquo;anxi\u00e9t\u00e9<\/h3>\n\n<p>L\u2019impact d\u2019une crise d\u2019angoisse sur le corps est tr\u00e8s fort, s\u2019inscrivant comme un traumatisme majeur. Tout ce qui nous rappelle ce moment peut d\u00e9clencher des sensations similaires, voire une autre crise d\u2019angoisse.<\/p>\n\n<h3 class=\"wp-block-heading\">Sensibilit\u00e9 et surveillance corporelle<\/h3>\n\n<p>De ce fait, la personne devient tr\u00e8s sensible et attentive aux sensations corporelles telles que la respiration, le rythme cardiaque, la tension et la douleur. Lors d\u2019une crise d\u2019angoisse, il est fr\u00e9quent de ressentir une sensation intense et angoissante de catastrophe imminente.<\/p>\n\n<h3 class=\"wp-block-heading\">Sensations de danger<\/h3>\n\n<p>Toute sensation qui vous rappelle l\u2019attaque peut d\u00e9clencher la m\u00eame peur intense. M\u00eame si la personne est en s\u00e9curit\u00e9, elle peut ressentir un danger aigu, voire de mort, ce qui peut la traumatiser \u00e0 nouveau.<\/p>\n\n<h3 class=\"wp-block-heading\">Phases de traitement<\/h3>\n\n<p>La th\u00e9rapie pour traiter les crises d\u2019anxi\u00e9t\u00e9 ou le trouble panique est divis\u00e9e en deux phases.<\/p>\n\n<h4 class=\"wp-block-heading\">Premi\u00e8re phase\u00a0:\u00a0r\u00e9duire les effets traumatiques<\/h4>\n\n<p>La premi\u00e8re phase doit \u00eatre effectu\u00e9e le plus t\u00f4t possible apr\u00e8s la crise d\u2019angoisse. Son objectif est de r\u00e9duire les effets traumatiques de l&rsquo;agression et de r\u00e9tablir la normalit\u00e9 dans la vie du patient. Ceci est r\u00e9alis\u00e9 gr\u00e2ce \u00e0 diverses techniques psychoth\u00e9rapeutiques, \u00e0 la fois cognitives, analytiques et symptomatologiques.<\/p>\n\n<h4 class=\"wp-block-heading\">Deuxi\u00e8me phase\u00a0: r\u00e9solution des conflits profonds<\/h4>\n\n<p>La deuxi\u00e8me phase commence lorsque le patient est revenu plus ou moins \u00e0 la normale et a retrouv\u00e9 un certain sentiment de s\u00e9curit\u00e9. Nous travaillons \u00e0 r\u00e9soudre les conflits profonds qui ont conduit la personne \u00e0 cette situation de stress si forte qu&rsquo;elle a bris\u00e9 ses d\u00e9fenses \u00e9motionnelles. Des techniques th\u00e9rapeutiques plus approfondies sont appliqu\u00e9es, depuis la psychoth\u00e9rapie br\u00e8ve pour aborder le probl\u00e8me sp\u00e9cifique jusqu&rsquo;\u00e0 la psychoth\u00e9rapie en profondeur dans le but d&rsquo;un changement structurel profond et durable de la personnalit\u00e9.<\/p>\n","protected":false},"excerpt":{"rendered":"<p>Depuis l&rsquo;enfance, nous avons construit des d\u00e9fenses pour pouvoir nous adapter \u00e0 notre environnement. Avec ces d\u00e9fenses, nous pouvons atteindre un \u00e9quilibre vital qui nous permet d\u2019avancer et de vivre la vie que nous voulons ou devons mener. Cependant, il existe des facteurs vitaux qui peuvent briser cet \u00e9quilibre, briser notre structure d\u00e9fensive et nous exposer totalement. L\u2019un des sympt\u00f4mes de ce ph\u00e9nom\u00e8ne est la crise d\u2019angoisse.<\/p>\n","protected":false},"featured_media":674,"template":"","class_list":["post-981","trastornos","type-trastornos","status-publish","has-post-thumbnail","hentry"],"yoast_head":"<!-- This site is optimized with the Yoast SEO plugin v22.6 - https:\/\/yoast.com\/wordpress\/plugins\/seo\/ -->\n<title>Troubles d&#039;anxi\u00e9t\u00e9\/panique - David Trotzig<\/title>\n<meta name=\"description\" content=\"R\u00e9tablir l\u2019\u00e9quilibre \u00e9motionnel et r\u00e9soudre les conflits profonds apr\u00e8s une crise d\u2019anxi\u00e9t\u00e9 ou de panique. D\u00e9couvrir comment une th\u00e9rapie psychologique en deux phases aborde les effets traumatisants d&#039;une crise d&#039;angoisse, r\u00e9tablissant la stabilit\u00e9 \u00e9motionnelle et r\u00e9solvant les conflits profonds pour favoriser un changement de personnalit\u00e9 durable.\" \/>\n<meta name=\"robots\" content=\"index, follow, max-snippet:-1, max-image-preview:large, max-video-preview:-1\" \/>\n<link rel=\"canonical\" href=\"https:\/\/davidtrotzig.com\/fr\/problemes-troubles\/troubles-danxiete-panique\/\" \/>\n<meta property=\"og:locale\" content=\"fr_FR\" \/>\n<meta property=\"og:type\" content=\"article\" \/>\n<meta property=\"og:title\" content=\"Troubles d&#039;anxi\u00e9t\u00e9\/panique - David Trotzig\" \/>\n<meta property=\"og:description\" content=\"R\u00e9tablir l\u2019\u00e9quilibre \u00e9motionnel et r\u00e9soudre les conflits profonds apr\u00e8s une crise d\u2019anxi\u00e9t\u00e9 ou de panique. D\u00e9couvrir comment une th\u00e9rapie psychologique en deux phases aborde les effets traumatisants d&#039;une crise d&#039;angoisse, r\u00e9tablissant la stabilit\u00e9 \u00e9motionnelle et r\u00e9solvant les conflits profonds pour favoriser un changement de personnalit\u00e9 durable.\" \/>\n<meta property=\"og:url\" content=\"https:\/\/davidtrotzig.com\/fr\/problemes-troubles\/troubles-danxiete-panique\/\" \/>\n<meta property=\"og:site_name\" content=\"David Trotzig\" \/>\n<meta property=\"article:modified_time\" content=\"2024-06-21T11:12:25+00:00\" \/>\n<meta property=\"og:image\" content=\"https:\/\/davidtrotzig.com\/wp-content\/uploads\/2024\/03\/david-trotzig_trastornos-ansiedad-panico.jpeg\" \/>\n\t<meta property=\"og:image:width\" content=\"539\" \/>\n\t<meta property=\"og:image:height\" content=\"495\" \/>\n\t<meta property=\"og:image:type\" content=\"image\/jpeg\" \/>\n<meta name=\"twitter:card\" content=\"summary_large_image\" \/>\n<meta name=\"twitter:label1\" content=\"Dur\u00e9e de lecture estim\u00e9e\" \/>\n\t<meta name=\"twitter:data1\" content=\"2 minutes\" \/>\n<script type=\"application\/ld+json\" class=\"yoast-schema-graph\">{\"@context\":\"https:\/\/schema.org\",\"@graph\":[{\"@type\":\"WebPage\",\"@id\":\"https:\/\/davidtrotzig.com\/fr\/problemes-troubles\/troubles-danxiete-panique\/\",\"url\":\"https:\/\/davidtrotzig.com\/fr\/problemes-troubles\/troubles-danxiete-panique\/\",\"name\":\"Troubles d'anxi\u00e9t\u00e9\/panique - David Trotzig\",\"isPartOf\":{\"@id\":\"https:\/\/davidtrotzig.com\/fr\/#website\"},\"primaryImageOfPage\":{\"@id\":\"https:\/\/davidtrotzig.com\/fr\/problemes-troubles\/troubles-danxiete-panique\/#primaryimage\"},\"image\":{\"@id\":\"https:\/\/davidtrotzig.com\/fr\/problemes-troubles\/troubles-danxiete-panique\/#primaryimage\"},\"thumbnailUrl\":\"https:\/\/davidtrotzig.com\/wp-content\/uploads\/2024\/03\/david-trotzig_trastornos-ansiedad-panico.jpeg\",\"datePublished\":\"2024-03-05T15:01:08+00:00\",\"dateModified\":\"2024-06-21T11:12:25+00:00\",\"description\":\"R\u00e9tablir l\u2019\u00e9quilibre \u00e9motionnel et r\u00e9soudre les conflits profonds apr\u00e8s une crise d\u2019anxi\u00e9t\u00e9 ou de panique. D\u00e9couvrir comment une th\u00e9rapie psychologique en deux phases aborde les effets traumatisants d'une crise d'angoisse, r\u00e9tablissant la stabilit\u00e9 \u00e9motionnelle et r\u00e9solvant les conflits profonds pour favoriser un changement de personnalit\u00e9 durable.\",\"breadcrumb\":{\"@id\":\"https:\/\/davidtrotzig.com\/fr\/problemes-troubles\/troubles-danxiete-panique\/#breadcrumb\"},\"inLanguage\":\"fr-FR\",\"potentialAction\":[{\"@type\":\"ReadAction\",\"target\":[\"https:\/\/davidtrotzig.com\/fr\/problemes-troubles\/troubles-danxiete-panique\/\"]}]},{\"@type\":\"ImageObject\",\"inLanguage\":\"fr-FR\",\"@id\":\"https:\/\/davidtrotzig.com\/fr\/problemes-troubles\/troubles-danxiete-panique\/#primaryimage\",\"url\":\"https:\/\/davidtrotzig.com\/wp-content\/uploads\/2024\/03\/david-trotzig_trastornos-ansiedad-panico.jpeg\",\"contentUrl\":\"https:\/\/davidtrotzig.com\/wp-content\/uploads\/2024\/03\/david-trotzig_trastornos-ansiedad-panico.jpeg\",\"width\":539,\"height\":495},{\"@type\":\"BreadcrumbList\",\"@id\":\"https:\/\/davidtrotzig.com\/fr\/problemes-troubles\/troubles-danxiete-panique\/#breadcrumb\",\"itemListElement\":[{\"@type\":\"ListItem\",\"position\":1,\"name\":\"Portada\",\"item\":\"https:\/\/davidtrotzig.com\/fr\/\"},{\"@type\":\"ListItem\",\"position\":2,\"name\":\"Troubles\",\"item\":\"https:\/\/davidtrotzig.com\/fr\/problemes-troubles\/\"},{\"@type\":\"ListItem\",\"position\":3,\"name\":\"Troubles d&#8217;anxi\u00e9t\u00e9\/panique\"}]},{\"@type\":\"WebSite\",\"@id\":\"https:\/\/davidtrotzig.com\/fr\/#website\",\"url\":\"https:\/\/davidtrotzig.com\/fr\/\",\"name\":\"David Trotzig\",\"description\":\"Psicoterapeuta especializado en terapia del trauma y terapia psicocorporal\",\"potentialAction\":[{\"@type\":\"SearchAction\",\"target\":{\"@type\":\"EntryPoint\",\"urlTemplate\":\"https:\/\/davidtrotzig.com\/fr\/?s={search_term_string}\"},\"query-input\":\"required name=search_term_string\"}],\"inLanguage\":\"fr-FR\"}]}<\/script>\n<!-- \/ Yoast SEO plugin. -->","yoast_head_json":{"title":"Troubles d'anxi\u00e9t\u00e9\/panique - David Trotzig","description":"R\u00e9tablir l\u2019\u00e9quilibre \u00e9motionnel et r\u00e9soudre les conflits profonds apr\u00e8s une crise d\u2019anxi\u00e9t\u00e9 ou de panique. D\u00e9couvrir comment une th\u00e9rapie psychologique en deux phases aborde les effets traumatisants d'une crise d'angoisse, r\u00e9tablissant la stabilit\u00e9 \u00e9motionnelle et r\u00e9solvant les conflits profonds pour favoriser un changement de personnalit\u00e9 durable.","robots":{"index":"index","follow":"follow","max-snippet":"max-snippet:-1","max-image-preview":"max-image-preview:large","max-video-preview":"max-video-preview:-1"},"canonical":"https:\/\/davidtrotzig.com\/fr\/problemes-troubles\/troubles-danxiete-panique\/","og_locale":"fr_FR","og_type":"article","og_title":"Troubles d'anxi\u00e9t\u00e9\/panique - David Trotzig","og_description":"R\u00e9tablir l\u2019\u00e9quilibre \u00e9motionnel et r\u00e9soudre les conflits profonds apr\u00e8s une crise d\u2019anxi\u00e9t\u00e9 ou de panique. D\u00e9couvrir comment une th\u00e9rapie psychologique en deux phases aborde les effets traumatisants d'une crise d'angoisse, r\u00e9tablissant la stabilit\u00e9 \u00e9motionnelle et r\u00e9solvant les conflits profonds pour favoriser un changement de personnalit\u00e9 durable.","og_url":"https:\/\/davidtrotzig.com\/fr\/problemes-troubles\/troubles-danxiete-panique\/","og_site_name":"David Trotzig","article_modified_time":"2024-06-21T11:12:25+00:00","og_image":[{"width":539,"height":495,"url":"https:\/\/davidtrotzig.com\/wp-content\/uploads\/2024\/03\/david-trotzig_trastornos-ansiedad-panico.jpeg","type":"image\/jpeg"}],"twitter_card":"summary_large_image","twitter_misc":{"Dur\u00e9e de lecture estim\u00e9e":"2 minutes"},"schema":{"@context":"https:\/\/schema.org","@graph":[{"@type":"WebPage","@id":"https:\/\/davidtrotzig.com\/fr\/problemes-troubles\/troubles-danxiete-panique\/","url":"https:\/\/davidtrotzig.com\/fr\/problemes-troubles\/troubles-danxiete-panique\/","name":"Troubles d'anxi\u00e9t\u00e9\/panique - David Trotzig","isPartOf":{"@id":"https:\/\/davidtrotzig.com\/fr\/#website"},"primaryImageOfPage":{"@id":"https:\/\/davidtrotzig.com\/fr\/problemes-troubles\/troubles-danxiete-panique\/#primaryimage"},"image":{"@id":"https:\/\/davidtrotzig.com\/fr\/problemes-troubles\/troubles-danxiete-panique\/#primaryimage"},"thumbnailUrl":"https:\/\/davidtrotzig.com\/wp-content\/uploads\/2024\/03\/david-trotzig_trastornos-ansiedad-panico.jpeg","datePublished":"2024-03-05T15:01:08+00:00","dateModified":"2024-06-21T11:12:25+00:00","description":"R\u00e9tablir l\u2019\u00e9quilibre \u00e9motionnel et r\u00e9soudre les conflits profonds apr\u00e8s une crise d\u2019anxi\u00e9t\u00e9 ou de panique. D\u00e9couvrir comment une th\u00e9rapie psychologique en deux phases aborde les effets traumatisants d'une crise d'angoisse, r\u00e9tablissant la stabilit\u00e9 \u00e9motionnelle et r\u00e9solvant les conflits profonds pour favoriser un changement de personnalit\u00e9 durable.","breadcrumb":{"@id":"https:\/\/davidtrotzig.com\/fr\/problemes-troubles\/troubles-danxiete-panique\/#breadcrumb"},"inLanguage":"fr-FR","potentialAction":[{"@type":"ReadAction","target":["https:\/\/davidtrotzig.com\/fr\/problemes-troubles\/troubles-danxiete-panique\/"]}]},{"@type":"ImageObject","inLanguage":"fr-FR","@id":"https:\/\/davidtrotzig.com\/fr\/problemes-troubles\/troubles-danxiete-panique\/#primaryimage","url":"https:\/\/davidtrotzig.com\/wp-content\/uploads\/2024\/03\/david-trotzig_trastornos-ansiedad-panico.jpeg","contentUrl":"https:\/\/davidtrotzig.com\/wp-content\/uploads\/2024\/03\/david-trotzig_trastornos-ansiedad-panico.jpeg","width":539,"height":495},{"@type":"BreadcrumbList","@id":"https:\/\/davidtrotzig.com\/fr\/problemes-troubles\/troubles-danxiete-panique\/#breadcrumb","itemListElement":[{"@type":"ListItem","position":1,"name":"Portada","item":"https:\/\/davidtrotzig.com\/fr\/"},{"@type":"ListItem","position":2,"name":"Troubles","item":"https:\/\/davidtrotzig.com\/fr\/problemes-troubles\/"},{"@type":"ListItem","position":3,"name":"Troubles d&#8217;anxi\u00e9t\u00e9\/panique"}]},{"@type":"WebSite","@id":"https:\/\/davidtrotzig.com\/fr\/#website","url":"https:\/\/davidtrotzig.com\/fr\/","name":"David Trotzig","description":"Psicoterapeuta especializado en terapia del trauma y terapia psicocorporal","potentialAction":[{"@type":"SearchAction","target":{"@type":"EntryPoint","urlTemplate":"https:\/\/davidtrotzig.com\/fr\/?s={search_term_string}"},"query-input":"required name=search_term_string"}],"inLanguage":"fr-FR"}]}},"_links":{"self":[{"href":"https:\/\/davidtrotzig.com\/fr\/wp-json\/wp\/v2\/trastornos\/981","targetHints":{"allow":["GET"]}}],"collection":[{"href":"https:\/\/davidtrotzig.com\/fr\/wp-json\/wp\/v2\/trastornos"}],"about":[{"href":"https:\/\/davidtrotzig.com\/fr\/wp-json\/wp\/v2\/types\/trastornos"}],"wp:featuredmedia":[{"embeddable":true,"href":"https:\/\/davidtrotzig.com\/fr\/wp-json\/wp\/v2\/media\/674"}],"wp:attachment":[{"href":"https:\/\/davidtrotzig.com\/fr\/wp-json\/wp\/v2\/media?parent=981"}],"curies":[{"name":"wp","href":"https:\/\/api.w.org\/{rel}","templated":true}]}}