{"id":849,"date":"2024-02-26T18:31:34","date_gmt":"2024-02-26T17:31:34","guid":{"rendered":"https:\/\/davidtrotzig.com\/vem-jag-ar\/"},"modified":"2024-06-12T16:42:46","modified_gmt":"2024-06-12T14:42:46","slug":"vem-jag-ar","status":"publish","type":"page","link":"https:\/\/davidtrotzig.com\/sv\/vem-jag-ar\/","title":{"rendered":"Vem jag \u00e4r"},"content":{"rendered":"\t\t<div data-elementor-type=\"wp-post\" data-elementor-id=\"849\" class=\"elementor elementor-849 elementor-13\" data-elementor-post-type=\"page\">\n\t\t\t\t<div class=\"elementor-element elementor-element-065043c e-con-full e-flex e-con e-parent\" data-id=\"065043c\" data-element_type=\"container\">\n\t\t<div class=\"elementor-element elementor-element-55005b0 e-con-full e-flex e-con e-child\" data-id=\"55005b0\" data-element_type=\"container\" data-settings=\"{&quot;background_background&quot;:&quot;classic&quot;}\">\n\t\t\t\t<\/div>\n\t\t<div class=\"elementor-element elementor-element-830e27a e-con-full e-flex e-con e-child\" data-id=\"830e27a\" data-element_type=\"container\">\n\t\t\t\t<div class=\"elementor-element elementor-element-4fb6fe6 elementor-widget elementor-widget-heading\" data-id=\"4fb6fe6\" data-element_type=\"widget\" data-widget_type=\"heading.default\">\n\t\t\t\t<div class=\"elementor-widget-container\">\n\t\t\t<style>\/*! elementor - v3.21.0 - 08-05-2024 *\/\n.elementor-heading-title{padding:0;margin:0;line-height:1}.elementor-widget-heading .elementor-heading-title[class*=elementor-size-]>a{color:inherit;font-size:inherit;line-height:inherit}.elementor-widget-heading .elementor-heading-title.elementor-size-small{font-size:15px}.elementor-widget-heading .elementor-heading-title.elementor-size-medium{font-size:19px}.elementor-widget-heading .elementor-heading-title.elementor-size-large{font-size:29px}.elementor-widget-heading .elementor-heading-title.elementor-size-xl{font-size:39px}.elementor-widget-heading .elementor-heading-title.elementor-size-xxl{font-size:59px}<\/style><h1 class=\"elementor-heading-title elementor-size-default\">David Trotzig<\/h1>\t\t<\/div>\n\t\t\t\t<\/div>\n\t\t\t\t<div class=\"elementor-element elementor-element-807b4a6 elementor-widget elementor-widget-heading\" data-id=\"807b4a6\" data-element_type=\"widget\" data-widget_type=\"heading.default\">\n\t\t\t\t<div class=\"elementor-widget-container\">\n\t\t\t<h2 class=\"elementor-heading-title elementor-size-default\">PSYKOTERAPEUT<\/h2>\t\t<\/div>\n\t\t\t\t<\/div>\n\t\t\t\t<div class=\"elementor-element elementor-element-9bfe3a3 elementor-widget elementor-widget-text-editor\" data-id=\"9bfe3a3\" data-element_type=\"widget\" data-widget_type=\"text-editor.default\">\n\t\t\t\t<div class=\"elementor-widget-container\">\n\t\t\t<style>\/*! elementor - v3.21.0 - 08-05-2024 *\/\n.elementor-widget-text-editor.elementor-drop-cap-view-stacked .elementor-drop-cap{background-color:#69727d;color:#fff}.elementor-widget-text-editor.elementor-drop-cap-view-framed .elementor-drop-cap{color:#69727d;border:3px solid;background-color:transparent}.elementor-widget-text-editor:not(.elementor-drop-cap-view-default) .elementor-drop-cap{margin-top:8px}.elementor-widget-text-editor:not(.elementor-drop-cap-view-default) .elementor-drop-cap-letter{width:1em;height:1em}.elementor-widget-text-editor .elementor-drop-cap{float:left;text-align:center;line-height:1;font-size:50px}.elementor-widget-text-editor .elementor-drop-cap-letter{display:inline-block}<\/style>\t\t\t\t<p><span>Att vara kroppspsykoterapeut inneb\u00e4r att jag i mitt psykoterapeutiska arbete tar h\u00e4nsyn till b\u00e5de kropp och sj\u00e4l hos patienten. Under v\u00e5r barndom fixeras effekterna av negativa upplevelser som trauman, k\u00e4nslom\u00e4ssiga brister etc. i kroppens muskler, vilket skapar allt fr\u00e5n kroniska sp\u00e4nningar till psykosomatiska sjukdomar.<\/span><\/p>\n<p><span>F\u00f6r att tj\u00e4na m\u00e4nniskor p\u00e5 b\u00e4sta m\u00f6jliga s\u00e4tt har jag inf\u00f6rlivat den senaste generationens psykoterapeutiska tekniker som EMDR, mentaliseringsbaserad terapi (MBT) och ego-tillst\u00e5ndsterapi.<\/span><\/p>\n\t\t\t\t\t\t<\/div>\n\t\t\t\t<\/div>\n\t\t\t\t<\/div>\n\t\t\t\t<\/div>\n\t\t<div class=\"elementor-element elementor-element-b4b826a e-flex e-con-boxed e-con e-parent\" data-id=\"b4b826a\" data-element_type=\"container\">\n\t\t\t\t\t<div class=\"e-con-inner\">\n\t\t\t\t<div class=\"elementor-element elementor-element-602c352 elementor-widget elementor-widget-heading\" data-id=\"602c352\" data-element_type=\"widget\" data-widget_type=\"heading.default\">\n\t\t\t\t<div class=\"elementor-widget-container\">\n\t\t\t<h2 class=\"elementor-heading-title elementor-size-default\">Utbildning och Tillh\u00f6righeter<\/h2>\t\t<\/div>\n\t\t\t\t<\/div>\n\t\t<div class=\"elementor-element elementor-element-fc6b80f e-flex e-con-boxed e-con e-child\" data-id=\"fc6b80f\" data-element_type=\"container\">\n\t\t\t\t\t<div class=\"e-con-inner\">\n\t\t<div class=\"elementor-element elementor-element-4240996 e-flex e-con-boxed e-con e-child\" data-id=\"4240996\" data-element_type=\"container\">\n\t\t\t\t\t<div class=\"e-con-inner\">\n\t\t\t\t<div class=\"elementor-element elementor-element-60675e7 elementor-widget elementor-widget-heading\" data-id=\"60675e7\" data-element_type=\"widget\" data-widget_type=\"heading.default\">\n\t\t\t\t<div class=\"elementor-widget-container\">\n\t\t\t<h3 class=\"elementor-heading-title elementor-size-default\">Tillh\u00f6righeter<\/h3>\t\t<\/div>\n\t\t\t\t<\/div>\n\t\t\t\t<div class=\"elementor-element elementor-element-50a52cd elementor-widget elementor-widget-text-editor\" data-id=\"50a52cd\" data-element_type=\"widget\" data-widget_type=\"text-editor.default\">\n\t\t\t\t<div class=\"elementor-widget-container\">\n\t\t\t\t\t\t\t<ul>\n<li>European Certificate of Psychotherapy (\u00a0<a href=\"https:\/\/ecp.europsyche.org\/wstore\/memberServlet\" target=\"_blank\" rel=\"noopener\">ECP<\/a>\u00a0)<\/li>\n<li>Ackrediterad medlem av European Association for Body-Psychotherapy (\u00a0<a href=\"https:\/\/eabp.org\/\">EABP<\/a>\u00a0)<\/li>\n<li>R\u00e5dgivare till den etiska kommitt\u00e9n f\u00f6r European Association for Body-Psychotherapy (\u00a0<a href=\"https:\/\/eabp.org\/\">EABP<\/a>\u00a0)<\/li>\n<li>Ackrediterad av den spanska federationen f\u00f6r psykoterapif\u00f6reningar\u00a0<a href=\"https:\/\/www.feap.es\/tramites\/requisitos-y-procedimiento\">(FEAP)<\/a><\/li>\n<li>Medlem av\u00a0<a href=\"https:\/\/www.emdr-es.org\/\">EMDR Spain Association<\/a><\/li>\n<li>Medlem av\u00a0<a href=\"http:\/\/orgocentreclinic.cat\/\">Org\u00f3<\/a>\u00a0, Reichian Psychotherapy Center<\/li>\n<\/ul>\n\t\t\t\t\t\t<\/div>\n\t\t\t\t<\/div>\n\t\t\t\t\t<\/div>\n\t\t\t\t<\/div>\n\t\t<div class=\"elementor-element elementor-element-1d8f0d1 e-flex e-con-boxed e-con e-child\" data-id=\"1d8f0d1\" data-element_type=\"container\">\n\t\t\t\t\t<div class=\"e-con-inner\">\n\t\t\t\t<div class=\"elementor-element elementor-element-93403bb elementor-widget elementor-widget-heading\" data-id=\"93403bb\" data-element_type=\"widget\" data-widget_type=\"heading.default\">\n\t\t\t\t<div class=\"elementor-widget-container\">\n\t\t\t<h3 class=\"elementor-heading-title elementor-size-default\">Tr\u00e4ning<\/h3>\t\t<\/div>\n\t\t\t\t<\/div>\n\t\t\t\t<div class=\"elementor-element elementor-element-e1a29c5 elementor-widget elementor-widget-text-editor\" data-id=\"e1a29c5\" data-element_type=\"widget\" data-widget_type=\"text-editor.default\">\n\t\t\t\t<div class=\"elementor-widget-container\">\n\t\t\t\t\t\t\t<ul>\r\n \t<li>Utbildning till psykokorporal psykoterapeut och orgonom vid Spanish School of Reichian Therapy (\u00a0<a href=\"https:\/\/www.esternet.org\/\">ES.TE.R<\/a>\u00a0).<\/li>\r\n \t<li>Utbildning i EMDR (LI och LII samt avancerad utbildning i Dissociation I och II av den spanska\u00a0<a href=\"https:\/\/www.emdr-es.org\/\">EMDR-<\/a>\u00a0f\u00f6reningen ).<\/li>\r\n \t<li>Utbildning i mentaliseringsbaserad psykoterapi (MBT) av\u00a0<a href=\"https:\/\/www.annafreud.org\/\">Ana Freud National Center for Children and Families.<\/a><\/li>\r\n<\/ul>\t\t\t\t\t\t<\/div>\n\t\t\t\t<\/div>\n\t\t\t\t\t<\/div>\n\t\t\t\t<\/div>\n\t\t<div class=\"elementor-element elementor-element-43f8e50 e-flex e-con-boxed e-con e-child\" data-id=\"43f8e50\" data-element_type=\"container\">\n\t\t\t\t\t<div class=\"e-con-inner\">\n\t\t\t\t<div class=\"elementor-element elementor-element-287a905 elementor-widget elementor-widget-heading\" data-id=\"287a905\" data-element_type=\"widget\" data-widget_type=\"heading.default\">\n\t\t\t\t<div class=\"elementor-widget-container\">\n\t\t\t<h3 class=\"elementor-heading-title elementor-size-default\">Professionell Verksamhet<\/h3>\t\t<\/div>\n\t\t\t\t<\/div>\n\t\t\t\t<div class=\"elementor-element elementor-element-6746b71 elementor-widget elementor-widget-text-editor\" data-id=\"6746b71\" data-element_type=\"widget\" data-widget_type=\"text-editor.default\">\n\t\t\t\t<div class=\"elementor-widget-container\">\n\t\t\t\t\t\t\t<ul>\n<li>Individuell psykoterapi f\u00f6r vuxna och ungdomar<\/li>\n<li>Specifik psykoterapi f\u00f6r trauma och dissociativa st\u00f6rningar, s\u00e4rskilt fysiska och\/eller sexuella \u00f6vergrepp i barndomen samt traumatiska tillst\u00e5nd efter f\u00f6rlossningen<\/li>\n<li>Parterapi<\/li>\n<li>Specifika r\u00e5d f\u00f6r adopterade och adoptanter<\/li>\n<li>Strukturell differentiell initial diagnos (\u00a0<em>DIDE<\/em>\u00a0)<\/li>\n<\/ul>\n\t\t\t\t\t\t<\/div>\n\t\t\t\t<\/div>\n\t\t\t\t\t<\/div>\n\t\t\t\t<\/div>\n\t\t\t\t\t<\/div>\n\t\t\t\t<\/div>\n\t\t\t\t\t<\/div>\n\t\t\t\t<\/div>\n\t\t\t\t<\/div>\n\t\t","protected":false},"excerpt":{"rendered":"<p>David Trotzig PSYKOTERAPEUT Att vara kroppspsykoterapeut inneb\u00e4r att jag i mitt psykoterapeutiska arbete tar h\u00e4nsyn till b\u00e5de kropp och sj\u00e4l hos patienten. Under v\u00e5r barndom fixeras effekterna av negativa upplevelser som trauman, k\u00e4nslom\u00e4ssiga brister etc. i kroppens muskler, vilket skapar allt fr\u00e5n kroniska sp\u00e4nningar till psykosomatiska sjukdomar. F\u00f6r att tj\u00e4na m\u00e4nniskor p\u00e5 b\u00e4sta m\u00f6jliga s\u00e4tt [&hellip;]<\/p>\n","protected":false},"author":1,"featured_media":619,"parent":0,"menu_order":0,"comment_status":"closed","ping_status":"closed","template":"","meta":{"_monsterinsights_skip_tracking":false,"_monsterinsights_sitenote_active":false,"_monsterinsights_sitenote_note":"","_monsterinsights_sitenote_category":0,"footnotes":""},"class_list":["post-849","page","type-page","status-publish","has-post-thumbnail","hentry"],"yoast_head":"<!-- This site is optimized with the Yoast SEO plugin v22.6 - https:\/\/yoast.com\/wordpress\/plugins\/seo\/ -->\n<title>Vem jag \u00e4r - David Trotzig<\/title>\n<meta name=\"description\" content=\"Jag \u00e4r kroppspsykoterapeut. Kroppen och sinnet \u00e4r tv\u00e5 aspekter av en och samma enhet och d\u00e4rf\u00f6r jag tar h\u00e4nsyn till b\u00e5da under terapeutiskt arbete, och till\u00e4mpar specifika tekniker f\u00f6r varje behov.\" \/>\n<meta name=\"robots\" content=\"index, follow, max-snippet:-1, max-image-preview:large, max-video-preview:-1\" \/>\n<link rel=\"canonical\" href=\"https:\/\/davidtrotzig.com\/sv\/vem-jag-ar\/\" \/>\n<meta property=\"og:locale\" content=\"sv_SE\" \/>\n<meta property=\"og:type\" content=\"article\" \/>\n<meta property=\"og:title\" content=\"Vem jag \u00e4r - David Trotzig\" \/>\n<meta property=\"og:description\" content=\"Jag \u00e4r kroppspsykoterapeut. Kroppen och sinnet \u00e4r tv\u00e5 aspekter av en och samma enhet och d\u00e4rf\u00f6r jag tar h\u00e4nsyn till b\u00e5da under terapeutiskt arbete, och till\u00e4mpar specifika tekniker f\u00f6r varje behov.\" \/>\n<meta property=\"og:url\" content=\"https:\/\/davidtrotzig.com\/sv\/vem-jag-ar\/\" \/>\n<meta property=\"og:site_name\" content=\"David Trotzig\" \/>\n<meta property=\"article:modified_time\" content=\"2024-06-12T14:42:46+00:00\" \/>\n<meta property=\"og:image\" content=\"https:\/\/davidtrotzig.com\/wp-content\/uploads\/2024\/02\/david-trotzig_psicoterapeuta.jpg\" \/>\n\t<meta property=\"og:image:width\" content=\"914\" \/>\n\t<meta property=\"og:image:height\" content=\"834\" \/>\n\t<meta property=\"og:image:type\" content=\"image\/jpeg\" \/>\n<meta name=\"twitter:card\" content=\"summary_large_image\" \/>\n<meta name=\"twitter:label1\" content=\"Ber\u00e4knad l\u00e4stid\" \/>\n\t<meta name=\"twitter:data1\" content=\"1 minut\" \/>\n<script type=\"application\/ld+json\" class=\"yoast-schema-graph\">{\"@context\":\"https:\/\/schema.org\",\"@graph\":[{\"@type\":\"WebPage\",\"@id\":\"https:\/\/davidtrotzig.com\/sv\/vem-jag-ar\/\",\"url\":\"https:\/\/davidtrotzig.com\/sv\/vem-jag-ar\/\",\"name\":\"Vem jag \u00e4r - David Trotzig\",\"isPartOf\":{\"@id\":\"https:\/\/davidtrotzig.com\/sv\/#website\"},\"primaryImageOfPage\":{\"@id\":\"https:\/\/davidtrotzig.com\/sv\/vem-jag-ar\/#primaryimage\"},\"image\":{\"@id\":\"https:\/\/davidtrotzig.com\/sv\/vem-jag-ar\/#primaryimage\"},\"thumbnailUrl\":\"https:\/\/davidtrotzig.com\/wp-content\/uploads\/2024\/02\/david-trotzig_psicoterapeuta.jpg\",\"datePublished\":\"2024-02-26T17:31:34+00:00\",\"dateModified\":\"2024-06-12T14:42:46+00:00\",\"description\":\"Jag \u00e4r kroppspsykoterapeut. Kroppen och sinnet \u00e4r tv\u00e5 aspekter av en och samma enhet och d\u00e4rf\u00f6r jag tar h\u00e4nsyn till b\u00e5da under terapeutiskt arbete, och till\u00e4mpar specifika tekniker f\u00f6r varje behov.\",\"breadcrumb\":{\"@id\":\"https:\/\/davidtrotzig.com\/sv\/vem-jag-ar\/#breadcrumb\"},\"inLanguage\":\"sv-SE\",\"potentialAction\":[{\"@type\":\"ReadAction\",\"target\":[\"https:\/\/davidtrotzig.com\/sv\/vem-jag-ar\/\"]}]},{\"@type\":\"ImageObject\",\"inLanguage\":\"sv-SE\",\"@id\":\"https:\/\/davidtrotzig.com\/sv\/vem-jag-ar\/#primaryimage\",\"url\":\"https:\/\/davidtrotzig.com\/wp-content\/uploads\/2024\/02\/david-trotzig_psicoterapeuta.jpg\",\"contentUrl\":\"https:\/\/davidtrotzig.com\/wp-content\/uploads\/2024\/02\/david-trotzig_psicoterapeuta.jpg\",\"width\":914,\"height\":834},{\"@type\":\"BreadcrumbList\",\"@id\":\"https:\/\/davidtrotzig.com\/sv\/vem-jag-ar\/#breadcrumb\",\"itemListElement\":[{\"@type\":\"ListItem\",\"position\":1,\"name\":\"Portada\",\"item\":\"https:\/\/davidtrotzig.com\/sv\/\"},{\"@type\":\"ListItem\",\"position\":2,\"name\":\"Vem jag \u00e4r\"}]},{\"@type\":\"WebSite\",\"@id\":\"https:\/\/davidtrotzig.com\/sv\/#website\",\"url\":\"https:\/\/davidtrotzig.com\/sv\/\",\"name\":\"David Trotzig\",\"description\":\"Psicoterapeuta especializado en terapia del trauma y terapia psicocorporal\",\"potentialAction\":[{\"@type\":\"SearchAction\",\"target\":{\"@type\":\"EntryPoint\",\"urlTemplate\":\"https:\/\/davidtrotzig.com\/sv\/?s={search_term_string}\"},\"query-input\":\"required name=search_term_string\"}],\"inLanguage\":\"sv-SE\"}]}<\/script>\n<!-- \/ Yoast SEO plugin. -->","yoast_head_json":{"title":"Vem jag \u00e4r - David Trotzig","description":"Jag \u00e4r kroppspsykoterapeut. Kroppen och sinnet \u00e4r tv\u00e5 aspekter av en och samma enhet och d\u00e4rf\u00f6r jag tar h\u00e4nsyn till b\u00e5da under terapeutiskt arbete, och till\u00e4mpar specifika tekniker f\u00f6r varje behov.","robots":{"index":"index","follow":"follow","max-snippet":"max-snippet:-1","max-image-preview":"max-image-preview:large","max-video-preview":"max-video-preview:-1"},"canonical":"https:\/\/davidtrotzig.com\/sv\/vem-jag-ar\/","og_locale":"sv_SE","og_type":"article","og_title":"Vem jag \u00e4r - David Trotzig","og_description":"Jag \u00e4r kroppspsykoterapeut. Kroppen och sinnet \u00e4r tv\u00e5 aspekter av en och samma enhet och d\u00e4rf\u00f6r jag tar h\u00e4nsyn till b\u00e5da under terapeutiskt arbete, och till\u00e4mpar specifika tekniker f\u00f6r varje behov.","og_url":"https:\/\/davidtrotzig.com\/sv\/vem-jag-ar\/","og_site_name":"David Trotzig","article_modified_time":"2024-06-12T14:42:46+00:00","og_image":[{"width":914,"height":834,"url":"https:\/\/davidtrotzig.com\/wp-content\/uploads\/2024\/02\/david-trotzig_psicoterapeuta.jpg","type":"image\/jpeg"}],"twitter_card":"summary_large_image","twitter_misc":{"Ber\u00e4knad l\u00e4stid":"1 minut"},"schema":{"@context":"https:\/\/schema.org","@graph":[{"@type":"WebPage","@id":"https:\/\/davidtrotzig.com\/sv\/vem-jag-ar\/","url":"https:\/\/davidtrotzig.com\/sv\/vem-jag-ar\/","name":"Vem jag \u00e4r - David Trotzig","isPartOf":{"@id":"https:\/\/davidtrotzig.com\/sv\/#website"},"primaryImageOfPage":{"@id":"https:\/\/davidtrotzig.com\/sv\/vem-jag-ar\/#primaryimage"},"image":{"@id":"https:\/\/davidtrotzig.com\/sv\/vem-jag-ar\/#primaryimage"},"thumbnailUrl":"https:\/\/davidtrotzig.com\/wp-content\/uploads\/2024\/02\/david-trotzig_psicoterapeuta.jpg","datePublished":"2024-02-26T17:31:34+00:00","dateModified":"2024-06-12T14:42:46+00:00","description":"Jag \u00e4r kroppspsykoterapeut. Kroppen och sinnet \u00e4r tv\u00e5 aspekter av en och samma enhet och d\u00e4rf\u00f6r jag tar h\u00e4nsyn till b\u00e5da under terapeutiskt arbete, och till\u00e4mpar specifika tekniker f\u00f6r varje behov.","breadcrumb":{"@id":"https:\/\/davidtrotzig.com\/sv\/vem-jag-ar\/#breadcrumb"},"inLanguage":"sv-SE","potentialAction":[{"@type":"ReadAction","target":["https:\/\/davidtrotzig.com\/sv\/vem-jag-ar\/"]}]},{"@type":"ImageObject","inLanguage":"sv-SE","@id":"https:\/\/davidtrotzig.com\/sv\/vem-jag-ar\/#primaryimage","url":"https:\/\/davidtrotzig.com\/wp-content\/uploads\/2024\/02\/david-trotzig_psicoterapeuta.jpg","contentUrl":"https:\/\/davidtrotzig.com\/wp-content\/uploads\/2024\/02\/david-trotzig_psicoterapeuta.jpg","width":914,"height":834},{"@type":"BreadcrumbList","@id":"https:\/\/davidtrotzig.com\/sv\/vem-jag-ar\/#breadcrumb","itemListElement":[{"@type":"ListItem","position":1,"name":"Portada","item":"https:\/\/davidtrotzig.com\/sv\/"},{"@type":"ListItem","position":2,"name":"Vem jag \u00e4r"}]},{"@type":"WebSite","@id":"https:\/\/davidtrotzig.com\/sv\/#website","url":"https:\/\/davidtrotzig.com\/sv\/","name":"David Trotzig","description":"Psicoterapeuta especializado en terapia del trauma y terapia psicocorporal","potentialAction":[{"@type":"SearchAction","target":{"@type":"EntryPoint","urlTemplate":"https:\/\/davidtrotzig.com\/sv\/?s={search_term_string}"},"query-input":"required name=search_term_string"}],"inLanguage":"sv-SE"}]}},"_links":{"self":[{"href":"https:\/\/davidtrotzig.com\/sv\/wp-json\/wp\/v2\/pages\/849","targetHints":{"allow":["GET"]}}],"collection":[{"href":"https:\/\/davidtrotzig.com\/sv\/wp-json\/wp\/v2\/pages"}],"about":[{"href":"https:\/\/davidtrotzig.com\/sv\/wp-json\/wp\/v2\/types\/page"}],"author":[{"embeddable":true,"href":"https:\/\/davidtrotzig.com\/sv\/wp-json\/wp\/v2\/users\/1"}],"replies":[{"embeddable":true,"href":"https:\/\/davidtrotzig.com\/sv\/wp-json\/wp\/v2\/comments?post=849"}],"version-history":[{"count":5,"href":"https:\/\/davidtrotzig.com\/sv\/wp-json\/wp\/v2\/pages\/849\/revisions"}],"predecessor-version":[{"id":1257,"href":"https:\/\/davidtrotzig.com\/sv\/wp-json\/wp\/v2\/pages\/849\/revisions\/1257"}],"wp:featuredmedia":[{"embeddable":true,"href":"https:\/\/davidtrotzig.com\/sv\/wp-json\/wp\/v2\/media\/619"}],"wp:attachment":[{"href":"https:\/\/davidtrotzig.com\/sv\/wp-json\/wp\/v2\/media?parent=849"}],"curies":[{"name":"wp","href":"https:\/\/api.w.org\/{rel}","templated":true}]}}