{"id":941,"date":"2024-03-05T16:10:29","date_gmt":"2024-03-05T15:10:29","guid":{"rendered":"https:\/\/davidtrotzig.com\/problemas-y-trastornos\/forlossningsdepression-eller-trauma\/"},"modified":"2024-06-23T19:18:57","modified_gmt":"2024-06-23T17:18:57","slug":"forlossningsdepression-eller-trauma","status":"publish","type":"trastornos","link":"https:\/\/davidtrotzig.com\/sv\/problem-storningar\/forlossningsdepression-eller-trauma\/","title":{"rendered":"f\u00f6rlossningsdepression eller trauma"},"content":{"rendered":"\n<h3 class=\"wp-block-heading\">Lidandet av traumatisk f\u00f6rlossning<\/h3>\n\n<h4 class=\"wp-block-heading\">Traumatisk f\u00f6delseupplevelse<\/h4>\n\n<p>En h\u00f6g andel f\u00f6dslar i v\u00e5rt land \u00e4r<a href=\"https:\/\/fodalugnt.se\/2020\/11\/obstetriskt-vald-och-informerat-samtycke\/\"> traumatiska f\u00f6r kvinnor<\/a>. Detta beror p\u00e5 fysiologiska eller psykologiska faktorer, eller en milj\u00f6 som upplevs som sv\u00e5r eller fientlig. Som ett resultat av detta utvecklar m\u00e5nga kvinnor <a href=\"https:\/\/davidtrotzig.com\/sv\/problem-storningar\/posttraumatisk-stress-ptsd\/\">posttraumatiskt stressyndrom (PTSD)<\/a>, som k\u00e4nnetecknas av djup rastl\u00f6shet och obehag i f\u00f6rh\u00e5llande till sig sj\u00e4lva, sin baby och sin omgivning. Det \u00e4r mycket viktigt att ta itu med och behandla f\u00f6rlossningstrauma f\u00f6r att f\u00f6rb\u00e4ttra livskvaliteten f\u00f6r drabbade kvinnor.<\/p>\n\n<h4 class=\"wp-block-heading\">Effekten av traumatisk f\u00f6delse<\/h4>\n\n<p>Sheila Kitzinger, skapare av det brittiska st\u00f6dn\u00e4tverket &#8221;Birth Crisis&#8221;, beskriver effekterna av traumatisk f\u00f6rlossning. Kvinnor k\u00e4nner sig hj\u00e4lpl\u00f6sa och utom kontroll under en avg\u00f6rande h\u00e4ndelse i deras liv. De kan till en b\u00f6rjan k\u00e4nna sig l\u00e4ttade \u00f6ver att det \u00e4r \u00f6ver, men upplever sedan en blandning av tacksamhet och en k\u00e4nsla av att ha blivit kr\u00e4nkt.<\/p>\n\n<h4 class=\"wp-block-heading\">Symtom p\u00e5 postpartum PTSD<\/h4>\n\n<p>F\u00f6delsescenerna \u00e5terupptas i deras sinnen som en kontinuerlig video. De lider av mardr\u00f6mmar och minnen av traumat. De f\u00e5r ofta h\u00f6ra att de &#8221;f\u00f6rv\u00e4ntade sig n\u00e5got annat&#8221;, vilket f\u00f6rv\u00e4rrar deras lidande. Dessa kvinnor tappar f\u00f6rtroendet f\u00f6r sina kroppar och amning blir en kamp.<\/p>\n\n<h4 class=\"wp-block-heading\">&#8221;H\u00f6gteknologiska&#8221; behandlingar<\/h4>\n\n<p>Artikeln beskriver allvarliga fall av kvinnor som traumatiserats av &#8221;h\u00f6gteknologiska&#8221; behandlingar som oxytocindropp, episiotomi och foster\u00f6vervakning. Men vissa kvinnor upplever liknande symtom \u00e4ven under gynnsamma omst\u00e4ndigheter. Detta kan bero p\u00e5 din relation till din kropp eller ouppfyllda f\u00f6rv\u00e4ntningar.<\/p>\n\n<h4 class=\"wp-block-heading\">K\u00e4nslor av misslyckande och ledsagning<\/h4>\n\n<p>K\u00e4nslan av misslyckande som mamma och kvinna genom att inte ha dr\u00f6mf\u00f6rlossningen kan vara f\u00f6r\u00f6dande. Bristen p\u00e5 st\u00f6d fr\u00e5n partnern kan ocks\u00e5 p\u00e5verka, vilket \u00f6kar k\u00e4nslan av s\u00e5rbarhet.<\/p>\n\n<h4 class=\"wp-block-heading\">P\u00e5verkad livskvalitet<\/h4>\n\n<p>Offer f\u00f6r traumatiska h\u00e4ndelser lider mycket och deras dagliga livskvalitet p\u00e5verkas allvarligt. De \u00e4r s\u00e4rskilt s\u00e5rbara f\u00f6r p\u00e5minnelser om den traumatiska h\u00e4ndelsen i sin omgivning.<\/p>\n\n<h3 class=\"wp-block-heading\">Slutsats<\/h3>\n\n<p>Traumatisk f\u00f6rlossning kan l\u00e4mna djupa k\u00e4nslom\u00e4ssiga \u00e4rr. Det \u00e4r viktigt att erk\u00e4nna och \u00e5tg\u00e4rda dessa problem f\u00f6r att f\u00f6rb\u00e4ttra livskvaliteten f\u00f6r drabbade kvinnor.<\/p>\n","protected":false},"excerpt":{"rendered":"<p>N\u00e4r en kvinna har haft traumatiska upplevelser relaterade till hennes f\u00f6rlossning kan b\u00e5de hennes egen kropp, hennes barn eller de personer som f\u00f6ljde henne under f\u00f6dseln vara f\u00f6rem\u00e5l f\u00f6r starka k\u00e4nslor av r\u00e4dsla, avvisande, undvikande eller panikk\u00e4nsla.<\/p>\n","protected":false},"featured_media":655,"template":"","class_list":["post-941","trastornos","type-trastornos","status-publish","has-post-thumbnail","hentry"],"yoast_head":"<!-- This site is optimized with the Yoast SEO plugin v22.6 - https:\/\/yoast.com\/wordpress\/plugins\/seo\/ -->\n<title>f\u00f6rlossningsdepression eller trauma - David Trotzig<\/title>\n<meta name=\"description\" content=\"Utforska hur traumatiska f\u00f6rlossningar kan orsaka posttraumatiskt stressyndrom hos kvinnor, vilket p\u00e5verkar deras k\u00e4nslom\u00e4ssiga v\u00e4lbefinnande, deras relation till barnet och deras milj\u00f6, och uppt\u00e4ck vikten av att erk\u00e4nna och behandla detta problem f\u00f6r att f\u00f6rb\u00e4ttra deras livskvalitet. Det \u00e4r viktigt att ta itu med och behandla f\u00f6rlossningstrauma f\u00f6r att f\u00f6rb\u00e4ttra livskvaliteten f\u00f6r drabbade kvinnor.\" \/>\n<meta name=\"robots\" content=\"index, follow, max-snippet:-1, max-image-preview:large, max-video-preview:-1\" \/>\n<link rel=\"canonical\" href=\"https:\/\/davidtrotzig.com\/sv\/problem-storningar\/forlossningsdepression-eller-trauma\/\" \/>\n<meta property=\"og:locale\" content=\"sv_SE\" \/>\n<meta property=\"og:type\" content=\"article\" \/>\n<meta property=\"og:title\" content=\"f\u00f6rlossningsdepression eller trauma - David Trotzig\" \/>\n<meta property=\"og:description\" content=\"Utforska hur traumatiska f\u00f6rlossningar kan orsaka posttraumatiskt stressyndrom hos kvinnor, vilket p\u00e5verkar deras k\u00e4nslom\u00e4ssiga v\u00e4lbefinnande, deras relation till barnet och deras milj\u00f6, och uppt\u00e4ck vikten av att erk\u00e4nna och behandla detta problem f\u00f6r att f\u00f6rb\u00e4ttra deras livskvalitet. Det \u00e4r viktigt att ta itu med och behandla f\u00f6rlossningstrauma f\u00f6r att f\u00f6rb\u00e4ttra livskvaliteten f\u00f6r drabbade kvinnor.\" \/>\n<meta property=\"og:url\" content=\"https:\/\/davidtrotzig.com\/sv\/problem-storningar\/forlossningsdepression-eller-trauma\/\" \/>\n<meta property=\"og:site_name\" content=\"David Trotzig\" \/>\n<meta property=\"article:modified_time\" content=\"2024-06-23T17:18:57+00:00\" \/>\n<meta property=\"og:image\" content=\"https:\/\/davidtrotzig.com\/wp-content\/uploads\/2024\/03\/david-trotzig_depresion-postparto.jpeg\" \/>\n\t<meta property=\"og:image:width\" content=\"1704\" \/>\n\t<meta property=\"og:image:height\" content=\"1132\" \/>\n\t<meta property=\"og:image:type\" content=\"image\/jpeg\" \/>\n<meta name=\"twitter:card\" content=\"summary_large_image\" \/>\n<meta name=\"twitter:label1\" content=\"Ber\u00e4knad l\u00e4stid\" \/>\n\t<meta name=\"twitter:data1\" content=\"2 minuter\" \/>\n<script type=\"application\/ld+json\" class=\"yoast-schema-graph\">{\"@context\":\"https:\/\/schema.org\",\"@graph\":[{\"@type\":\"WebPage\",\"@id\":\"https:\/\/davidtrotzig.com\/sv\/problem-storningar\/forlossningsdepression-eller-trauma\/\",\"url\":\"https:\/\/davidtrotzig.com\/sv\/problem-storningar\/forlossningsdepression-eller-trauma\/\",\"name\":\"f\u00f6rlossningsdepression eller trauma - David Trotzig\",\"isPartOf\":{\"@id\":\"https:\/\/davidtrotzig.com\/sv\/#website\"},\"primaryImageOfPage\":{\"@id\":\"https:\/\/davidtrotzig.com\/sv\/problem-storningar\/forlossningsdepression-eller-trauma\/#primaryimage\"},\"image\":{\"@id\":\"https:\/\/davidtrotzig.com\/sv\/problem-storningar\/forlossningsdepression-eller-trauma\/#primaryimage\"},\"thumbnailUrl\":\"https:\/\/davidtrotzig.com\/wp-content\/uploads\/2024\/03\/david-trotzig_depresion-postparto.jpeg\",\"datePublished\":\"2024-03-05T15:10:29+00:00\",\"dateModified\":\"2024-06-23T17:18:57+00:00\",\"description\":\"Utforska hur traumatiska f\u00f6rlossningar kan orsaka posttraumatiskt stressyndrom hos kvinnor, vilket p\u00e5verkar deras k\u00e4nslom\u00e4ssiga v\u00e4lbefinnande, deras relation till barnet och deras milj\u00f6, och uppt\u00e4ck vikten av att erk\u00e4nna och behandla detta problem f\u00f6r att f\u00f6rb\u00e4ttra deras livskvalitet. Det \u00e4r viktigt att ta itu med och behandla f\u00f6rlossningstrauma f\u00f6r att f\u00f6rb\u00e4ttra livskvaliteten f\u00f6r drabbade kvinnor.\",\"breadcrumb\":{\"@id\":\"https:\/\/davidtrotzig.com\/sv\/problem-storningar\/forlossningsdepression-eller-trauma\/#breadcrumb\"},\"inLanguage\":\"sv-SE\",\"potentialAction\":[{\"@type\":\"ReadAction\",\"target\":[\"https:\/\/davidtrotzig.com\/sv\/problem-storningar\/forlossningsdepression-eller-trauma\/\"]}]},{\"@type\":\"ImageObject\",\"inLanguage\":\"sv-SE\",\"@id\":\"https:\/\/davidtrotzig.com\/sv\/problem-storningar\/forlossningsdepression-eller-trauma\/#primaryimage\",\"url\":\"https:\/\/davidtrotzig.com\/wp-content\/uploads\/2024\/03\/david-trotzig_depresion-postparto.jpeg\",\"contentUrl\":\"https:\/\/davidtrotzig.com\/wp-content\/uploads\/2024\/03\/david-trotzig_depresion-postparto.jpeg\",\"width\":1704,\"height\":1132},{\"@type\":\"BreadcrumbList\",\"@id\":\"https:\/\/davidtrotzig.com\/sv\/problem-storningar\/forlossningsdepression-eller-trauma\/#breadcrumb\",\"itemListElement\":[{\"@type\":\"ListItem\",\"position\":1,\"name\":\"Portada\",\"item\":\"https:\/\/davidtrotzig.com\/sv\/\"},{\"@type\":\"ListItem\",\"position\":2,\"name\":\"St\u00f6rningar\",\"item\":\"https:\/\/davidtrotzig.com\/sv\/problem-storningar\/\"},{\"@type\":\"ListItem\",\"position\":3,\"name\":\"f\u00f6rlossningsdepression eller trauma\"}]},{\"@type\":\"WebSite\",\"@id\":\"https:\/\/davidtrotzig.com\/sv\/#website\",\"url\":\"https:\/\/davidtrotzig.com\/sv\/\",\"name\":\"David Trotzig\",\"description\":\"Psicoterapeuta especializado en terapia del trauma y terapia psicocorporal\",\"potentialAction\":[{\"@type\":\"SearchAction\",\"target\":{\"@type\":\"EntryPoint\",\"urlTemplate\":\"https:\/\/davidtrotzig.com\/sv\/?s={search_term_string}\"},\"query-input\":\"required name=search_term_string\"}],\"inLanguage\":\"sv-SE\"}]}<\/script>\n<!-- \/ Yoast SEO plugin. -->","yoast_head_json":{"title":"f\u00f6rlossningsdepression eller trauma - David Trotzig","description":"Utforska hur traumatiska f\u00f6rlossningar kan orsaka posttraumatiskt stressyndrom hos kvinnor, vilket p\u00e5verkar deras k\u00e4nslom\u00e4ssiga v\u00e4lbefinnande, deras relation till barnet och deras milj\u00f6, och uppt\u00e4ck vikten av att erk\u00e4nna och behandla detta problem f\u00f6r att f\u00f6rb\u00e4ttra deras livskvalitet. Det \u00e4r viktigt att ta itu med och behandla f\u00f6rlossningstrauma f\u00f6r att f\u00f6rb\u00e4ttra livskvaliteten f\u00f6r drabbade kvinnor.","robots":{"index":"index","follow":"follow","max-snippet":"max-snippet:-1","max-image-preview":"max-image-preview:large","max-video-preview":"max-video-preview:-1"},"canonical":"https:\/\/davidtrotzig.com\/sv\/problem-storningar\/forlossningsdepression-eller-trauma\/","og_locale":"sv_SE","og_type":"article","og_title":"f\u00f6rlossningsdepression eller trauma - David Trotzig","og_description":"Utforska hur traumatiska f\u00f6rlossningar kan orsaka posttraumatiskt stressyndrom hos kvinnor, vilket p\u00e5verkar deras k\u00e4nslom\u00e4ssiga v\u00e4lbefinnande, deras relation till barnet och deras milj\u00f6, och uppt\u00e4ck vikten av att erk\u00e4nna och behandla detta problem f\u00f6r att f\u00f6rb\u00e4ttra deras livskvalitet. Det \u00e4r viktigt att ta itu med och behandla f\u00f6rlossningstrauma f\u00f6r att f\u00f6rb\u00e4ttra livskvaliteten f\u00f6r drabbade kvinnor.","og_url":"https:\/\/davidtrotzig.com\/sv\/problem-storningar\/forlossningsdepression-eller-trauma\/","og_site_name":"David Trotzig","article_modified_time":"2024-06-23T17:18:57+00:00","og_image":[{"width":1704,"height":1132,"url":"https:\/\/davidtrotzig.com\/wp-content\/uploads\/2024\/03\/david-trotzig_depresion-postparto.jpeg","type":"image\/jpeg"}],"twitter_card":"summary_large_image","twitter_misc":{"Ber\u00e4knad l\u00e4stid":"2 minuter"},"schema":{"@context":"https:\/\/schema.org","@graph":[{"@type":"WebPage","@id":"https:\/\/davidtrotzig.com\/sv\/problem-storningar\/forlossningsdepression-eller-trauma\/","url":"https:\/\/davidtrotzig.com\/sv\/problem-storningar\/forlossningsdepression-eller-trauma\/","name":"f\u00f6rlossningsdepression eller trauma - David Trotzig","isPartOf":{"@id":"https:\/\/davidtrotzig.com\/sv\/#website"},"primaryImageOfPage":{"@id":"https:\/\/davidtrotzig.com\/sv\/problem-storningar\/forlossningsdepression-eller-trauma\/#primaryimage"},"image":{"@id":"https:\/\/davidtrotzig.com\/sv\/problem-storningar\/forlossningsdepression-eller-trauma\/#primaryimage"},"thumbnailUrl":"https:\/\/davidtrotzig.com\/wp-content\/uploads\/2024\/03\/david-trotzig_depresion-postparto.jpeg","datePublished":"2024-03-05T15:10:29+00:00","dateModified":"2024-06-23T17:18:57+00:00","description":"Utforska hur traumatiska f\u00f6rlossningar kan orsaka posttraumatiskt stressyndrom hos kvinnor, vilket p\u00e5verkar deras k\u00e4nslom\u00e4ssiga v\u00e4lbefinnande, deras relation till barnet och deras milj\u00f6, och uppt\u00e4ck vikten av att erk\u00e4nna och behandla detta problem f\u00f6r att f\u00f6rb\u00e4ttra deras livskvalitet. Det \u00e4r viktigt att ta itu med och behandla f\u00f6rlossningstrauma f\u00f6r att f\u00f6rb\u00e4ttra livskvaliteten f\u00f6r drabbade kvinnor.","breadcrumb":{"@id":"https:\/\/davidtrotzig.com\/sv\/problem-storningar\/forlossningsdepression-eller-trauma\/#breadcrumb"},"inLanguage":"sv-SE","potentialAction":[{"@type":"ReadAction","target":["https:\/\/davidtrotzig.com\/sv\/problem-storningar\/forlossningsdepression-eller-trauma\/"]}]},{"@type":"ImageObject","inLanguage":"sv-SE","@id":"https:\/\/davidtrotzig.com\/sv\/problem-storningar\/forlossningsdepression-eller-trauma\/#primaryimage","url":"https:\/\/davidtrotzig.com\/wp-content\/uploads\/2024\/03\/david-trotzig_depresion-postparto.jpeg","contentUrl":"https:\/\/davidtrotzig.com\/wp-content\/uploads\/2024\/03\/david-trotzig_depresion-postparto.jpeg","width":1704,"height":1132},{"@type":"BreadcrumbList","@id":"https:\/\/davidtrotzig.com\/sv\/problem-storningar\/forlossningsdepression-eller-trauma\/#breadcrumb","itemListElement":[{"@type":"ListItem","position":1,"name":"Portada","item":"https:\/\/davidtrotzig.com\/sv\/"},{"@type":"ListItem","position":2,"name":"St\u00f6rningar","item":"https:\/\/davidtrotzig.com\/sv\/problem-storningar\/"},{"@type":"ListItem","position":3,"name":"f\u00f6rlossningsdepression eller trauma"}]},{"@type":"WebSite","@id":"https:\/\/davidtrotzig.com\/sv\/#website","url":"https:\/\/davidtrotzig.com\/sv\/","name":"David Trotzig","description":"Psicoterapeuta especializado en terapia del trauma y terapia psicocorporal","potentialAction":[{"@type":"SearchAction","target":{"@type":"EntryPoint","urlTemplate":"https:\/\/davidtrotzig.com\/sv\/?s={search_term_string}"},"query-input":"required name=search_term_string"}],"inLanguage":"sv-SE"}]}},"_links":{"self":[{"href":"https:\/\/davidtrotzig.com\/sv\/wp-json\/wp\/v2\/trastornos\/941","targetHints":{"allow":["GET"]}}],"collection":[{"href":"https:\/\/davidtrotzig.com\/sv\/wp-json\/wp\/v2\/trastornos"}],"about":[{"href":"https:\/\/davidtrotzig.com\/sv\/wp-json\/wp\/v2\/types\/trastornos"}],"wp:featuredmedia":[{"embeddable":true,"href":"https:\/\/davidtrotzig.com\/sv\/wp-json\/wp\/v2\/media\/655"}],"wp:attachment":[{"href":"https:\/\/davidtrotzig.com\/sv\/wp-json\/wp\/v2\/media?parent=941"}],"curies":[{"name":"wp","href":"https:\/\/api.w.org\/{rel}","templated":true}]}}