{"id":942,"date":"2024-03-05T16:09:43","date_gmt":"2024-03-05T15:09:43","guid":{"rendered":"https:\/\/davidtrotzig.com\/problemas-y-trastornos\/oproportionerlig-ilska-aggression-och-vrede\/"},"modified":"2024-06-12T17:14:11","modified_gmt":"2024-06-12T15:14:11","slug":"oproportionerlig-ilska-aggression-och-vrede","status":"publish","type":"trastornos","link":"https:\/\/davidtrotzig.com\/sv\/problem-storningar\/oproportionerlig-ilska-aggression-och-vrede\/","title":{"rendered":"Oproportionerlig ilska, aggression och vrede"},"content":{"rendered":"\n<p>Det finns m\u00e4nniskor som, trots att de \u00e4r r\u00e4dda f\u00f6r konflikter och inte anser sig vara s\u00e4rskilt v\u00e5ldsamma, ibland blir mycket argare \u00e4n vad som kan tyckas rimligt, till och med att de tappar kontrollen \u00f6ver sin ilska och g\u00f6r saker som de senare \u00e5ngrar.<\/p>\n\n<p>Det finns ocks\u00e5 m\u00e4nniskor som ibland har flasher, bilder eller fantasier om v\u00e5ldsamma eller sexuella scener som kan uppst\u00e5 pl\u00f6tsligt, utan f\u00f6rvarning, och personen inte f\u00f6rst\u00e5r var de kommer ifr\u00e5n.<\/p>\n\n<p>Alla k\u00e4nslor har ett naturligt s\u00e4tt att uttrycka sig och n\u00e4r denna v\u00e4g hindras p\u00e5 grund av h\u00e4mning eller yttre eller inre f\u00f6rbud, m\u00e5ste organismen hitta nya s\u00e4tt att uttrycka dem.<\/p>\n\n<p>Ovanst\u00e5ende symtom \u00e4r n\u00e5gra s\u00e4tt som kroppen har f\u00f6r att uttrycka en f\u00f6rbjuden k\u00e4nsla, i dessa fall \u00e4r k\u00e4nslorna ofta ilska eller vrede.<\/p>\n\n<p>Jag har i flera \u00e5r anv\u00e4nt en specifik terapiteknik f\u00f6r att arbeta med problemet med h\u00e4mmad ilska och vrede. Baserat p\u00e5 en kombination av bildspr\u00e5k, kroppsarbete och EMDR, har det visat sig mycket effektivt f\u00f6r att l\u00f6sa de djupa underliggande konflikterna som \u00e4r ansvariga f\u00f6r problemet, och har gjort det m\u00f6jligt f\u00f6r klienten att \u00e5teruppt\u00e4cka det naturliga uttrycket f\u00f6r sina h\u00e4mmade k\u00e4nslor.<\/p>\n","protected":false},"excerpt":{"rendered":"<p>Det finns m\u00e4nniskor som, trots att de \u00e4r r\u00e4dda f\u00f6r konflikter och inte anser sig vara s\u00e4rskilt v\u00e5ldsamma, ibland blir mycket argare \u00e4n vad som kan tyckas rimligt, till och med att de tappar kontrollen \u00f6ver sin ilska och g\u00f6r saker som de senare \u00e5ngrar.<\/p>\n","protected":false},"featured_media":663,"template":"","class_list":["post-942","trastornos","type-trastornos","status-publish","has-post-thumbnail","hentry"],"yoast_head":"<!-- This site is optimized with the Yoast SEO plugin v22.6 - https:\/\/yoast.com\/wordpress\/plugins\/seo\/ -->\n<title>Oproportionerlig ilska, aggression och vrede - David Trotzig<\/title>\n<meta name=\"description\" content=\"Hantering av ilska, v\u00e5ld och aggressivitet, oavsett om det \u00e4r i hemmet eller inom andra omr\u00e5den\" \/>\n<meta name=\"robots\" content=\"index, follow, max-snippet:-1, max-image-preview:large, max-video-preview:-1\" \/>\n<link rel=\"canonical\" href=\"https:\/\/davidtrotzig.com\/sv\/problem-storningar\/oproportionerlig-ilska-aggression-och-vrede\/\" \/>\n<meta property=\"og:locale\" content=\"sv_SE\" \/>\n<meta property=\"og:type\" content=\"article\" \/>\n<meta property=\"og:title\" content=\"Oproportionerlig ilska, aggression och vrede - David Trotzig\" \/>\n<meta property=\"og:description\" content=\"Hantering av ilska, v\u00e5ld och aggressivitet, oavsett om det \u00e4r i hemmet eller inom andra omr\u00e5den\" \/>\n<meta property=\"og:url\" content=\"https:\/\/davidtrotzig.com\/sv\/problem-storningar\/oproportionerlig-ilska-aggression-och-vrede\/\" \/>\n<meta property=\"og:site_name\" content=\"David Trotzig\" \/>\n<meta property=\"article:modified_time\" content=\"2024-06-12T15:14:11+00:00\" \/>\n<meta property=\"og:image\" content=\"https:\/\/davidtrotzig.com\/wp-content\/uploads\/2024\/03\/david-trotzig_enfado-desproporcionado.jpeg\" \/>\n\t<meta property=\"og:image:width\" content=\"1540\" \/>\n\t<meta property=\"og:image:height\" content=\"1180\" \/>\n\t<meta property=\"og:image:type\" content=\"image\/jpeg\" \/>\n<meta name=\"twitter:card\" content=\"summary_large_image\" \/>\n<meta name=\"twitter:label1\" content=\"Ber\u00e4knad l\u00e4stid\" \/>\n\t<meta name=\"twitter:data1\" content=\"1 minut\" \/>\n<script type=\"application\/ld+json\" class=\"yoast-schema-graph\">{\"@context\":\"https:\/\/schema.org\",\"@graph\":[{\"@type\":\"WebPage\",\"@id\":\"https:\/\/davidtrotzig.com\/sv\/problem-storningar\/oproportionerlig-ilska-aggression-och-vrede\/\",\"url\":\"https:\/\/davidtrotzig.com\/sv\/problem-storningar\/oproportionerlig-ilska-aggression-och-vrede\/\",\"name\":\"Oproportionerlig ilska, aggression och vrede - David Trotzig\",\"isPartOf\":{\"@id\":\"https:\/\/davidtrotzig.com\/sv\/#website\"},\"primaryImageOfPage\":{\"@id\":\"https:\/\/davidtrotzig.com\/sv\/problem-storningar\/oproportionerlig-ilska-aggression-och-vrede\/#primaryimage\"},\"image\":{\"@id\":\"https:\/\/davidtrotzig.com\/sv\/problem-storningar\/oproportionerlig-ilska-aggression-och-vrede\/#primaryimage\"},\"thumbnailUrl\":\"https:\/\/davidtrotzig.com\/wp-content\/uploads\/2024\/03\/david-trotzig_enfado-desproporcionado.jpeg\",\"datePublished\":\"2024-03-05T15:09:43+00:00\",\"dateModified\":\"2024-06-12T15:14:11+00:00\",\"description\":\"Hantering av ilska, v\u00e5ld och aggressivitet, oavsett om det \u00e4r i hemmet eller inom andra omr\u00e5den\",\"breadcrumb\":{\"@id\":\"https:\/\/davidtrotzig.com\/sv\/problem-storningar\/oproportionerlig-ilska-aggression-och-vrede\/#breadcrumb\"},\"inLanguage\":\"sv-SE\",\"potentialAction\":[{\"@type\":\"ReadAction\",\"target\":[\"https:\/\/davidtrotzig.com\/sv\/problem-storningar\/oproportionerlig-ilska-aggression-och-vrede\/\"]}]},{\"@type\":\"ImageObject\",\"inLanguage\":\"sv-SE\",\"@id\":\"https:\/\/davidtrotzig.com\/sv\/problem-storningar\/oproportionerlig-ilska-aggression-och-vrede\/#primaryimage\",\"url\":\"https:\/\/davidtrotzig.com\/wp-content\/uploads\/2024\/03\/david-trotzig_enfado-desproporcionado.jpeg\",\"contentUrl\":\"https:\/\/davidtrotzig.com\/wp-content\/uploads\/2024\/03\/david-trotzig_enfado-desproporcionado.jpeg\",\"width\":1540,\"height\":1180},{\"@type\":\"BreadcrumbList\",\"@id\":\"https:\/\/davidtrotzig.com\/sv\/problem-storningar\/oproportionerlig-ilska-aggression-och-vrede\/#breadcrumb\",\"itemListElement\":[{\"@type\":\"ListItem\",\"position\":1,\"name\":\"Portada\",\"item\":\"https:\/\/davidtrotzig.com\/sv\/\"},{\"@type\":\"ListItem\",\"position\":2,\"name\":\"St\u00f6rningar\",\"item\":\"https:\/\/davidtrotzig.com\/sv\/problem-storningar\/\"},{\"@type\":\"ListItem\",\"position\":3,\"name\":\"Oproportionerlig ilska, aggression och vrede\"}]},{\"@type\":\"WebSite\",\"@id\":\"https:\/\/davidtrotzig.com\/sv\/#website\",\"url\":\"https:\/\/davidtrotzig.com\/sv\/\",\"name\":\"David Trotzig\",\"description\":\"Psicoterapeuta especializado en terapia del trauma y terapia psicocorporal\",\"potentialAction\":[{\"@type\":\"SearchAction\",\"target\":{\"@type\":\"EntryPoint\",\"urlTemplate\":\"https:\/\/davidtrotzig.com\/sv\/?s={search_term_string}\"},\"query-input\":\"required name=search_term_string\"}],\"inLanguage\":\"sv-SE\"}]}<\/script>\n<!-- \/ Yoast SEO plugin. -->","yoast_head_json":{"title":"Oproportionerlig ilska, aggression och vrede - David Trotzig","description":"Hantering av ilska, v\u00e5ld och aggressivitet, oavsett om det \u00e4r i hemmet eller inom andra omr\u00e5den","robots":{"index":"index","follow":"follow","max-snippet":"max-snippet:-1","max-image-preview":"max-image-preview:large","max-video-preview":"max-video-preview:-1"},"canonical":"https:\/\/davidtrotzig.com\/sv\/problem-storningar\/oproportionerlig-ilska-aggression-och-vrede\/","og_locale":"sv_SE","og_type":"article","og_title":"Oproportionerlig ilska, aggression och vrede - David Trotzig","og_description":"Hantering av ilska, v\u00e5ld och aggressivitet, oavsett om det \u00e4r i hemmet eller inom andra omr\u00e5den","og_url":"https:\/\/davidtrotzig.com\/sv\/problem-storningar\/oproportionerlig-ilska-aggression-och-vrede\/","og_site_name":"David Trotzig","article_modified_time":"2024-06-12T15:14:11+00:00","og_image":[{"width":1540,"height":1180,"url":"https:\/\/davidtrotzig.com\/wp-content\/uploads\/2024\/03\/david-trotzig_enfado-desproporcionado.jpeg","type":"image\/jpeg"}],"twitter_card":"summary_large_image","twitter_misc":{"Ber\u00e4knad l\u00e4stid":"1 minut"},"schema":{"@context":"https:\/\/schema.org","@graph":[{"@type":"WebPage","@id":"https:\/\/davidtrotzig.com\/sv\/problem-storningar\/oproportionerlig-ilska-aggression-och-vrede\/","url":"https:\/\/davidtrotzig.com\/sv\/problem-storningar\/oproportionerlig-ilska-aggression-och-vrede\/","name":"Oproportionerlig ilska, aggression och vrede - David Trotzig","isPartOf":{"@id":"https:\/\/davidtrotzig.com\/sv\/#website"},"primaryImageOfPage":{"@id":"https:\/\/davidtrotzig.com\/sv\/problem-storningar\/oproportionerlig-ilska-aggression-och-vrede\/#primaryimage"},"image":{"@id":"https:\/\/davidtrotzig.com\/sv\/problem-storningar\/oproportionerlig-ilska-aggression-och-vrede\/#primaryimage"},"thumbnailUrl":"https:\/\/davidtrotzig.com\/wp-content\/uploads\/2024\/03\/david-trotzig_enfado-desproporcionado.jpeg","datePublished":"2024-03-05T15:09:43+00:00","dateModified":"2024-06-12T15:14:11+00:00","description":"Hantering av ilska, v\u00e5ld och aggressivitet, oavsett om det \u00e4r i hemmet eller inom andra omr\u00e5den","breadcrumb":{"@id":"https:\/\/davidtrotzig.com\/sv\/problem-storningar\/oproportionerlig-ilska-aggression-och-vrede\/#breadcrumb"},"inLanguage":"sv-SE","potentialAction":[{"@type":"ReadAction","target":["https:\/\/davidtrotzig.com\/sv\/problem-storningar\/oproportionerlig-ilska-aggression-och-vrede\/"]}]},{"@type":"ImageObject","inLanguage":"sv-SE","@id":"https:\/\/davidtrotzig.com\/sv\/problem-storningar\/oproportionerlig-ilska-aggression-och-vrede\/#primaryimage","url":"https:\/\/davidtrotzig.com\/wp-content\/uploads\/2024\/03\/david-trotzig_enfado-desproporcionado.jpeg","contentUrl":"https:\/\/davidtrotzig.com\/wp-content\/uploads\/2024\/03\/david-trotzig_enfado-desproporcionado.jpeg","width":1540,"height":1180},{"@type":"BreadcrumbList","@id":"https:\/\/davidtrotzig.com\/sv\/problem-storningar\/oproportionerlig-ilska-aggression-och-vrede\/#breadcrumb","itemListElement":[{"@type":"ListItem","position":1,"name":"Portada","item":"https:\/\/davidtrotzig.com\/sv\/"},{"@type":"ListItem","position":2,"name":"St\u00f6rningar","item":"https:\/\/davidtrotzig.com\/sv\/problem-storningar\/"},{"@type":"ListItem","position":3,"name":"Oproportionerlig ilska, aggression och vrede"}]},{"@type":"WebSite","@id":"https:\/\/davidtrotzig.com\/sv\/#website","url":"https:\/\/davidtrotzig.com\/sv\/","name":"David Trotzig","description":"Psicoterapeuta especializado en terapia del trauma y terapia psicocorporal","potentialAction":[{"@type":"SearchAction","target":{"@type":"EntryPoint","urlTemplate":"https:\/\/davidtrotzig.com\/sv\/?s={search_term_string}"},"query-input":"required name=search_term_string"}],"inLanguage":"sv-SE"}]}},"_links":{"self":[{"href":"https:\/\/davidtrotzig.com\/sv\/wp-json\/wp\/v2\/trastornos\/942","targetHints":{"allow":["GET"]}}],"collection":[{"href":"https:\/\/davidtrotzig.com\/sv\/wp-json\/wp\/v2\/trastornos"}],"about":[{"href":"https:\/\/davidtrotzig.com\/sv\/wp-json\/wp\/v2\/types\/trastornos"}],"wp:featuredmedia":[{"embeddable":true,"href":"https:\/\/davidtrotzig.com\/sv\/wp-json\/wp\/v2\/media\/663"}],"wp:attachment":[{"href":"https:\/\/davidtrotzig.com\/sv\/wp-json\/wp\/v2\/media?parent=942"}],"curies":[{"name":"wp","href":"https:\/\/api.w.org\/{rel}","templated":true}]}}