{"id":944,"date":"2024-03-05T16:07:00","date_gmt":"2024-03-05T15:07:00","guid":{"rendered":"https:\/\/davidtrotzig.com\/problemas-y-trastornos\/posttraumatisk-stress-ptsd\/"},"modified":"2024-06-13T12:59:36","modified_gmt":"2024-06-13T10:59:36","slug":"posttraumatisk-stress-ptsd","status":"publish","type":"trastornos","link":"https:\/\/davidtrotzig.com\/sv\/problem-storningar\/posttraumatisk-stress-ptsd\/","title":{"rendered":"Posttraumatisk stress (PTSD)"},"content":{"rendered":"\n<p><a href=\"https:\/\/www.psykologiguiden.se\/rad-och-fakta\/symtom-och-besvar\/psykisk-ohalsa\/angest\/ptsd\">Posttraumatisk stress<\/a> \u00e4r en psykisk st\u00f6rning som uppst\u00e5r efter att ha upplevt eller bevittnat en traumatisk h\u00e4ndelse, k\u00e4nnetecknad av p\u00e5tr\u00e4ngande minnen, undvikande, negativa f\u00f6r\u00e4ndringar i t\u00e4nkande och hum\u00f6r och \u00f6kad reaktivitet.<\/p>\n\n<p>Traumatiska h\u00e4ndelser, som viktiga personers d\u00f6d, olyckor eller traumatiska f\u00f6rlossningar, kan orsaka ett tillst\u00e5nd av posttraumatisk stress d\u00e4r den drabbade kan ha mer eller mindre allvarliga symtom som inte f\u00f6rsvinner av sig sj\u00e4lv. Dessa symptom kan vara:<\/p>\n\n<ul class=\"wp-block-list\">\n<li>P\u00e5minner om traumat (flashbacks), ibland med mardr\u00f6mmar eller \u00f6gonblickliga och ofrivilliga minnen n\u00e4r som helst p\u00e5 dygnet.<\/li>\n\n\n\n<li>En k\u00e4nsla av stark \u00e5ngest n\u00e4r vi kommer i kontakt med m\u00e4nniskor, platser eller andra omst\u00e4ndigheter som p\u00e5minner oss om traumat.<\/li>\n\n\n\n<li>Hj\u00e4rtklappning, andningssv\u00e5righeter, svettningar varje g\u00e5ng man kommer ih\u00e5g den utl\u00f6sande h\u00e4ndelsen.<\/li>\n\n\n\n<li>Undvika samtal, platser, m\u00e4nniskor och i allm\u00e4nhet allt som kan relateras till traumat.<\/li>\n\n\n\n<li>Of\u00f6rm\u00e5ga att komma ih\u00e5g viktiga detaljer om h\u00e4ndelsen.<\/li>\n\n\n\n<li>Att k\u00e4nna sig psykiskt avl\u00e4gsen, stel och f\u00f6rlamad av alla normala k\u00e4nslom\u00e4ssiga upplevelser.<\/li>\n\n\n\n<li>Att tro att livet kommer att bli kortare \u00e4n vad man logiskt kan f\u00f6rv\u00e4nta sig.<\/li>\n\n\n\n<li>Att tappa intresset f\u00f6r hobbyer och underh\u00e5llning.<\/li>\n\n\n\n<li>Att visa tecken p\u00e5 hyperaktivitet: s\u00f6mnsv\u00e5righeter, irritabilitet, of\u00f6rm\u00e5ga att koncentrera sig eller bli v\u00e4ldigt l\u00e4tt orolig.<\/li>\n<\/ul>\n\n<p>N\u00e4r trauman som intr\u00e4ffat har intr\u00e4ffat under barndomen kan deras effekter vara mycket mer komplicerade och sv\u00e5ra att hantera, d\u00e5 kan vi prata om <a href=\"https:\/\/davidtrotzig.com\/sv\/problem-storningar\/komplext-posttraumatiskt-stressyndrom-c-ptsd\/\">komplex posttraumatisk stress<\/a> (C-PTSD).<\/p>\n\n<p><\/p>\n","protected":false},"excerpt":{"rendered":"<p>Traumatiska h\u00e4ndelser, som viktiga personers d\u00f6d, olyckor eller traumatiska f\u00f6rlossningar, kan orsaka ett tillst\u00e5nd av posttraumatisk stress d\u00e4r den drabbade kan ha mer eller mindre allvarliga symtom som inte f\u00f6rsvinner av sig sj\u00e4lv.<\/p>\n","protected":false},"featured_media":671,"template":"","class_list":["post-944","trastornos","type-trastornos","status-publish","has-post-thumbnail","hentry"],"yoast_head":"<!-- This site is optimized with the Yoast SEO plugin v22.6 - https:\/\/yoast.com\/wordpress\/plugins\/seo\/ -->\n<title>Posttraumatisk stress (PTSD) - David Trotzig<\/title>\n<meta name=\"description\" content=\"Posttraumatisk stress uppst\u00e5r efter att ha upplevt eller bevittnat en traumatisk h\u00e4ndelse, k\u00e4nnetecknad av p\u00e5tr\u00e4ngande minnen, undvikande, negativa f\u00f6r\u00e4ndringar i t\u00e4nkande och hum\u00f6r.\" \/>\n<meta name=\"robots\" content=\"index, follow, max-snippet:-1, max-image-preview:large, max-video-preview:-1\" \/>\n<link rel=\"canonical\" href=\"https:\/\/davidtrotzig.com\/sv\/problem-storningar\/posttraumatisk-stress-ptsd\/\" \/>\n<meta property=\"og:locale\" content=\"sv_SE\" \/>\n<meta property=\"og:type\" content=\"article\" \/>\n<meta property=\"og:title\" content=\"Posttraumatisk stress (PTSD) - David Trotzig\" \/>\n<meta property=\"og:description\" content=\"Posttraumatisk stress uppst\u00e5r efter att ha upplevt eller bevittnat en traumatisk h\u00e4ndelse, k\u00e4nnetecknad av p\u00e5tr\u00e4ngande minnen, undvikande, negativa f\u00f6r\u00e4ndringar i t\u00e4nkande och hum\u00f6r.\" \/>\n<meta property=\"og:url\" content=\"https:\/\/davidtrotzig.com\/sv\/problem-storningar\/posttraumatisk-stress-ptsd\/\" \/>\n<meta property=\"og:site_name\" content=\"David Trotzig\" \/>\n<meta property=\"article:modified_time\" content=\"2024-06-13T10:59:36+00:00\" \/>\n<meta property=\"og:image\" content=\"https:\/\/davidtrotzig.com\/wp-content\/uploads\/2024\/03\/david-trotzig_estres-postraumatico.jpeg\" \/>\n\t<meta property=\"og:image:width\" content=\"538\" \/>\n\t<meta property=\"og:image:height\" content=\"495\" \/>\n\t<meta property=\"og:image:type\" content=\"image\/jpeg\" \/>\n<meta name=\"twitter:card\" content=\"summary_large_image\" \/>\n<meta name=\"twitter:label1\" content=\"Ber\u00e4knad l\u00e4stid\" \/>\n\t<meta name=\"twitter:data1\" content=\"1 minut\" \/>\n<script type=\"application\/ld+json\" class=\"yoast-schema-graph\">{\"@context\":\"https:\/\/schema.org\",\"@graph\":[{\"@type\":\"WebPage\",\"@id\":\"https:\/\/davidtrotzig.com\/sv\/problem-storningar\/posttraumatisk-stress-ptsd\/\",\"url\":\"https:\/\/davidtrotzig.com\/sv\/problem-storningar\/posttraumatisk-stress-ptsd\/\",\"name\":\"Posttraumatisk stress (PTSD) - David Trotzig\",\"isPartOf\":{\"@id\":\"https:\/\/davidtrotzig.com\/sv\/#website\"},\"primaryImageOfPage\":{\"@id\":\"https:\/\/davidtrotzig.com\/sv\/problem-storningar\/posttraumatisk-stress-ptsd\/#primaryimage\"},\"image\":{\"@id\":\"https:\/\/davidtrotzig.com\/sv\/problem-storningar\/posttraumatisk-stress-ptsd\/#primaryimage\"},\"thumbnailUrl\":\"https:\/\/davidtrotzig.com\/wp-content\/uploads\/2024\/03\/david-trotzig_estres-postraumatico.jpeg\",\"datePublished\":\"2024-03-05T15:07:00+00:00\",\"dateModified\":\"2024-06-13T10:59:36+00:00\",\"description\":\"Posttraumatisk stress uppst\u00e5r efter att ha upplevt eller bevittnat en traumatisk h\u00e4ndelse, k\u00e4nnetecknad av p\u00e5tr\u00e4ngande minnen, undvikande, negativa f\u00f6r\u00e4ndringar i t\u00e4nkande och hum\u00f6r.\",\"breadcrumb\":{\"@id\":\"https:\/\/davidtrotzig.com\/sv\/problem-storningar\/posttraumatisk-stress-ptsd\/#breadcrumb\"},\"inLanguage\":\"sv-SE\",\"potentialAction\":[{\"@type\":\"ReadAction\",\"target\":[\"https:\/\/davidtrotzig.com\/sv\/problem-storningar\/posttraumatisk-stress-ptsd\/\"]}]},{\"@type\":\"ImageObject\",\"inLanguage\":\"sv-SE\",\"@id\":\"https:\/\/davidtrotzig.com\/sv\/problem-storningar\/posttraumatisk-stress-ptsd\/#primaryimage\",\"url\":\"https:\/\/davidtrotzig.com\/wp-content\/uploads\/2024\/03\/david-trotzig_estres-postraumatico.jpeg\",\"contentUrl\":\"https:\/\/davidtrotzig.com\/wp-content\/uploads\/2024\/03\/david-trotzig_estres-postraumatico.jpeg\",\"width\":538,\"height\":495},{\"@type\":\"BreadcrumbList\",\"@id\":\"https:\/\/davidtrotzig.com\/sv\/problem-storningar\/posttraumatisk-stress-ptsd\/#breadcrumb\",\"itemListElement\":[{\"@type\":\"ListItem\",\"position\":1,\"name\":\"Portada\",\"item\":\"https:\/\/davidtrotzig.com\/sv\/\"},{\"@type\":\"ListItem\",\"position\":2,\"name\":\"St\u00f6rningar\",\"item\":\"https:\/\/davidtrotzig.com\/sv\/problem-storningar\/\"},{\"@type\":\"ListItem\",\"position\":3,\"name\":\"Posttraumatisk stress (PTSD)\"}]},{\"@type\":\"WebSite\",\"@id\":\"https:\/\/davidtrotzig.com\/sv\/#website\",\"url\":\"https:\/\/davidtrotzig.com\/sv\/\",\"name\":\"David Trotzig\",\"description\":\"Psicoterapeuta especializado en terapia del trauma y terapia psicocorporal\",\"potentialAction\":[{\"@type\":\"SearchAction\",\"target\":{\"@type\":\"EntryPoint\",\"urlTemplate\":\"https:\/\/davidtrotzig.com\/sv\/?s={search_term_string}\"},\"query-input\":\"required name=search_term_string\"}],\"inLanguage\":\"sv-SE\"}]}<\/script>\n<!-- \/ Yoast SEO plugin. -->","yoast_head_json":{"title":"Posttraumatisk stress (PTSD) - David Trotzig","description":"Posttraumatisk stress uppst\u00e5r efter att ha upplevt eller bevittnat en traumatisk h\u00e4ndelse, k\u00e4nnetecknad av p\u00e5tr\u00e4ngande minnen, undvikande, negativa f\u00f6r\u00e4ndringar i t\u00e4nkande och hum\u00f6r.","robots":{"index":"index","follow":"follow","max-snippet":"max-snippet:-1","max-image-preview":"max-image-preview:large","max-video-preview":"max-video-preview:-1"},"canonical":"https:\/\/davidtrotzig.com\/sv\/problem-storningar\/posttraumatisk-stress-ptsd\/","og_locale":"sv_SE","og_type":"article","og_title":"Posttraumatisk stress (PTSD) - David Trotzig","og_description":"Posttraumatisk stress uppst\u00e5r efter att ha upplevt eller bevittnat en traumatisk h\u00e4ndelse, k\u00e4nnetecknad av p\u00e5tr\u00e4ngande minnen, undvikande, negativa f\u00f6r\u00e4ndringar i t\u00e4nkande och hum\u00f6r.","og_url":"https:\/\/davidtrotzig.com\/sv\/problem-storningar\/posttraumatisk-stress-ptsd\/","og_site_name":"David Trotzig","article_modified_time":"2024-06-13T10:59:36+00:00","og_image":[{"width":538,"height":495,"url":"https:\/\/davidtrotzig.com\/wp-content\/uploads\/2024\/03\/david-trotzig_estres-postraumatico.jpeg","type":"image\/jpeg"}],"twitter_card":"summary_large_image","twitter_misc":{"Ber\u00e4knad l\u00e4stid":"1 minut"},"schema":{"@context":"https:\/\/schema.org","@graph":[{"@type":"WebPage","@id":"https:\/\/davidtrotzig.com\/sv\/problem-storningar\/posttraumatisk-stress-ptsd\/","url":"https:\/\/davidtrotzig.com\/sv\/problem-storningar\/posttraumatisk-stress-ptsd\/","name":"Posttraumatisk stress (PTSD) - David Trotzig","isPartOf":{"@id":"https:\/\/davidtrotzig.com\/sv\/#website"},"primaryImageOfPage":{"@id":"https:\/\/davidtrotzig.com\/sv\/problem-storningar\/posttraumatisk-stress-ptsd\/#primaryimage"},"image":{"@id":"https:\/\/davidtrotzig.com\/sv\/problem-storningar\/posttraumatisk-stress-ptsd\/#primaryimage"},"thumbnailUrl":"https:\/\/davidtrotzig.com\/wp-content\/uploads\/2024\/03\/david-trotzig_estres-postraumatico.jpeg","datePublished":"2024-03-05T15:07:00+00:00","dateModified":"2024-06-13T10:59:36+00:00","description":"Posttraumatisk stress uppst\u00e5r efter att ha upplevt eller bevittnat en traumatisk h\u00e4ndelse, k\u00e4nnetecknad av p\u00e5tr\u00e4ngande minnen, undvikande, negativa f\u00f6r\u00e4ndringar i t\u00e4nkande och hum\u00f6r.","breadcrumb":{"@id":"https:\/\/davidtrotzig.com\/sv\/problem-storningar\/posttraumatisk-stress-ptsd\/#breadcrumb"},"inLanguage":"sv-SE","potentialAction":[{"@type":"ReadAction","target":["https:\/\/davidtrotzig.com\/sv\/problem-storningar\/posttraumatisk-stress-ptsd\/"]}]},{"@type":"ImageObject","inLanguage":"sv-SE","@id":"https:\/\/davidtrotzig.com\/sv\/problem-storningar\/posttraumatisk-stress-ptsd\/#primaryimage","url":"https:\/\/davidtrotzig.com\/wp-content\/uploads\/2024\/03\/david-trotzig_estres-postraumatico.jpeg","contentUrl":"https:\/\/davidtrotzig.com\/wp-content\/uploads\/2024\/03\/david-trotzig_estres-postraumatico.jpeg","width":538,"height":495},{"@type":"BreadcrumbList","@id":"https:\/\/davidtrotzig.com\/sv\/problem-storningar\/posttraumatisk-stress-ptsd\/#breadcrumb","itemListElement":[{"@type":"ListItem","position":1,"name":"Portada","item":"https:\/\/davidtrotzig.com\/sv\/"},{"@type":"ListItem","position":2,"name":"St\u00f6rningar","item":"https:\/\/davidtrotzig.com\/sv\/problem-storningar\/"},{"@type":"ListItem","position":3,"name":"Posttraumatisk stress (PTSD)"}]},{"@type":"WebSite","@id":"https:\/\/davidtrotzig.com\/sv\/#website","url":"https:\/\/davidtrotzig.com\/sv\/","name":"David Trotzig","description":"Psicoterapeuta especializado en terapia del trauma y terapia psicocorporal","potentialAction":[{"@type":"SearchAction","target":{"@type":"EntryPoint","urlTemplate":"https:\/\/davidtrotzig.com\/sv\/?s={search_term_string}"},"query-input":"required name=search_term_string"}],"inLanguage":"sv-SE"}]}},"_links":{"self":[{"href":"https:\/\/davidtrotzig.com\/sv\/wp-json\/wp\/v2\/trastornos\/944","targetHints":{"allow":["GET"]}}],"collection":[{"href":"https:\/\/davidtrotzig.com\/sv\/wp-json\/wp\/v2\/trastornos"}],"about":[{"href":"https:\/\/davidtrotzig.com\/sv\/wp-json\/wp\/v2\/types\/trastornos"}],"wp:featuredmedia":[{"embeddable":true,"href":"https:\/\/davidtrotzig.com\/sv\/wp-json\/wp\/v2\/media\/671"}],"wp:attachment":[{"href":"https:\/\/davidtrotzig.com\/sv\/wp-json\/wp\/v2\/media?parent=944"}],"curies":[{"name":"wp","href":"https:\/\/api.w.org\/{rel}","templated":true}]}}