{"id":946,"date":"2024-03-05T16:02:01","date_gmt":"2024-03-05T15:02:01","guid":{"rendered":"https:\/\/davidtrotzig.com\/problemas-y-trastornos\/depression\/"},"modified":"2024-06-20T17:45:10","modified_gmt":"2024-06-20T15:45:10","slug":"depression","status":"publish","type":"trastornos","link":"https:\/\/davidtrotzig.com\/sv\/problem-storningar\/depression\/","title":{"rendered":"Depression"},"content":{"rendered":"\n<h3 class=\"wp-block-heading\">Medicinskt perspektiv vs. Psykologiska teorier<\/h3>\n\n<p>Inom traditionell medicin anses depression vara ett problem relaterat till hj\u00e4rnans inre kemi, som endast kan behandlas med medicin. Det finns dock psykologiska teorier som f\u00f6rklarar fenomenet och hur det kan botas. Enligt min erfarenhet \u00e4r den fr\u00e4msta orsaken till depression interna och omedvetna konflikter som personen inte vet hur man ska l\u00f6sa.<\/p>\n\n<h3 class=\"wp-block-heading\">Den defensiva adaptiva strukturen<\/h3>\n\n<p>Fr\u00e5n en ung \u00e5lder bygger vi en defensiv adaptiv struktur. Denna &#8221;rustning&#8221; skyddar oss fr\u00e5n inre faror (r\u00e4dslor och tv\u00e5ng) och yttre faror. Denna struktur ger oss stabilitet, men den kan dekompensera i situationer med l\u00e5ngvarig stress eller traumatiska h\u00e4ndelser.<\/p>\n\n<h3 class=\"wp-block-heading\">Interna konflikter vid depression<\/h3>\n\n<p>N\u00e4r strukturen \u00e4r dekompenserad uppst\u00e5r interna konflikter. Vid depression \u00e4r kampen mellan den impulsiva delen (undertryckt ilska) och den reglerande delen av personligheten vanlig. Impulsen h\u00e4mmas eftersom personen omedvetet tror att agerande \u00e4r farligt eller f\u00f6rbjudet. Detta kan resultera i f\u00f6rlamning av motivation, k\u00e4nslor av tomhet, \u00e5ngest och \u00e5ngest. Andra grundorsaker kan vara r\u00e4dsla f\u00f6r att bli \u00f6vergiven och l\u00e5g sj\u00e4lvk\u00e4nsla.<\/p>\n\n<h3 class=\"wp-block-heading\">Terapeutisk tillv\u00e4gag\u00e5ngss\u00e4tt<\/h3>\n\n<p>Terapin bygger p\u00e5 att identifiera k\u00e4llorna till omedvetna konflikter, som vanligtvis uppst\u00e5r i barndomen, och att till\u00e4mpa psykoterapeutiska tekniker f\u00f6r att l\u00f6sa dem. Medicinering \u00e4r inte of\u00f6renligt med psykoterapi och \u00e4r ibland n\u00f6dv\u00e4ndigt f\u00f6r att patienten ska ha tillr\u00e4ckligt med energi f\u00f6r b\u00e5de terapin och en uth\u00e4rdlig vardag.<\/p>\n\n<h3 class=\"wp-block-heading\">\u00c5terh\u00e4mtningsprocessen<\/h3>\n\n<p>I takt med att symtomen minskar, minskar man medicineringen tills den inte l\u00e4ngre \u00e4r n\u00f6dv\u00e4ndig. M\u00e5let \u00e4r att personen ska leva i frihet och lugn.<\/p>\n","protected":false},"excerpt":{"rendered":"<p>Det mest karakteristiska symtomet p\u00e5 depression \u00e4r att en person k\u00e4nner sig nedsjunken, f\u00f6rlamad, som om de hade en \u00f6verv\u00e4ldigande vikt som h\u00e4mmade deras vitalitet, vilket g\u00f6r det om\u00f6jligt f\u00f6r dem att leva fullt ut.<\/p>\n","protected":false},"featured_media":659,"template":"","class_list":["post-946","trastornos","type-trastornos","status-publish","has-post-thumbnail","hentry"],"yoast_head":"<!-- This site is optimized with the Yoast SEO plugin v22.6 - https:\/\/yoast.com\/wordpress\/plugins\/seo\/ -->\n<title>Depression - David Trotzig<\/title>\n<meta name=\"description\" content=\"Att identifiera och l\u00f6sa omedvetna konflikter \u00e4r nyckeln till att \u00f6vervinna depression och uppn\u00e5 k\u00e4nslom\u00e4ssig stabilitet. Att utforska hur interna och omedvetna konflikter kan vara den fr\u00e4msta orsaken till depression och hur psykoterapeutisk terapi, ibland kompletterad med medicin, kan hj\u00e4lpa till att l\u00f6sa dessa konflikter och uppn\u00e5 k\u00e4nslom\u00e4ssig stabilitet.\" \/>\n<meta name=\"robots\" content=\"index, follow, max-snippet:-1, max-image-preview:large, max-video-preview:-1\" \/>\n<link rel=\"canonical\" href=\"https:\/\/davidtrotzig.com\/sv\/problem-storningar\/depression\/\" \/>\n<meta property=\"og:locale\" content=\"sv_SE\" \/>\n<meta property=\"og:type\" content=\"article\" \/>\n<meta property=\"og:title\" content=\"Depression - David Trotzig\" \/>\n<meta property=\"og:description\" content=\"Att identifiera och l\u00f6sa omedvetna konflikter \u00e4r nyckeln till att \u00f6vervinna depression och uppn\u00e5 k\u00e4nslom\u00e4ssig stabilitet. Att utforska hur interna och omedvetna konflikter kan vara den fr\u00e4msta orsaken till depression och hur psykoterapeutisk terapi, ibland kompletterad med medicin, kan hj\u00e4lpa till att l\u00f6sa dessa konflikter och uppn\u00e5 k\u00e4nslom\u00e4ssig stabilitet.\" \/>\n<meta property=\"og:url\" content=\"https:\/\/davidtrotzig.com\/sv\/problem-storningar\/depression\/\" \/>\n<meta property=\"og:site_name\" content=\"David Trotzig\" \/>\n<meta property=\"article:modified_time\" content=\"2024-06-20T15:45:10+00:00\" \/>\n<meta property=\"og:image\" content=\"https:\/\/davidtrotzig.com\/wp-content\/uploads\/2024\/03\/david-trotzig_depresion.jpeg\" \/>\n\t<meta property=\"og:image:width\" content=\"538\" \/>\n\t<meta property=\"og:image:height\" content=\"495\" \/>\n\t<meta property=\"og:image:type\" content=\"image\/jpeg\" \/>\n<meta name=\"twitter:card\" content=\"summary_large_image\" \/>\n<meta name=\"twitter:label1\" content=\"Ber\u00e4knad l\u00e4stid\" \/>\n\t<meta name=\"twitter:data1\" content=\"1 minut\" \/>\n<script type=\"application\/ld+json\" class=\"yoast-schema-graph\">{\"@context\":\"https:\/\/schema.org\",\"@graph\":[{\"@type\":\"WebPage\",\"@id\":\"https:\/\/davidtrotzig.com\/sv\/problem-storningar\/depression\/\",\"url\":\"https:\/\/davidtrotzig.com\/sv\/problem-storningar\/depression\/\",\"name\":\"Depression - David Trotzig\",\"isPartOf\":{\"@id\":\"https:\/\/davidtrotzig.com\/sv\/#website\"},\"primaryImageOfPage\":{\"@id\":\"https:\/\/davidtrotzig.com\/sv\/problem-storningar\/depression\/#primaryimage\"},\"image\":{\"@id\":\"https:\/\/davidtrotzig.com\/sv\/problem-storningar\/depression\/#primaryimage\"},\"thumbnailUrl\":\"https:\/\/davidtrotzig.com\/wp-content\/uploads\/2024\/03\/david-trotzig_depresion.jpeg\",\"datePublished\":\"2024-03-05T15:02:01+00:00\",\"dateModified\":\"2024-06-20T15:45:10+00:00\",\"description\":\"Att identifiera och l\u00f6sa omedvetna konflikter \u00e4r nyckeln till att \u00f6vervinna depression och uppn\u00e5 k\u00e4nslom\u00e4ssig stabilitet. Att utforska hur interna och omedvetna konflikter kan vara den fr\u00e4msta orsaken till depression och hur psykoterapeutisk terapi, ibland kompletterad med medicin, kan hj\u00e4lpa till att l\u00f6sa dessa konflikter och uppn\u00e5 k\u00e4nslom\u00e4ssig stabilitet.\",\"breadcrumb\":{\"@id\":\"https:\/\/davidtrotzig.com\/sv\/problem-storningar\/depression\/#breadcrumb\"},\"inLanguage\":\"sv-SE\",\"potentialAction\":[{\"@type\":\"ReadAction\",\"target\":[\"https:\/\/davidtrotzig.com\/sv\/problem-storningar\/depression\/\"]}]},{\"@type\":\"ImageObject\",\"inLanguage\":\"sv-SE\",\"@id\":\"https:\/\/davidtrotzig.com\/sv\/problem-storningar\/depression\/#primaryimage\",\"url\":\"https:\/\/davidtrotzig.com\/wp-content\/uploads\/2024\/03\/david-trotzig_depresion.jpeg\",\"contentUrl\":\"https:\/\/davidtrotzig.com\/wp-content\/uploads\/2024\/03\/david-trotzig_depresion.jpeg\",\"width\":538,\"height\":495},{\"@type\":\"BreadcrumbList\",\"@id\":\"https:\/\/davidtrotzig.com\/sv\/problem-storningar\/depression\/#breadcrumb\",\"itemListElement\":[{\"@type\":\"ListItem\",\"position\":1,\"name\":\"Portada\",\"item\":\"https:\/\/davidtrotzig.com\/sv\/\"},{\"@type\":\"ListItem\",\"position\":2,\"name\":\"St\u00f6rningar\",\"item\":\"https:\/\/davidtrotzig.com\/sv\/problem-storningar\/\"},{\"@type\":\"ListItem\",\"position\":3,\"name\":\"Depression\"}]},{\"@type\":\"WebSite\",\"@id\":\"https:\/\/davidtrotzig.com\/sv\/#website\",\"url\":\"https:\/\/davidtrotzig.com\/sv\/\",\"name\":\"David Trotzig\",\"description\":\"Psicoterapeuta especializado en terapia del trauma y terapia psicocorporal\",\"potentialAction\":[{\"@type\":\"SearchAction\",\"target\":{\"@type\":\"EntryPoint\",\"urlTemplate\":\"https:\/\/davidtrotzig.com\/sv\/?s={search_term_string}\"},\"query-input\":\"required name=search_term_string\"}],\"inLanguage\":\"sv-SE\"}]}<\/script>\n<!-- \/ Yoast SEO plugin. -->","yoast_head_json":{"title":"Depression - David Trotzig","description":"Att identifiera och l\u00f6sa omedvetna konflikter \u00e4r nyckeln till att \u00f6vervinna depression och uppn\u00e5 k\u00e4nslom\u00e4ssig stabilitet. Att utforska hur interna och omedvetna konflikter kan vara den fr\u00e4msta orsaken till depression och hur psykoterapeutisk terapi, ibland kompletterad med medicin, kan hj\u00e4lpa till att l\u00f6sa dessa konflikter och uppn\u00e5 k\u00e4nslom\u00e4ssig stabilitet.","robots":{"index":"index","follow":"follow","max-snippet":"max-snippet:-1","max-image-preview":"max-image-preview:large","max-video-preview":"max-video-preview:-1"},"canonical":"https:\/\/davidtrotzig.com\/sv\/problem-storningar\/depression\/","og_locale":"sv_SE","og_type":"article","og_title":"Depression - David Trotzig","og_description":"Att identifiera och l\u00f6sa omedvetna konflikter \u00e4r nyckeln till att \u00f6vervinna depression och uppn\u00e5 k\u00e4nslom\u00e4ssig stabilitet. Att utforska hur interna och omedvetna konflikter kan vara den fr\u00e4msta orsaken till depression och hur psykoterapeutisk terapi, ibland kompletterad med medicin, kan hj\u00e4lpa till att l\u00f6sa dessa konflikter och uppn\u00e5 k\u00e4nslom\u00e4ssig stabilitet.","og_url":"https:\/\/davidtrotzig.com\/sv\/problem-storningar\/depression\/","og_site_name":"David Trotzig","article_modified_time":"2024-06-20T15:45:10+00:00","og_image":[{"width":538,"height":495,"url":"https:\/\/davidtrotzig.com\/wp-content\/uploads\/2024\/03\/david-trotzig_depresion.jpeg","type":"image\/jpeg"}],"twitter_card":"summary_large_image","twitter_misc":{"Ber\u00e4knad l\u00e4stid":"1 minut"},"schema":{"@context":"https:\/\/schema.org","@graph":[{"@type":"WebPage","@id":"https:\/\/davidtrotzig.com\/sv\/problem-storningar\/depression\/","url":"https:\/\/davidtrotzig.com\/sv\/problem-storningar\/depression\/","name":"Depression - David Trotzig","isPartOf":{"@id":"https:\/\/davidtrotzig.com\/sv\/#website"},"primaryImageOfPage":{"@id":"https:\/\/davidtrotzig.com\/sv\/problem-storningar\/depression\/#primaryimage"},"image":{"@id":"https:\/\/davidtrotzig.com\/sv\/problem-storningar\/depression\/#primaryimage"},"thumbnailUrl":"https:\/\/davidtrotzig.com\/wp-content\/uploads\/2024\/03\/david-trotzig_depresion.jpeg","datePublished":"2024-03-05T15:02:01+00:00","dateModified":"2024-06-20T15:45:10+00:00","description":"Att identifiera och l\u00f6sa omedvetna konflikter \u00e4r nyckeln till att \u00f6vervinna depression och uppn\u00e5 k\u00e4nslom\u00e4ssig stabilitet. Att utforska hur interna och omedvetna konflikter kan vara den fr\u00e4msta orsaken till depression och hur psykoterapeutisk terapi, ibland kompletterad med medicin, kan hj\u00e4lpa till att l\u00f6sa dessa konflikter och uppn\u00e5 k\u00e4nslom\u00e4ssig stabilitet.","breadcrumb":{"@id":"https:\/\/davidtrotzig.com\/sv\/problem-storningar\/depression\/#breadcrumb"},"inLanguage":"sv-SE","potentialAction":[{"@type":"ReadAction","target":["https:\/\/davidtrotzig.com\/sv\/problem-storningar\/depression\/"]}]},{"@type":"ImageObject","inLanguage":"sv-SE","@id":"https:\/\/davidtrotzig.com\/sv\/problem-storningar\/depression\/#primaryimage","url":"https:\/\/davidtrotzig.com\/wp-content\/uploads\/2024\/03\/david-trotzig_depresion.jpeg","contentUrl":"https:\/\/davidtrotzig.com\/wp-content\/uploads\/2024\/03\/david-trotzig_depresion.jpeg","width":538,"height":495},{"@type":"BreadcrumbList","@id":"https:\/\/davidtrotzig.com\/sv\/problem-storningar\/depression\/#breadcrumb","itemListElement":[{"@type":"ListItem","position":1,"name":"Portada","item":"https:\/\/davidtrotzig.com\/sv\/"},{"@type":"ListItem","position":2,"name":"St\u00f6rningar","item":"https:\/\/davidtrotzig.com\/sv\/problem-storningar\/"},{"@type":"ListItem","position":3,"name":"Depression"}]},{"@type":"WebSite","@id":"https:\/\/davidtrotzig.com\/sv\/#website","url":"https:\/\/davidtrotzig.com\/sv\/","name":"David Trotzig","description":"Psicoterapeuta especializado en terapia del trauma y terapia psicocorporal","potentialAction":[{"@type":"SearchAction","target":{"@type":"EntryPoint","urlTemplate":"https:\/\/davidtrotzig.com\/sv\/?s={search_term_string}"},"query-input":"required name=search_term_string"}],"inLanguage":"sv-SE"}]}},"_links":{"self":[{"href":"https:\/\/davidtrotzig.com\/sv\/wp-json\/wp\/v2\/trastornos\/946","targetHints":{"allow":["GET"]}}],"collection":[{"href":"https:\/\/davidtrotzig.com\/sv\/wp-json\/wp\/v2\/trastornos"}],"about":[{"href":"https:\/\/davidtrotzig.com\/sv\/wp-json\/wp\/v2\/types\/trastornos"}],"wp:featuredmedia":[{"embeddable":true,"href":"https:\/\/davidtrotzig.com\/sv\/wp-json\/wp\/v2\/media\/659"}],"wp:attachment":[{"href":"https:\/\/davidtrotzig.com\/sv\/wp-json\/wp\/v2\/media?parent=946"}],"curies":[{"name":"wp","href":"https:\/\/api.w.org\/{rel}","templated":true}]}}