{"id":947,"date":"2024-03-05T16:01:08","date_gmt":"2024-03-05T15:01:08","guid":{"rendered":"https:\/\/davidtrotzig.com\/problemas-y-trastornos\/angest-paniksyndrom\/"},"modified":"2024-06-21T13:24:29","modified_gmt":"2024-06-21T11:24:29","slug":"angest-paniksyndrom","status":"publish","type":"trastornos","link":"https:\/\/davidtrotzig.com\/sv\/problem-storningar\/angest-paniksyndrom\/","title":{"rendered":"\u00c5ngest\/paniksyndrom"},"content":{"rendered":"\n<h3 class=\"wp-block-heading\">Byggande av f\u00f6rsvar fr\u00e5n barndomen<\/h3>\n\n<p>Sedan barndomen har vi byggt f\u00f6rsvar f\u00f6r att anpassa oss till v\u00e5r milj\u00f6. Dessa f\u00f6rsvar till\u00e5ter oss att uppr\u00e4tth\u00e5lla en vital balans och leva ett liv som vi vill eller beh\u00f6ver.<\/p>\n\n<h3 class=\"wp-block-heading\">Nedbrytning av Vital Balans<\/h3>\n\n<p>Vitala faktorer kan bryta denna balans och v\u00e5r defensiva struktur, vilket g\u00f6r oss utsatta. En \u00e5ngestattack \u00e4r ett symptom p\u00e5 att detta har intr\u00e4ffat.<\/p>\n\n<h3 class=\"wp-block-heading\">Effekten av \u00e5ngestattack<\/h3>\n\n<p>Effekten av en \u00e5ngestattack p\u00e5 kroppen \u00e4r mycket stark och registreras som ett stort trauma. Allt som p\u00e5minner oss om det \u00f6gonblicket kan utl\u00f6sa liknande f\u00f6rnimmelser eller till och med en annan \u00e5ngestattack.<\/p>\n\n<h3 class=\"wp-block-heading\">K\u00e4nslighet och kropps\u00f6vervakning<\/h3>\n\n<p>Som ett resultat blir personen mycket k\u00e4nslig och uppm\u00e4rksam p\u00e5 kroppsf\u00f6rnimmelser som andning, hj\u00e4rtfrekvens, sp\u00e4nningar och sm\u00e4rta. Under en \u00e5ngestattack \u00e4r det vanligt att k\u00e4nna en intensiv och pl\u00e5gsam k\u00e4nsla av f\u00f6rest\u00e5ende underg\u00e5ng.<\/p>\n\n<h3 class=\"wp-block-heading\">F\u00f6rnimmelser av fara<\/h3>\n\n<p>Varje f\u00f6rnimmelse som p\u00e5minner en om attacken kan utl\u00f6sa samma intensiva r\u00e4dsla. \u00c4ven om personen \u00e4r i s\u00e4kerhet kan den k\u00e4nna akut fara, till och med att d\u00f6den, vilket kan \u00e5tertraumatisera dem.<\/p>\n\n<h3 class=\"wp-block-heading\">Behandlingsfaser<\/h3>\n\n<p>Terapi f\u00f6r att behandla \u00e5ngestattack eller panik\u00e5ngest \u00e4r uppdelad i tv\u00e5 faser.<\/p>\n\n<h4 class=\"wp-block-heading\">F\u00f6rsta fasen: Minska traumatiska effekter<\/h4>\n\n<p>Den f\u00f6rsta fasen b\u00f6r g\u00f6ras s\u00e5 snart som m\u00f6jligt efter \u00e5ngestattacken. Dess m\u00e5l \u00e4r att minska de traumatiska effekterna av attacken och \u00e5terst\u00e4lla normaliteten i patientens liv. Detta uppn\u00e5s med olika psykoterapeutiska tekniker, b\u00e5de kognitiva, analytiska och symptomatologiska.<\/p>\n\n<h4 class=\"wp-block-heading\">Andra fasen: L\u00f6sning av djupa konflikter<\/h4>\n\n<p>Den andra fasen b\u00f6rjar n\u00e4r patienten har \u00e5terg\u00e5tt mer eller mindre till det normala, med lindrigare symtom, och har \u00e5terf\u00e5tt en viss trygghet. D\u00e5 arbetar vi f\u00f6r att l\u00f6sa de djupa konflikter som har lett personen till den h\u00e4r situationen, ett stresstillst\u00e5ndet s\u00e5 starkt att personens k\u00e4nslom\u00e4ssiga f\u00f6rsvar har brutits. I denna fas till\u00e4mpas djupare terapitekniker, fr\u00e5n en kortvarig psykoterapi, det vill s\u00e4ga att det handlar om detta specifika problem, eller djup psykoterapi, vars m\u00e5l \u00e4r en djup och best\u00e5ende strukturell f\u00f6r\u00e4ndring av personligheten.<\/p>\n","protected":false},"excerpt":{"rendered":"<p>Sedan barndomen har vi byggt f\u00f6rsvar f\u00f6r att kunna anpassa oss till v\u00e5r milj\u00f6. Med dessa f\u00f6rsvar kan vi uppn\u00e5 en livsviktig balans som g\u00f6r att vi kan g\u00e5 fram\u00e5t och leva det liv vi vill eller m\u00e5ste leva. Det finns dock viktiga faktorer som kan bryta denna balans, bryta v\u00e5r defensiva struktur och l\u00e4mna oss totalt utsatta. Ett av symptomen p\u00e5 att det har h\u00e4nt \u00e4r n\u00e4r vi f\u00e5r en \u00e5ngestattack.<\/p>\n","protected":false},"featured_media":675,"template":"","class_list":["post-947","trastornos","type-trastornos","status-publish","has-post-thumbnail","hentry"],"yoast_head":"<!-- This site is optimized with the Yoast SEO plugin v22.6 - https:\/\/yoast.com\/wordpress\/plugins\/seo\/ -->\n<title>\u00c5ngest\/paniksyndrom - David Trotzig<\/title>\n<meta name=\"description\" content=\"\u00c5terst\u00e4lla den k\u00e4nslom\u00e4ssiga balansen och l\u00f6sa djupa konflikter efter en \u00e5ngest eller panikattack. Uppt\u00e4cka hur en tv\u00e5fas psykologisk terapi tar itu med de traumatiska effekterna av en \u00e5ngestattack, \u00e5terst\u00e4ller emotionell stabilitet och l\u00f6ser djupa konflikter f\u00f6r att fr\u00e4mja varaktig personlighetsf\u00f6r\u00e4ndring.\" \/>\n<meta name=\"robots\" content=\"index, follow, max-snippet:-1, max-image-preview:large, max-video-preview:-1\" \/>\n<link rel=\"canonical\" href=\"https:\/\/davidtrotzig.com\/sv\/problem-storningar\/angest-paniksyndrom\/\" \/>\n<meta property=\"og:locale\" content=\"sv_SE\" \/>\n<meta property=\"og:type\" content=\"article\" \/>\n<meta property=\"og:title\" content=\"\u00c5ngest\/paniksyndrom - David Trotzig\" \/>\n<meta property=\"og:description\" content=\"\u00c5terst\u00e4lla den k\u00e4nslom\u00e4ssiga balansen och l\u00f6sa djupa konflikter efter en \u00e5ngest eller panikattack. Uppt\u00e4cka hur en tv\u00e5fas psykologisk terapi tar itu med de traumatiska effekterna av en \u00e5ngestattack, \u00e5terst\u00e4ller emotionell stabilitet och l\u00f6ser djupa konflikter f\u00f6r att fr\u00e4mja varaktig personlighetsf\u00f6r\u00e4ndring.\" \/>\n<meta property=\"og:url\" content=\"https:\/\/davidtrotzig.com\/sv\/problem-storningar\/angest-paniksyndrom\/\" \/>\n<meta property=\"og:site_name\" content=\"David Trotzig\" \/>\n<meta property=\"article:modified_time\" content=\"2024-06-21T11:24:29+00:00\" \/>\n<meta property=\"og:image\" content=\"https:\/\/davidtrotzig.com\/wp-content\/uploads\/2024\/03\/david-trotzig_trastornos-ansiedad-panico.jpeg\" \/>\n\t<meta property=\"og:image:width\" content=\"539\" \/>\n\t<meta property=\"og:image:height\" content=\"495\" \/>\n\t<meta property=\"og:image:type\" content=\"image\/jpeg\" \/>\n<meta name=\"twitter:card\" content=\"summary_large_image\" \/>\n<meta name=\"twitter:label1\" content=\"Ber\u00e4knad l\u00e4stid\" \/>\n\t<meta name=\"twitter:data1\" content=\"2 minuter\" \/>\n<script type=\"application\/ld+json\" class=\"yoast-schema-graph\">{\"@context\":\"https:\/\/schema.org\",\"@graph\":[{\"@type\":\"WebPage\",\"@id\":\"https:\/\/davidtrotzig.com\/sv\/problem-storningar\/angest-paniksyndrom\/\",\"url\":\"https:\/\/davidtrotzig.com\/sv\/problem-storningar\/angest-paniksyndrom\/\",\"name\":\"\u00c5ngest\/paniksyndrom - David Trotzig\",\"isPartOf\":{\"@id\":\"https:\/\/davidtrotzig.com\/sv\/#website\"},\"primaryImageOfPage\":{\"@id\":\"https:\/\/davidtrotzig.com\/sv\/problem-storningar\/angest-paniksyndrom\/#primaryimage\"},\"image\":{\"@id\":\"https:\/\/davidtrotzig.com\/sv\/problem-storningar\/angest-paniksyndrom\/#primaryimage\"},\"thumbnailUrl\":\"https:\/\/davidtrotzig.com\/wp-content\/uploads\/2024\/03\/david-trotzig_trastornos-ansiedad-panico.jpeg\",\"datePublished\":\"2024-03-05T15:01:08+00:00\",\"dateModified\":\"2024-06-21T11:24:29+00:00\",\"description\":\"\u00c5terst\u00e4lla den k\u00e4nslom\u00e4ssiga balansen och l\u00f6sa djupa konflikter efter en \u00e5ngest eller panikattack. Uppt\u00e4cka hur en tv\u00e5fas psykologisk terapi tar itu med de traumatiska effekterna av en \u00e5ngestattack, \u00e5terst\u00e4ller emotionell stabilitet och l\u00f6ser djupa konflikter f\u00f6r att fr\u00e4mja varaktig personlighetsf\u00f6r\u00e4ndring.\",\"breadcrumb\":{\"@id\":\"https:\/\/davidtrotzig.com\/sv\/problem-storningar\/angest-paniksyndrom\/#breadcrumb\"},\"inLanguage\":\"sv-SE\",\"potentialAction\":[{\"@type\":\"ReadAction\",\"target\":[\"https:\/\/davidtrotzig.com\/sv\/problem-storningar\/angest-paniksyndrom\/\"]}]},{\"@type\":\"ImageObject\",\"inLanguage\":\"sv-SE\",\"@id\":\"https:\/\/davidtrotzig.com\/sv\/problem-storningar\/angest-paniksyndrom\/#primaryimage\",\"url\":\"https:\/\/davidtrotzig.com\/wp-content\/uploads\/2024\/03\/david-trotzig_trastornos-ansiedad-panico.jpeg\",\"contentUrl\":\"https:\/\/davidtrotzig.com\/wp-content\/uploads\/2024\/03\/david-trotzig_trastornos-ansiedad-panico.jpeg\",\"width\":539,\"height\":495},{\"@type\":\"BreadcrumbList\",\"@id\":\"https:\/\/davidtrotzig.com\/sv\/problem-storningar\/angest-paniksyndrom\/#breadcrumb\",\"itemListElement\":[{\"@type\":\"ListItem\",\"position\":1,\"name\":\"Portada\",\"item\":\"https:\/\/davidtrotzig.com\/sv\/\"},{\"@type\":\"ListItem\",\"position\":2,\"name\":\"St\u00f6rningar\",\"item\":\"https:\/\/davidtrotzig.com\/sv\/problem-storningar\/\"},{\"@type\":\"ListItem\",\"position\":3,\"name\":\"\u00c5ngest\/paniksyndrom\"}]},{\"@type\":\"WebSite\",\"@id\":\"https:\/\/davidtrotzig.com\/sv\/#website\",\"url\":\"https:\/\/davidtrotzig.com\/sv\/\",\"name\":\"David Trotzig\",\"description\":\"Psicoterapeuta especializado en terapia del trauma y terapia psicocorporal\",\"potentialAction\":[{\"@type\":\"SearchAction\",\"target\":{\"@type\":\"EntryPoint\",\"urlTemplate\":\"https:\/\/davidtrotzig.com\/sv\/?s={search_term_string}\"},\"query-input\":\"required name=search_term_string\"}],\"inLanguage\":\"sv-SE\"}]}<\/script>\n<!-- \/ Yoast SEO plugin. -->","yoast_head_json":{"title":"\u00c5ngest\/paniksyndrom - David Trotzig","description":"\u00c5terst\u00e4lla den k\u00e4nslom\u00e4ssiga balansen och l\u00f6sa djupa konflikter efter en \u00e5ngest eller panikattack. Uppt\u00e4cka hur en tv\u00e5fas psykologisk terapi tar itu med de traumatiska effekterna av en \u00e5ngestattack, \u00e5terst\u00e4ller emotionell stabilitet och l\u00f6ser djupa konflikter f\u00f6r att fr\u00e4mja varaktig personlighetsf\u00f6r\u00e4ndring.","robots":{"index":"index","follow":"follow","max-snippet":"max-snippet:-1","max-image-preview":"max-image-preview:large","max-video-preview":"max-video-preview:-1"},"canonical":"https:\/\/davidtrotzig.com\/sv\/problem-storningar\/angest-paniksyndrom\/","og_locale":"sv_SE","og_type":"article","og_title":"\u00c5ngest\/paniksyndrom - David Trotzig","og_description":"\u00c5terst\u00e4lla den k\u00e4nslom\u00e4ssiga balansen och l\u00f6sa djupa konflikter efter en \u00e5ngest eller panikattack. Uppt\u00e4cka hur en tv\u00e5fas psykologisk terapi tar itu med de traumatiska effekterna av en \u00e5ngestattack, \u00e5terst\u00e4ller emotionell stabilitet och l\u00f6ser djupa konflikter f\u00f6r att fr\u00e4mja varaktig personlighetsf\u00f6r\u00e4ndring.","og_url":"https:\/\/davidtrotzig.com\/sv\/problem-storningar\/angest-paniksyndrom\/","og_site_name":"David Trotzig","article_modified_time":"2024-06-21T11:24:29+00:00","og_image":[{"width":539,"height":495,"url":"https:\/\/davidtrotzig.com\/wp-content\/uploads\/2024\/03\/david-trotzig_trastornos-ansiedad-panico.jpeg","type":"image\/jpeg"}],"twitter_card":"summary_large_image","twitter_misc":{"Ber\u00e4knad l\u00e4stid":"2 minuter"},"schema":{"@context":"https:\/\/schema.org","@graph":[{"@type":"WebPage","@id":"https:\/\/davidtrotzig.com\/sv\/problem-storningar\/angest-paniksyndrom\/","url":"https:\/\/davidtrotzig.com\/sv\/problem-storningar\/angest-paniksyndrom\/","name":"\u00c5ngest\/paniksyndrom - David Trotzig","isPartOf":{"@id":"https:\/\/davidtrotzig.com\/sv\/#website"},"primaryImageOfPage":{"@id":"https:\/\/davidtrotzig.com\/sv\/problem-storningar\/angest-paniksyndrom\/#primaryimage"},"image":{"@id":"https:\/\/davidtrotzig.com\/sv\/problem-storningar\/angest-paniksyndrom\/#primaryimage"},"thumbnailUrl":"https:\/\/davidtrotzig.com\/wp-content\/uploads\/2024\/03\/david-trotzig_trastornos-ansiedad-panico.jpeg","datePublished":"2024-03-05T15:01:08+00:00","dateModified":"2024-06-21T11:24:29+00:00","description":"\u00c5terst\u00e4lla den k\u00e4nslom\u00e4ssiga balansen och l\u00f6sa djupa konflikter efter en \u00e5ngest eller panikattack. Uppt\u00e4cka hur en tv\u00e5fas psykologisk terapi tar itu med de traumatiska effekterna av en \u00e5ngestattack, \u00e5terst\u00e4ller emotionell stabilitet och l\u00f6ser djupa konflikter f\u00f6r att fr\u00e4mja varaktig personlighetsf\u00f6r\u00e4ndring.","breadcrumb":{"@id":"https:\/\/davidtrotzig.com\/sv\/problem-storningar\/angest-paniksyndrom\/#breadcrumb"},"inLanguage":"sv-SE","potentialAction":[{"@type":"ReadAction","target":["https:\/\/davidtrotzig.com\/sv\/problem-storningar\/angest-paniksyndrom\/"]}]},{"@type":"ImageObject","inLanguage":"sv-SE","@id":"https:\/\/davidtrotzig.com\/sv\/problem-storningar\/angest-paniksyndrom\/#primaryimage","url":"https:\/\/davidtrotzig.com\/wp-content\/uploads\/2024\/03\/david-trotzig_trastornos-ansiedad-panico.jpeg","contentUrl":"https:\/\/davidtrotzig.com\/wp-content\/uploads\/2024\/03\/david-trotzig_trastornos-ansiedad-panico.jpeg","width":539,"height":495},{"@type":"BreadcrumbList","@id":"https:\/\/davidtrotzig.com\/sv\/problem-storningar\/angest-paniksyndrom\/#breadcrumb","itemListElement":[{"@type":"ListItem","position":1,"name":"Portada","item":"https:\/\/davidtrotzig.com\/sv\/"},{"@type":"ListItem","position":2,"name":"St\u00f6rningar","item":"https:\/\/davidtrotzig.com\/sv\/problem-storningar\/"},{"@type":"ListItem","position":3,"name":"\u00c5ngest\/paniksyndrom"}]},{"@type":"WebSite","@id":"https:\/\/davidtrotzig.com\/sv\/#website","url":"https:\/\/davidtrotzig.com\/sv\/","name":"David Trotzig","description":"Psicoterapeuta especializado en terapia del trauma y terapia psicocorporal","potentialAction":[{"@type":"SearchAction","target":{"@type":"EntryPoint","urlTemplate":"https:\/\/davidtrotzig.com\/sv\/?s={search_term_string}"},"query-input":"required name=search_term_string"}],"inLanguage":"sv-SE"}]}},"_links":{"self":[{"href":"https:\/\/davidtrotzig.com\/sv\/wp-json\/wp\/v2\/trastornos\/947","targetHints":{"allow":["GET"]}}],"collection":[{"href":"https:\/\/davidtrotzig.com\/sv\/wp-json\/wp\/v2\/trastornos"}],"about":[{"href":"https:\/\/davidtrotzig.com\/sv\/wp-json\/wp\/v2\/types\/trastornos"}],"wp:featuredmedia":[{"embeddable":true,"href":"https:\/\/davidtrotzig.com\/sv\/wp-json\/wp\/v2\/media\/675"}],"wp:attachment":[{"href":"https:\/\/davidtrotzig.com\/sv\/wp-json\/wp\/v2\/media?parent=947"}],"curies":[{"name":"wp","href":"https:\/\/api.w.org\/{rel}","templated":true}]}}